{"id":6744,"date":"2024-11-13T16:34:52","date_gmt":"2024-11-13T15:34:52","guid":{"rendered":"https:\/\/www.demenzkongress.com\/programm-2025\/das-ethikkonsil\/"},"modified":"2025-02-25T16:05:51","modified_gmt":"2025-02-25T15:05:51","slug":"das-ethikkonsil","status":"publish","type":"page","link":"https:\/\/www.demenzkongress.com\/sl\/programm-2025\/das-ethikkonsil\/","title":{"rendered":"Eti\u010dni konzil (J. Wallner)"},"content":{"rendered":"<div class=\"bt_rc_container\"><section id=\"bt_section69f5bf284efcc\" data-parallax=\"0.1\" data-parallax-offset=\"0\" class=\"boldSection topExtraSpaced bottomSpaced btDarkSkin gutter btBottomVertical btParallax wBackground cover\" style=\"background-image:url('https:\/\/www.demenzkongress.com\/wp-content\/uploads\/2024\/11\/Alpen-Adria-Demenzkongress-2025-Weiterbildungen-Pflege-Aerzte.jpg');\"><div class=\"port\"><div class=\"boldCell\"><div class=\"boldCellInner\"><div class=\"boldRow \" ><div class=\"boldRowInner\"><div class=\"rowItem col-md-12 col-ms-12  btTextLeft inherit\"  data-width=\"12\"><div class=\"rowItemContent\" ><header class=\"header btClear large btDash bottomDash\" ><div class=\"btSuperTitle\">CONGRESS CENTER VILLACH<\/div><div class=\"dash\"><h2><span class=\"headline\"><b class=\"animate\">2<\/b> dni \/ <b class=\"animate\">21<\/b> predavanj \/ <b class=\"animate\">8<\/b> delavnic\r<br>Vrhunski govorci s podro\u010dja medicine,\r<br>nege in dru\u017ebe<\/span><\/h2><\/div><div class=\"btSubTitle\">28. &amp; 29. M\u00e4rz 2025<\/div><\/header><\/div><\/div><\/div><\/div><\/div><\/div><\/div><\/section><section id=\"bt_section69f5bf284f4ec\"  class=\"boldSection topSpaced bottomSpaced gutter inherit\" ><div class=\"port\"><div class=\"boldCell\"><div class=\"boldCellInner\"><div class=\"boldRow \" ><div class=\"boldRowInner\"><div class=\"rowItem col-md-2  col-sm-4 col-ms-12 btTextLeft animate animate-fadein inherit\"  data-width=\"2\"><div class=\"rowItemContent\" ><div class=\"btIconImageRow\" ><div class=\"bpgPhoto  btCircleImage\" ><div class=\"btImage\"><img decoding=\"async\" src=\"https:\/\/www.demenzkongress.com\/wp-content\/uploads\/2024\/11\/Foto-WallnerJuergen-1-320x320.jpg\" alt=\"https:\/\/www.demenzkongress.com\/wp-content\/uploads\/2024\/11\/Foto-WallnerJuergen-1-320x320.jpg\"><\/div><\/div><\/div><\/div><\/div><div class=\"rowItem col-md-8 col-ms-12 btTextLeft inherit\"  data-width=\"8\"><div class=\"rowItemContent\" ><header class=\"header btClear extralarge btDash bottomDash\" ><div class=\"dash\"><h1><span class=\"headline\">J\u00fcrgen <b class=\"animate\">Wallner<\/b><\/span><\/h1><\/div><\/header><div class=\"btClear btSeparator topSmallSpaced noBorder\" ><hr><\/div><header class=\"header btClear small btDash bottomDash\" ><div class=\"dash\"><h4><span class=\"headline\">Eti\u010dni konzil <\/span><\/h4><\/div><\/header><div class=\"btClear btSeparator topSemiSpaced noBorder\" ><hr><\/div><div class=\"btText\" ><p data-start=\"34\" data-end=\"382\">Zdravstvena obravnava in oskrba oseb z demenco pogosto privedeta do <strong data-start=\"102\" data-end=\"131\">eti\u010dno zahtevnih situacij<\/strong>. To lahko vklju\u010duje <strong data-start=\"152\" data-end=\"189\">konkretne medicinske intervencije<\/strong> v akutni oskrbi (npr. prehranska podpora, antibioti\u010dno zdravljenje) ali <strong data-start=\"262\" data-end=\"311\">vsakodnevne negovalne in oskrbovalne postopke<\/strong> v dolgotrajni oskrbi (npr. vedenje, ki ogro\u017ea osebo samo ali druge).<\/p>\n<p data-start=\"384\" data-end=\"675\">Ve\u010dino teh situacij lahko strokovnjaki re\u0161ujejo s pomo\u010djo <strong data-start=\"442\" data-end=\"478\">svoje poklicne eti\u010dne kompetence<\/strong>. V nekaterih primerih pa je koristno poiskati dodatno podporo. <strong data-start=\"542\" data-end=\"601\">Eti\u010dno svetovanje pri konkretnih primerih (Ethikkonsil)<\/strong> je danes <strong data-start=\"611\" data-end=\"645\">mednarodno uveljavljen pristop<\/strong> za re\u0161evanje tak\u0161nih dilem.<\/p>\n<p data-start=\"677\" data-end=\"733\">Predavanje bo s primeri iz podro\u010dja demence pojasnilo:<\/p>\n<ul data-start=\"734\" data-end=\"871\" data-is-last-node=\"\" data-is-only-node=\"\">\n<li data-start=\"734\" data-end=\"768\">Kako poteka <strong data-start=\"748\" data-end=\"765\">eti\u010dni konzil<\/strong>,<\/li>\n<li data-start=\"769\" data-end=\"808\">Kak\u0161no <strong data-start=\"778\" data-end=\"797\">dodano vrednost<\/strong> prina\u0161a,<\/li>\n<li data-start=\"809\" data-end=\"871\" data-is-last-node=\"\">Katere <strong data-start=\"818\" data-end=\"842\">kakovostne standarde<\/strong> je treba pri tem upo\u0161tevati.<\/li>\n<\/ul>\n<\/div><\/div><\/div><div class=\"rowItem col-md-2  col-sm-4 col-ms-12 btTextLeft animate animate-fadein animate-moveup inherit\"  data-width=\"2\"><div class=\"rowItemContent\" ><\/div><\/div><\/div><\/div><\/div><\/div><\/div><\/section><\/div>","protected":false},"excerpt":{"rendered":"","protected":false},"author":1,"featured_media":0,"parent":6397,"menu_order":0,"comment_status":"closed","ping_status":"closed","template":"","meta":{"footnotes":""},"class_list":["post-6744","page","type-page","status-publish","hentry"],"yoast_head":"<!-- This site is optimized with the Yoast SEO plugin v26.8 - https:\/\/yoast.com\/product\/yoast-seo-wordpress\/ -->\n<title>Eti\u010dni konzil (J. Wallner) - Alpen Adria Demenzkongress<\/title>\n<meta name=\"robots\" content=\"index, follow, max-snippet:-1, max-image-preview:large, max-video-preview:-1\" \/>\n<link rel=\"canonical\" href=\"https:\/\/www.demenzkongress.com\/sl\/programm-2025\/das-ethikkonsil\/\" \/>\n<meta property=\"og:locale\" content=\"sl_SI\" \/>\n<meta property=\"og:type\" content=\"article\" \/>\n<meta property=\"og:title\" content=\"Eti\u010dni konzil (J. Wallner) - Alpen Adria Demenzkongress\" \/>\n<meta property=\"og:url\" content=\"https:\/\/www.demenzkongress.com\/sl\/programm-2025\/das-ethikkonsil\/\" \/>\n<meta property=\"og:site_name\" content=\"Alpen Adria Demenzkongress\" \/>\n<meta property=\"article:modified_time\" content=\"2025-02-25T15:05:51+00:00\" \/>\n<meta name=\"twitter:card\" content=\"summary_large_image\" \/>\n<meta name=\"twitter:label1\" content=\"Est. reading time\" \/>\n\t<meta name=\"twitter:data1\" content=\"2 minuti\" \/>\n<script type=\"application\/ld+json\" class=\"yoast-schema-graph\">{\"@context\":\"https:\/\/schema.org\",\"@graph\":[{\"@type\":\"WebPage\",\"@id\":\"https:\/\/www.demenzkongress.com\/sl\/programm-2025\/das-ethikkonsil\/\",\"url\":\"https:\/\/www.demenzkongress.com\/sl\/programm-2025\/das-ethikkonsil\/\",\"name\":\"Eti\u010dni konzil (J. Wallner) - Alpen Adria Demenzkongress\",\"isPartOf\":{\"@id\":\"https:\/\/www.demenzkongress.com\/sl\/#website\"},\"datePublished\":\"2024-11-13T15:34:52+00:00\",\"dateModified\":\"2025-02-25T15:05:51+00:00\",\"breadcrumb\":{\"@id\":\"https:\/\/www.demenzkongress.com\/sl\/programm-2025\/das-ethikkonsil\/#breadcrumb\"},\"inLanguage\":\"sl-SI\",\"potentialAction\":[{\"@type\":\"ReadAction\",\"target\":[\"https:\/\/www.demenzkongress.com\/sl\/programm-2025\/das-ethikkonsil\/\"]}]},{\"@type\":\"BreadcrumbList\",\"@id\":\"https:\/\/www.demenzkongress.com\/sl\/programm-2025\/das-ethikkonsil\/#breadcrumb\",\"itemListElement\":[{\"@type\":\"ListItem\",\"position\":1,\"name\":\"Home\",\"item\":\"https:\/\/www.demenzkongress.com\/sl\/\"},{\"@type\":\"ListItem\",\"position\":2,\"name\":\"Program 2025\",\"item\":\"https:\/\/www.demenzkongress.com\/sl\/programm-2025\/\"},{\"@type\":\"ListItem\",\"position\":3,\"name\":\"Eti\u010dni konzil (J. Wallner)\"}]},{\"@type\":\"WebSite\",\"@id\":\"https:\/\/www.demenzkongress.com\/sl\/#website\",\"url\":\"https:\/\/www.demenzkongress.com\/sl\/\",\"name\":\"Alpen Adria Demenzkongress\",\"description\":\"\",\"publisher\":{\"@id\":\"https:\/\/www.demenzkongress.com\/sl\/#organization\"},\"potentialAction\":[{\"@type\":\"SearchAction\",\"target\":{\"@type\":\"EntryPoint\",\"urlTemplate\":\"https:\/\/www.demenzkongress.com\/sl\/?s={search_term_string}\"},\"query-input\":{\"@type\":\"PropertyValueSpecification\",\"valueRequired\":true,\"valueName\":\"search_term_string\"}}],\"inLanguage\":\"sl-SI\"},{\"@type\":\"Organization\",\"@id\":\"https:\/\/www.demenzkongress.com\/sl\/#organization\",\"name\":\"Alpen Adria Demenkongress\",\"url\":\"https:\/\/www.demenzkongress.com\/sl\/\",\"logo\":{\"@type\":\"ImageObject\",\"inLanguage\":\"sl-SI\",\"@id\":\"https:\/\/www.demenzkongress.com\/sl\/#\/schema\/logo\/image\/\",\"url\":\"https:\/\/www.demenzkongress.com\/wp-content\/uploads\/2018\/07\/tickera_logo.png\",\"contentUrl\":\"https:\/\/www.demenzkongress.com\/wp-content\/uploads\/2018\/07\/tickera_logo.png\",\"width\":392,\"height\":88,\"caption\":\"Alpen Adria Demenkongress\"},\"image\":{\"@id\":\"https:\/\/www.demenzkongress.com\/sl\/#\/schema\/logo\/image\/\"}}]}<\/script>\n<!-- \/ Yoast SEO plugin. -->","yoast_head_json":{"title":"Eti\u010dni konzil (J. Wallner) - Alpen Adria Demenzkongress","robots":{"index":"index","follow":"follow","max-snippet":"max-snippet:-1","max-image-preview":"max-image-preview:large","max-video-preview":"max-video-preview:-1"},"canonical":"https:\/\/www.demenzkongress.com\/sl\/programm-2025\/das-ethikkonsil\/","og_locale":"sl_SI","og_type":"article","og_title":"Eti\u010dni konzil (J. Wallner) - Alpen Adria Demenzkongress","og_url":"https:\/\/www.demenzkongress.com\/sl\/programm-2025\/das-ethikkonsil\/","og_site_name":"Alpen Adria Demenzkongress","article_modified_time":"2025-02-25T15:05:51+00:00","twitter_card":"summary_large_image","twitter_misc":{"Est. reading time":"2 minuti"},"schema":{"@context":"https:\/\/schema.org","@graph":[{"@type":"WebPage","@id":"https:\/\/www.demenzkongress.com\/sl\/programm-2025\/das-ethikkonsil\/","url":"https:\/\/www.demenzkongress.com\/sl\/programm-2025\/das-ethikkonsil\/","name":"Eti\u010dni konzil (J. Wallner) - Alpen Adria Demenzkongress","isPartOf":{"@id":"https:\/\/www.demenzkongress.com\/sl\/#website"},"datePublished":"2024-11-13T15:34:52+00:00","dateModified":"2025-02-25T15:05:51+00:00","breadcrumb":{"@id":"https:\/\/www.demenzkongress.com\/sl\/programm-2025\/das-ethikkonsil\/#breadcrumb"},"inLanguage":"sl-SI","potentialAction":[{"@type":"ReadAction","target":["https:\/\/www.demenzkongress.com\/sl\/programm-2025\/das-ethikkonsil\/"]}]},{"@type":"BreadcrumbList","@id":"https:\/\/www.demenzkongress.com\/sl\/programm-2025\/das-ethikkonsil\/#breadcrumb","itemListElement":[{"@type":"ListItem","position":1,"name":"Home","item":"https:\/\/www.demenzkongress.com\/sl\/"},{"@type":"ListItem","position":2,"name":"Program 2025","item":"https:\/\/www.demenzkongress.com\/sl\/programm-2025\/"},{"@type":"ListItem","position":3,"name":"Eti\u010dni konzil (J. Wallner)"}]},{"@type":"WebSite","@id":"https:\/\/www.demenzkongress.com\/sl\/#website","url":"https:\/\/www.demenzkongress.com\/sl\/","name":"Alpen Adria Demenzkongress","description":"","publisher":{"@id":"https:\/\/www.demenzkongress.com\/sl\/#organization"},"potentialAction":[{"@type":"SearchAction","target":{"@type":"EntryPoint","urlTemplate":"https:\/\/www.demenzkongress.com\/sl\/?s={search_term_string}"},"query-input":{"@type":"PropertyValueSpecification","valueRequired":true,"valueName":"search_term_string"}}],"inLanguage":"sl-SI"},{"@type":"Organization","@id":"https:\/\/www.demenzkongress.com\/sl\/#organization","name":"Alpen Adria Demenkongress","url":"https:\/\/www.demenzkongress.com\/sl\/","logo":{"@type":"ImageObject","inLanguage":"sl-SI","@id":"https:\/\/www.demenzkongress.com\/sl\/#\/schema\/logo\/image\/","url":"https:\/\/www.demenzkongress.com\/wp-content\/uploads\/2018\/07\/tickera_logo.png","contentUrl":"https:\/\/www.demenzkongress.com\/wp-content\/uploads\/2018\/07\/tickera_logo.png","width":392,"height":88,"caption":"Alpen Adria Demenkongress"},"image":{"@id":"https:\/\/www.demenzkongress.com\/sl\/#\/schema\/logo\/image\/"}}]}},"_links":{"self":[{"href":"https:\/\/www.demenzkongress.com\/sl\/wp-json\/wp\/v2\/pages\/6744","targetHints":{"allow":["GET"]}}],"collection":[{"href":"https:\/\/www.demenzkongress.com\/sl\/wp-json\/wp\/v2\/pages"}],"about":[{"href":"https:\/\/www.demenzkongress.com\/sl\/wp-json\/wp\/v2\/types\/page"}],"author":[{"embeddable":true,"href":"https:\/\/www.demenzkongress.com\/sl\/wp-json\/wp\/v2\/users\/1"}],"replies":[{"embeddable":true,"href":"https:\/\/www.demenzkongress.com\/sl\/wp-json\/wp\/v2\/comments?post=6744"}],"version-history":[{"count":2,"href":"https:\/\/www.demenzkongress.com\/sl\/wp-json\/wp\/v2\/pages\/6744\/revisions"}],"predecessor-version":[{"id":6765,"href":"https:\/\/www.demenzkongress.com\/sl\/wp-json\/wp\/v2\/pages\/6744\/revisions\/6765"}],"up":[{"embeddable":true,"href":"https:\/\/www.demenzkongress.com\/sl\/wp-json\/wp\/v2\/pages\/6397"}],"wp:attachment":[{"href":"https:\/\/www.demenzkongress.com\/sl\/wp-json\/wp\/v2\/media?parent=6744"}],"curies":[{"name":"wp","href":"https:\/\/api.w.org\/{rel}","templated":true}]}}