{"id":6735,"date":"2024-11-19T08:25:44","date_gmt":"2024-11-19T07:25:44","guid":{"rendered":"https:\/\/www.demenzkongress.com\/programm-2025\/demenz-eine-palliative-diagnose\/"},"modified":"2025-02-25T15:56:53","modified_gmt":"2025-02-25T14:56:53","slug":"demenz-eine-palliative-diagnose","status":"publish","type":"page","link":"https:\/\/www.demenzkongress.com\/sl\/programm-2025\/demenz-eine-palliative-diagnose\/","title":{"rendered":"Ali je demenca paliativna diagnoza? (G. Pinter)"},"content":{"rendered":"<div class=\"bt_rc_container\"><section id=\"bt_section69f4c86416075\" data-parallax=\"0.1\" data-parallax-offset=\"0\" class=\"boldSection topExtraSpaced bottomSpaced btDarkSkin gutter btBottomVertical btParallax wBackground cover\" style=\"background-image:url('https:\/\/www.demenzkongress.com\/wp-content\/uploads\/2024\/11\/Alpen-Adria-Demenzkongress-2025-Weiterbildungen-Pflege-Aerzte.jpg');\"><div class=\"port\"><div class=\"boldCell\"><div class=\"boldCellInner\"><div class=\"boldRow \" ><div class=\"boldRowInner\"><div class=\"rowItem col-md-12 col-ms-12  btTextLeft inherit\"  data-width=\"12\"><div class=\"rowItemContent\" ><header class=\"header btClear large btDash bottomDash\" ><div class=\"btSuperTitle\">CONGRESS CENTER VILLACH<\/div><div class=\"dash\"><h2><span class=\"headline\"><b class=\"animate\">2<\/b> dni \/ <b class=\"animate\">21<\/b> predavanj \/ <b class=\"animate\">8<\/b> delavnic\r<br>Vrhunski govorci s podro\u010dja medicine,\r<br>nege in dru\u017ebe<\/span><\/h2><\/div><div class=\"btSubTitle\">28. in 29. marec 2025<\/div><\/header><\/div><\/div><\/div><\/div><\/div><\/div><\/div><\/section><section id=\"bt_section69f4c864165b3\"  class=\"boldSection topSpaced bottomSpaced gutter inherit\" ><div class=\"port\"><div class=\"boldCell\"><div class=\"boldCellInner\"><div class=\"boldRow \" ><div class=\"boldRowInner\"><div class=\"rowItem col-md-2  col-sm-4 col-ms-12 btTextLeft animate animate-fadein inherit\"  data-width=\"2\"><div class=\"rowItemContent\" ><div class=\"btIconImageRow\" ><div class=\"bpgPhoto  btCircleImage\" ><div class=\"btImage\"><img decoding=\"async\" src=\"https:\/\/www.demenzkongress.com\/wp-content\/uploads\/2024\/11\/Pinter-Georg_Demezkongress-1-320x300.jpg\" alt=\"https:\/\/www.demenzkongress.com\/wp-content\/uploads\/2024\/11\/Pinter-Georg_Demezkongress-1-320x300.jpg\"><\/div><\/div><\/div><\/div><\/div><div class=\"rowItem col-md-8 col-ms-12 btTextLeft inherit\"  data-width=\"8\"><div class=\"rowItemContent\" ><header class=\"header btClear extralarge btDash bottomDash\" ><div class=\"dash\"><h1><span class=\"headline\">Georg <b class=\"animate\">Pinter<\/b><\/span><\/h1><\/div><\/header><div class=\"btClear btSeparator topSmallSpaced noBorder\" ><hr><\/div><header class=\"header btClear small btDash bottomDash\" ><div class=\"dash\"><h4><span class=\"headline\">Ali je demenca paliativna diagnoza?<\/span><\/h4><\/div><\/header><div class=\"btClear btSeparator topSemiSpaced noBorder\" ><hr><\/div><div class=\"btText\" ><article class=\"w-full text-token-text-primary focus-visible:outline-2 focus-visible:outline-offset-&#091;-4px&#093;\" dir=\"auto\" data-testid=\"conversation-turn-23\" data-scroll-anchor=\"true\">\n<div class=\"m-auto text-base py-&#091;18px&#093; px-6\">\n<div class=\"mx-auto flex flex-1 text-base gap-4 md:gap-5 lg:gap-6 md:max-w-3xl lg:max-w-&#091;40rem&#093; xl:max-w-&#091;48rem&#093;\">\n<div class=\"group\/conversation-turn relative flex w-full min-w-0 flex-col agent-turn @xs\/thread:px-0 @sm\/thread:px-1.5 @md\/thread:px-4\">\n<div class=\"flex-col gap-1 md:gap-3\">\n<div class=\"flex max-w-full flex-col flex-grow\">\n<div class=\"min-h-8 text-message relative flex w-full flex-col items-end gap-2 whitespace-normal break-words text-start &#091;.text-message+&amp;&#093;:mt-5\" dir=\"auto\" data-message-author-role=\"assistant\" data-message-id=\"f12bb222-4e2a-43f8-95de-85ce022120ac\" data-message-model-slug=\"gpt-4o\">\n<div class=\"flex w-full flex-col gap-1 empty:hidden first:pt-&#091;3px&#093;\">\n<div class=\"markdown prose w-full break-words dark:prose-invert light\">\n<p data-start=\"0\" data-end=\"193\"><strong data-start=\"0\" data-end=\"191\">Demenca Alzheimerjevega tipa je klini\u010dno opredeljena s postopnim upadanjem kognitivnih sposobnosti, pri \u010demer so mo\u010dno prizadeti spomin, psihomotori\u010dni zagon, u\u010denje in konceptualizacija.<\/strong><\/p>\n<p data-start=\"195\" data-end=\"483\">Poleg tega lahko pride tudi do <strong data-start=\"226\" data-end=\"253\">nevropsiholo\u0161kih motenj<\/strong>, kot so <strong data-start=\"262\" data-end=\"346\">oslabljen spomin, te\u017eave pri iskanju besed, afazi\u010dne govorne motnje in apraksija<\/strong>. Med <strong data-start=\"352\" data-end=\"382\">nekognitivnimi spremembami<\/strong> so \u0161e posebej pomembni <strong data-start=\"406\" data-end=\"480\">pomanjkanje volje, motnje spanja, psihomotori\u010dni nemir in depresivnost<\/strong>.<\/p>\n<p data-start=\"485\" data-end=\"1003\">Postavitev diagnoze demence je <strong data-start=\"516\" data-end=\"584\">\u010dustveno obremenjujo\u010d in pogosto \u017eivljenjsko spremenljiv dogodek<\/strong>, ki ne vpliva le na posameznika, temve\u010d tudi na njegovo <strong data-start=\"641\" data-end=\"661\">najbli\u017eje okolje<\/strong>. Diagnoza je pogosto povezana z <strong data-start=\"694\" data-end=\"735\">anksioznostjo, obupom in brezupnostjo<\/strong>, saj <strong data-start=\"741\" data-end=\"784\">kurativna terapija trenutno ni na voljo<\/strong>. Hkrati pa daje prizadetim <strong data-start=\"812\" data-end=\"881\">prilo\u017enost, da sprejmejo pomembne odlo\u010ditve za prihodnost bolezni<\/strong>, kot so <strong data-start=\"890\" data-end=\"1000\">dolo\u010ditev zaupanja vrednih oseb, opredelitev vnaprej izra\u017eene volje (npr. pacientova oporoka) in dedovanje<\/strong>.<\/p>\n<p data-start=\"1005\" data-end=\"1267\"><strong data-start=\"1005\" data-end=\"1084\">Zdravljenje demence mora biti multidimenzionalno in prilagojeno posamezniku<\/strong>. Poleg <strong data-start=\"1092\" data-end=\"1120\">medikamentoznih mo\u017enosti<\/strong> vklju\u010duje tudi <strong data-start=\"1136\" data-end=\"1231\">psiholo\u0161ko podporo, delovno terapijo, fizioterapijo, logopedsko obravnavo, zdravstveno nego<\/strong> in predvsem <strong data-start=\"1244\" data-end=\"1264\">socialno podporo<\/strong>.<\/p>\n<p data-start=\"1269\" data-end=\"1742\" data-is-last-node=\"\" data-is-only-node=\"\">Razumevanje demence presega <strong data-start=\"1297\" data-end=\"1327\">\u010disto biomedicinski proces<\/strong> in vklju\u010duje koncept <strong data-start=\"1349\" data-end=\"1379\">&#8220;osebi prilagojene oskrbe&#8221;<\/strong> (<em data-start=\"1381\" data-end=\"1403\">person-centered care<\/em>), ki ga je razvil <strong data-start=\"1422\" data-end=\"1437\">Tom Kitwood<\/strong>. To pomeni, da se pri razumevanju bolezni upo\u0161tevajo tudi <strong data-start=\"1496\" data-end=\"1538\">socialni, biografski in duhovni vidiki<\/strong>. Na\u010din, kako bolezen dojemamo in definiramo \u2013 ali jo vidimo zgolj skozi <strong data-start=\"1611\" data-end=\"1636\">prizmo primanjkljajev<\/strong> ali pa iz <strong data-start=\"1647\" data-end=\"1694\">perspektive preostalih sposobnosti in virov<\/strong> \u2013 bistveno vpliva na pristop do oseb z demenco.<\/p>\n<\/div>\n<\/div>\n<\/div>\n<\/div>\n<\/div>\n<\/div>\n<\/div>\n<\/div>\n<\/article>\n<\/div><\/div><\/div><div class=\"rowItem col-md-2  col-sm-4 col-ms-12 btTextLeft animate animate-fadein animate-moveup inherit\"  data-width=\"2\"><div class=\"rowItemContent\" ><\/div><\/div><\/div><\/div><\/div><\/div><\/div><\/section><\/div>","protected":false},"excerpt":{"rendered":"","protected":false},"author":8,"featured_media":0,"parent":6397,"menu_order":0,"comment_status":"closed","ping_status":"closed","template":"","meta":{"footnotes":""},"class_list":["post-6735","page","type-page","status-publish","hentry"],"yoast_head":"<!-- This site is optimized with the Yoast SEO plugin v26.8 - https:\/\/yoast.com\/product\/yoast-seo-wordpress\/ -->\n<title>Ali je demenca paliativna diagnoza? (G. Pinter) - Alpen Adria Demenzkongress<\/title>\n<meta name=\"robots\" content=\"index, follow, max-snippet:-1, max-image-preview:large, max-video-preview:-1\" \/>\n<link rel=\"canonical\" href=\"https:\/\/www.demenzkongress.com\/sl\/programm-2025\/demenz-eine-palliative-diagnose\/\" \/>\n<meta property=\"og:locale\" content=\"sl_SI\" \/>\n<meta property=\"og:type\" content=\"article\" \/>\n<meta property=\"og:title\" content=\"Ali je demenca paliativna diagnoza? (G. Pinter) - Alpen Adria Demenzkongress\" \/>\n<meta property=\"og:url\" content=\"https:\/\/www.demenzkongress.com\/sl\/programm-2025\/demenz-eine-palliative-diagnose\/\" \/>\n<meta property=\"og:site_name\" content=\"Alpen Adria Demenzkongress\" \/>\n<meta property=\"article:modified_time\" content=\"2025-02-25T14:56:53+00:00\" \/>\n<meta name=\"twitter:card\" content=\"summary_large_image\" \/>\n<meta name=\"twitter:label1\" content=\"Est. reading time\" \/>\n\t<meta name=\"twitter:data1\" content=\"3 minute\" \/>\n<script type=\"application\/ld+json\" class=\"yoast-schema-graph\">{\"@context\":\"https:\/\/schema.org\",\"@graph\":[{\"@type\":\"WebPage\",\"@id\":\"https:\/\/www.demenzkongress.com\/sl\/programm-2025\/demenz-eine-palliative-diagnose\/\",\"url\":\"https:\/\/www.demenzkongress.com\/sl\/programm-2025\/demenz-eine-palliative-diagnose\/\",\"name\":\"Ali je demenca paliativna diagnoza? (G. Pinter) - Alpen Adria Demenzkongress\",\"isPartOf\":{\"@id\":\"https:\/\/www.demenzkongress.com\/sl\/#website\"},\"datePublished\":\"2024-11-19T07:25:44+00:00\",\"dateModified\":\"2025-02-25T14:56:53+00:00\",\"breadcrumb\":{\"@id\":\"https:\/\/www.demenzkongress.com\/sl\/programm-2025\/demenz-eine-palliative-diagnose\/#breadcrumb\"},\"inLanguage\":\"sl-SI\",\"potentialAction\":[{\"@type\":\"ReadAction\",\"target\":[\"https:\/\/www.demenzkongress.com\/sl\/programm-2025\/demenz-eine-palliative-diagnose\/\"]}]},{\"@type\":\"BreadcrumbList\",\"@id\":\"https:\/\/www.demenzkongress.com\/sl\/programm-2025\/demenz-eine-palliative-diagnose\/#breadcrumb\",\"itemListElement\":[{\"@type\":\"ListItem\",\"position\":1,\"name\":\"Home\",\"item\":\"https:\/\/www.demenzkongress.com\/sl\/\"},{\"@type\":\"ListItem\",\"position\":2,\"name\":\"Program 2025\",\"item\":\"https:\/\/www.demenzkongress.com\/sl\/programm-2025\/\"},{\"@type\":\"ListItem\",\"position\":3,\"name\":\"Ali je demenca paliativna diagnoza? (G. Pinter)\"}]},{\"@type\":\"WebSite\",\"@id\":\"https:\/\/www.demenzkongress.com\/sl\/#website\",\"url\":\"https:\/\/www.demenzkongress.com\/sl\/\",\"name\":\"Alpen Adria Demenzkongress\",\"description\":\"\",\"publisher\":{\"@id\":\"https:\/\/www.demenzkongress.com\/sl\/#organization\"},\"potentialAction\":[{\"@type\":\"SearchAction\",\"target\":{\"@type\":\"EntryPoint\",\"urlTemplate\":\"https:\/\/www.demenzkongress.com\/sl\/?s={search_term_string}\"},\"query-input\":{\"@type\":\"PropertyValueSpecification\",\"valueRequired\":true,\"valueName\":\"search_term_string\"}}],\"inLanguage\":\"sl-SI\"},{\"@type\":\"Organization\",\"@id\":\"https:\/\/www.demenzkongress.com\/sl\/#organization\",\"name\":\"Alpen Adria Demenkongress\",\"url\":\"https:\/\/www.demenzkongress.com\/sl\/\",\"logo\":{\"@type\":\"ImageObject\",\"inLanguage\":\"sl-SI\",\"@id\":\"https:\/\/www.demenzkongress.com\/sl\/#\/schema\/logo\/image\/\",\"url\":\"https:\/\/www.demenzkongress.com\/wp-content\/uploads\/2018\/07\/tickera_logo.png\",\"contentUrl\":\"https:\/\/www.demenzkongress.com\/wp-content\/uploads\/2018\/07\/tickera_logo.png\",\"width\":392,\"height\":88,\"caption\":\"Alpen Adria Demenkongress\"},\"image\":{\"@id\":\"https:\/\/www.demenzkongress.com\/sl\/#\/schema\/logo\/image\/\"}}]}<\/script>\n<!-- \/ Yoast SEO plugin. -->","yoast_head_json":{"title":"Ali je demenca paliativna diagnoza? (G. Pinter) - Alpen Adria Demenzkongress","robots":{"index":"index","follow":"follow","max-snippet":"max-snippet:-1","max-image-preview":"max-image-preview:large","max-video-preview":"max-video-preview:-1"},"canonical":"https:\/\/www.demenzkongress.com\/sl\/programm-2025\/demenz-eine-palliative-diagnose\/","og_locale":"sl_SI","og_type":"article","og_title":"Ali je demenca paliativna diagnoza? (G. Pinter) - Alpen Adria Demenzkongress","og_url":"https:\/\/www.demenzkongress.com\/sl\/programm-2025\/demenz-eine-palliative-diagnose\/","og_site_name":"Alpen Adria Demenzkongress","article_modified_time":"2025-02-25T14:56:53+00:00","twitter_card":"summary_large_image","twitter_misc":{"Est. reading time":"3 minute"},"schema":{"@context":"https:\/\/schema.org","@graph":[{"@type":"WebPage","@id":"https:\/\/www.demenzkongress.com\/sl\/programm-2025\/demenz-eine-palliative-diagnose\/","url":"https:\/\/www.demenzkongress.com\/sl\/programm-2025\/demenz-eine-palliative-diagnose\/","name":"Ali je demenca paliativna diagnoza? (G. Pinter) - Alpen Adria Demenzkongress","isPartOf":{"@id":"https:\/\/www.demenzkongress.com\/sl\/#website"},"datePublished":"2024-11-19T07:25:44+00:00","dateModified":"2025-02-25T14:56:53+00:00","breadcrumb":{"@id":"https:\/\/www.demenzkongress.com\/sl\/programm-2025\/demenz-eine-palliative-diagnose\/#breadcrumb"},"inLanguage":"sl-SI","potentialAction":[{"@type":"ReadAction","target":["https:\/\/www.demenzkongress.com\/sl\/programm-2025\/demenz-eine-palliative-diagnose\/"]}]},{"@type":"BreadcrumbList","@id":"https:\/\/www.demenzkongress.com\/sl\/programm-2025\/demenz-eine-palliative-diagnose\/#breadcrumb","itemListElement":[{"@type":"ListItem","position":1,"name":"Home","item":"https:\/\/www.demenzkongress.com\/sl\/"},{"@type":"ListItem","position":2,"name":"Program 2025","item":"https:\/\/www.demenzkongress.com\/sl\/programm-2025\/"},{"@type":"ListItem","position":3,"name":"Ali je demenca paliativna diagnoza? (G. Pinter)"}]},{"@type":"WebSite","@id":"https:\/\/www.demenzkongress.com\/sl\/#website","url":"https:\/\/www.demenzkongress.com\/sl\/","name":"Alpen Adria Demenzkongress","description":"","publisher":{"@id":"https:\/\/www.demenzkongress.com\/sl\/#organization"},"potentialAction":[{"@type":"SearchAction","target":{"@type":"EntryPoint","urlTemplate":"https:\/\/www.demenzkongress.com\/sl\/?s={search_term_string}"},"query-input":{"@type":"PropertyValueSpecification","valueRequired":true,"valueName":"search_term_string"}}],"inLanguage":"sl-SI"},{"@type":"Organization","@id":"https:\/\/www.demenzkongress.com\/sl\/#organization","name":"Alpen Adria Demenkongress","url":"https:\/\/www.demenzkongress.com\/sl\/","logo":{"@type":"ImageObject","inLanguage":"sl-SI","@id":"https:\/\/www.demenzkongress.com\/sl\/#\/schema\/logo\/image\/","url":"https:\/\/www.demenzkongress.com\/wp-content\/uploads\/2018\/07\/tickera_logo.png","contentUrl":"https:\/\/www.demenzkongress.com\/wp-content\/uploads\/2018\/07\/tickera_logo.png","width":392,"height":88,"caption":"Alpen Adria Demenkongress"},"image":{"@id":"https:\/\/www.demenzkongress.com\/sl\/#\/schema\/logo\/image\/"}}]}},"_links":{"self":[{"href":"https:\/\/www.demenzkongress.com\/sl\/wp-json\/wp\/v2\/pages\/6735","targetHints":{"allow":["GET"]}}],"collection":[{"href":"https:\/\/www.demenzkongress.com\/sl\/wp-json\/wp\/v2\/pages"}],"about":[{"href":"https:\/\/www.demenzkongress.com\/sl\/wp-json\/wp\/v2\/types\/page"}],"author":[{"embeddable":true,"href":"https:\/\/www.demenzkongress.com\/sl\/wp-json\/wp\/v2\/users\/8"}],"replies":[{"embeddable":true,"href":"https:\/\/www.demenzkongress.com\/sl\/wp-json\/wp\/v2\/comments?post=6735"}],"version-history":[{"count":2,"href":"https:\/\/www.demenzkongress.com\/sl\/wp-json\/wp\/v2\/pages\/6735\/revisions"}],"predecessor-version":[{"id":6750,"href":"https:\/\/www.demenzkongress.com\/sl\/wp-json\/wp\/v2\/pages\/6735\/revisions\/6750"}],"up":[{"embeddable":true,"href":"https:\/\/www.demenzkongress.com\/sl\/wp-json\/wp\/v2\/pages\/6397"}],"wp:attachment":[{"href":"https:\/\/www.demenzkongress.com\/sl\/wp-json\/wp\/v2\/media?parent=6735"}],"curies":[{"name":"wp","href":"https:\/\/api.w.org\/{rel}","templated":true}]}}