{"id":6734,"date":"2024-11-19T08:43:07","date_gmt":"2024-11-19T07:43:07","guid":{"rendered":"https:\/\/www.demenzkongress.com\/programm-2025\/schmerztherapie-bei-menschen\/"},"modified":"2025-02-25T15:47:21","modified_gmt":"2025-02-25T14:47:21","slug":"schmerztherapie-bei-menschen","status":"publish","type":"page","link":"https:\/\/www.demenzkongress.com\/sl\/programm-2025\/schmerztherapie-bei-menschen\/","title":{"rendered":"Zdravljenje bole\u010dine pri osebi z demenco (R. Likar)"},"content":{"rendered":"<div class=\"bt_rc_container\"><section id=\"bt_section69f5198362b9e\" data-parallax=\"0.1\" data-parallax-offset=\"0\" class=\"boldSection topExtraSpaced bottomSpaced btDarkSkin gutter btBottomVertical btParallax wBackground cover\" style=\"background-image:url('https:\/\/www.demenzkongress.com\/wp-content\/uploads\/2024\/11\/Alpen-Adria-Demenzkongress-2025-Weiterbildungen-Pflege-Aerzte.jpg');\"><div class=\"port\"><div class=\"boldCell\"><div class=\"boldCellInner\"><div class=\"boldRow \" ><div class=\"boldRowInner\"><div class=\"rowItem col-md-12 col-ms-12  btTextLeft inherit\"  data-width=\"12\"><div class=\"rowItemContent\" ><header class=\"header btClear large btDash bottomDash\" ><div class=\"btSuperTitle\">CONGRESS CENTER VILLACH<\/div><div class=\"dash\"><h2><span class=\"headline\"><b class=\"animate\">2<\/b> dni \/ <b class=\"animate\">21<\/b> predavanj \/ <b class=\"animate\">8<\/b> delavnic\r<br>Vrhunski govorci s podro\u010dja medicine,\r<br>nege in dru\u017ebe<\/span><\/h2><\/div><div class=\"btSubTitle\">28. in 29. marec 2025<\/div><\/header><\/div><\/div><\/div><\/div><\/div><\/div><\/div><\/section><section id=\"bt_section69f5198363082\"  class=\"boldSection topSpaced bottomSpaced gutter inherit\" ><div class=\"port\"><div class=\"boldCell\"><div class=\"boldCellInner\"><div class=\"boldRow \" ><div class=\"boldRowInner\"><div class=\"rowItem col-md-2  col-sm-4 col-ms-12 btTextLeft animate animate-fadein inherit\"  data-width=\"2\"><div class=\"rowItemContent\" ><div class=\"btIconImageRow\" ><div class=\"bpgPhoto  btCircleImage\" ><div class=\"btImage\"><img decoding=\"async\" src=\"https:\/\/www.demenzkongress.com\/wp-content\/uploads\/2024\/11\/Rudolf-Likar_Demezkongress-320x321.jpg\" alt=\"https:\/\/www.demenzkongress.com\/wp-content\/uploads\/2024\/11\/Rudolf-Likar_Demezkongress-320x321.jpg\"><\/div><\/div><\/div><\/div><\/div><div class=\"rowItem col-md-8 col-ms-12 btTextLeft inherit\"  data-width=\"8\"><div class=\"rowItemContent\" ><header class=\"header btClear extralarge btDash bottomDash\" ><div class=\"dash\"><h1><span class=\"headline\">Rudolf <b class=\"animate\">Likar<\/b><\/span><\/h1><\/div><\/header><div class=\"btClear btSeparator topSmallSpaced noBorder\" ><hr><\/div><header class=\"header btClear small btDash bottomDash\" ><div class=\"dash\"><h4><span class=\"headline\">Zdravljenje bole\u010dine pri osebi z demenco<\/span><\/h4><\/div><\/header><div class=\"btClear btSeparator topSemiSpaced noBorder\" ><hr><\/div><div class=\"btText\" ><p data-start=\"0\" data-end=\"46\"><strong data-start=\"0\" data-end=\"44\">Zdravljenje bole\u010dine pri osebi z demenco<\/strong><\/p>\n<p data-start=\"48\" data-end=\"324\">Odvisno od stopnje demence bolniki bole\u010dine pogosto ne morejo ve\u010d verbalizirati, zato je treba <strong data-start=\"143\" data-end=\"170\">temeljiti na opazovanju<\/strong> okolice, na primer s pomo\u010djo <strong data-start=\"200\" data-end=\"220\">Doloplus-2-Short<\/strong>. Pri osebah z demenco je <strong data-start=\"246\" data-end=\"284\">nujno objektivno merjenje bole\u010dine<\/strong>, da se zagotovi ustrezno zdravljenje.<\/p>\n<p data-start=\"326\" data-end=\"637\" data-is-last-node=\"\" data-is-only-node=\"\">\u0160tevilne \u0161tudije ka\u017eejo, da so osebe z demenco na podro\u010dju <strong data-start=\"385\" data-end=\"437\">zdravljenja bole\u010dine \u0161e vedno premalo oskrbljene<\/strong>. Klju\u010dno je <strong data-start=\"450\" data-end=\"484\">pravo\u010dasno prepoznati bole\u010dino<\/strong> in bolnike zdraviti <strong data-start=\"505\" data-end=\"521\">multimodalno<\/strong> \u2013 ne samo z <strong data-start=\"534\" data-end=\"548\">analgetiki<\/strong>, temve\u010d tudi s <strong data-start=\"564\" data-end=\"636\">fizioterapijo, delovno terapijo in drugimi nemedikamentoznimi ukrepi<\/strong>.<\/p>\n<\/div><\/div><\/div><div class=\"rowItem col-md-2  col-sm-4 col-ms-12 btTextLeft animate animate-fadein animate-moveup inherit\"  data-width=\"2\"><div class=\"rowItemContent\" ><\/div><\/div><\/div><\/div><\/div><\/div><\/div><\/section><\/div>","protected":false},"excerpt":{"rendered":"","protected":false},"author":8,"featured_media":0,"parent":6397,"menu_order":0,"comment_status":"closed","ping_status":"closed","template":"","meta":{"footnotes":""},"class_list":["post-6734","page","type-page","status-publish","hentry"],"yoast_head":"<!-- This site is optimized with the Yoast SEO plugin v26.8 - https:\/\/yoast.com\/product\/yoast-seo-wordpress\/ -->\n<title>Zdravljenje bole\u010dine pri osebi z demenco (R. Likar) - Alpen Adria Demenzkongress<\/title>\n<meta name=\"robots\" content=\"index, follow, max-snippet:-1, max-image-preview:large, max-video-preview:-1\" \/>\n<link rel=\"canonical\" href=\"https:\/\/www.demenzkongress.com\/sl\/programm-2025\/schmerztherapie-bei-menschen\/\" \/>\n<meta property=\"og:locale\" content=\"sl_SI\" \/>\n<meta property=\"og:type\" content=\"article\" \/>\n<meta property=\"og:title\" content=\"Zdravljenje bole\u010dine pri osebi z demenco (R. Likar) - Alpen Adria Demenzkongress\" \/>\n<meta property=\"og:url\" content=\"https:\/\/www.demenzkongress.com\/sl\/programm-2025\/schmerztherapie-bei-menschen\/\" \/>\n<meta property=\"og:site_name\" content=\"Alpen Adria Demenzkongress\" \/>\n<meta property=\"article:modified_time\" content=\"2025-02-25T14:47:21+00:00\" \/>\n<meta name=\"twitter:card\" content=\"summary_large_image\" \/>\n<meta name=\"twitter:label1\" content=\"Est. reading time\" \/>\n\t<meta name=\"twitter:data1\" content=\"2 minuti\" \/>\n<script type=\"application\/ld+json\" class=\"yoast-schema-graph\">{\"@context\":\"https:\/\/schema.org\",\"@graph\":[{\"@type\":\"WebPage\",\"@id\":\"https:\/\/www.demenzkongress.com\/sl\/programm-2025\/schmerztherapie-bei-menschen\/\",\"url\":\"https:\/\/www.demenzkongress.com\/sl\/programm-2025\/schmerztherapie-bei-menschen\/\",\"name\":\"Zdravljenje bole\u010dine pri osebi z demenco (R. Likar) - Alpen Adria Demenzkongress\",\"isPartOf\":{\"@id\":\"https:\/\/www.demenzkongress.com\/sl\/#website\"},\"datePublished\":\"2024-11-19T07:43:07+00:00\",\"dateModified\":\"2025-02-25T14:47:21+00:00\",\"breadcrumb\":{\"@id\":\"https:\/\/www.demenzkongress.com\/sl\/programm-2025\/schmerztherapie-bei-menschen\/#breadcrumb\"},\"inLanguage\":\"sl-SI\",\"potentialAction\":[{\"@type\":\"ReadAction\",\"target\":[\"https:\/\/www.demenzkongress.com\/sl\/programm-2025\/schmerztherapie-bei-menschen\/\"]}]},{\"@type\":\"BreadcrumbList\",\"@id\":\"https:\/\/www.demenzkongress.com\/sl\/programm-2025\/schmerztherapie-bei-menschen\/#breadcrumb\",\"itemListElement\":[{\"@type\":\"ListItem\",\"position\":1,\"name\":\"Home\",\"item\":\"https:\/\/www.demenzkongress.com\/sl\/\"},{\"@type\":\"ListItem\",\"position\":2,\"name\":\"Program 2025\",\"item\":\"https:\/\/www.demenzkongress.com\/sl\/programm-2025\/\"},{\"@type\":\"ListItem\",\"position\":3,\"name\":\"Zdravljenje bole\u010dine pri osebi z demenco (R. Likar)\"}]},{\"@type\":\"WebSite\",\"@id\":\"https:\/\/www.demenzkongress.com\/sl\/#website\",\"url\":\"https:\/\/www.demenzkongress.com\/sl\/\",\"name\":\"Alpen Adria Demenzkongress\",\"description\":\"\",\"publisher\":{\"@id\":\"https:\/\/www.demenzkongress.com\/sl\/#organization\"},\"potentialAction\":[{\"@type\":\"SearchAction\",\"target\":{\"@type\":\"EntryPoint\",\"urlTemplate\":\"https:\/\/www.demenzkongress.com\/sl\/?s={search_term_string}\"},\"query-input\":{\"@type\":\"PropertyValueSpecification\",\"valueRequired\":true,\"valueName\":\"search_term_string\"}}],\"inLanguage\":\"sl-SI\"},{\"@type\":\"Organization\",\"@id\":\"https:\/\/www.demenzkongress.com\/sl\/#organization\",\"name\":\"Alpen Adria Demenkongress\",\"url\":\"https:\/\/www.demenzkongress.com\/sl\/\",\"logo\":{\"@type\":\"ImageObject\",\"inLanguage\":\"sl-SI\",\"@id\":\"https:\/\/www.demenzkongress.com\/sl\/#\/schema\/logo\/image\/\",\"url\":\"https:\/\/www.demenzkongress.com\/wp-content\/uploads\/2018\/07\/tickera_logo.png\",\"contentUrl\":\"https:\/\/www.demenzkongress.com\/wp-content\/uploads\/2018\/07\/tickera_logo.png\",\"width\":392,\"height\":88,\"caption\":\"Alpen Adria Demenkongress\"},\"image\":{\"@id\":\"https:\/\/www.demenzkongress.com\/sl\/#\/schema\/logo\/image\/\"}}]}<\/script>\n<!-- \/ Yoast SEO plugin. -->","yoast_head_json":{"title":"Zdravljenje bole\u010dine pri osebi z demenco (R. Likar) - Alpen Adria Demenzkongress","robots":{"index":"index","follow":"follow","max-snippet":"max-snippet:-1","max-image-preview":"max-image-preview:large","max-video-preview":"max-video-preview:-1"},"canonical":"https:\/\/www.demenzkongress.com\/sl\/programm-2025\/schmerztherapie-bei-menschen\/","og_locale":"sl_SI","og_type":"article","og_title":"Zdravljenje bole\u010dine pri osebi z demenco (R. Likar) - Alpen Adria Demenzkongress","og_url":"https:\/\/www.demenzkongress.com\/sl\/programm-2025\/schmerztherapie-bei-menschen\/","og_site_name":"Alpen Adria Demenzkongress","article_modified_time":"2025-02-25T14:47:21+00:00","twitter_card":"summary_large_image","twitter_misc":{"Est. reading time":"2 minuti"},"schema":{"@context":"https:\/\/schema.org","@graph":[{"@type":"WebPage","@id":"https:\/\/www.demenzkongress.com\/sl\/programm-2025\/schmerztherapie-bei-menschen\/","url":"https:\/\/www.demenzkongress.com\/sl\/programm-2025\/schmerztherapie-bei-menschen\/","name":"Zdravljenje bole\u010dine pri osebi z demenco (R. Likar) - Alpen Adria Demenzkongress","isPartOf":{"@id":"https:\/\/www.demenzkongress.com\/sl\/#website"},"datePublished":"2024-11-19T07:43:07+00:00","dateModified":"2025-02-25T14:47:21+00:00","breadcrumb":{"@id":"https:\/\/www.demenzkongress.com\/sl\/programm-2025\/schmerztherapie-bei-menschen\/#breadcrumb"},"inLanguage":"sl-SI","potentialAction":[{"@type":"ReadAction","target":["https:\/\/www.demenzkongress.com\/sl\/programm-2025\/schmerztherapie-bei-menschen\/"]}]},{"@type":"BreadcrumbList","@id":"https:\/\/www.demenzkongress.com\/sl\/programm-2025\/schmerztherapie-bei-menschen\/#breadcrumb","itemListElement":[{"@type":"ListItem","position":1,"name":"Home","item":"https:\/\/www.demenzkongress.com\/sl\/"},{"@type":"ListItem","position":2,"name":"Program 2025","item":"https:\/\/www.demenzkongress.com\/sl\/programm-2025\/"},{"@type":"ListItem","position":3,"name":"Zdravljenje bole\u010dine pri osebi z demenco (R. Likar)"}]},{"@type":"WebSite","@id":"https:\/\/www.demenzkongress.com\/sl\/#website","url":"https:\/\/www.demenzkongress.com\/sl\/","name":"Alpen Adria Demenzkongress","description":"","publisher":{"@id":"https:\/\/www.demenzkongress.com\/sl\/#organization"},"potentialAction":[{"@type":"SearchAction","target":{"@type":"EntryPoint","urlTemplate":"https:\/\/www.demenzkongress.com\/sl\/?s={search_term_string}"},"query-input":{"@type":"PropertyValueSpecification","valueRequired":true,"valueName":"search_term_string"}}],"inLanguage":"sl-SI"},{"@type":"Organization","@id":"https:\/\/www.demenzkongress.com\/sl\/#organization","name":"Alpen Adria Demenkongress","url":"https:\/\/www.demenzkongress.com\/sl\/","logo":{"@type":"ImageObject","inLanguage":"sl-SI","@id":"https:\/\/www.demenzkongress.com\/sl\/#\/schema\/logo\/image\/","url":"https:\/\/www.demenzkongress.com\/wp-content\/uploads\/2018\/07\/tickera_logo.png","contentUrl":"https:\/\/www.demenzkongress.com\/wp-content\/uploads\/2018\/07\/tickera_logo.png","width":392,"height":88,"caption":"Alpen Adria Demenkongress"},"image":{"@id":"https:\/\/www.demenzkongress.com\/sl\/#\/schema\/logo\/image\/"}}]}},"_links":{"self":[{"href":"https:\/\/www.demenzkongress.com\/sl\/wp-json\/wp\/v2\/pages\/6734","targetHints":{"allow":["GET"]}}],"collection":[{"href":"https:\/\/www.demenzkongress.com\/sl\/wp-json\/wp\/v2\/pages"}],"about":[{"href":"https:\/\/www.demenzkongress.com\/sl\/wp-json\/wp\/v2\/types\/page"}],"author":[{"embeddable":true,"href":"https:\/\/www.demenzkongress.com\/sl\/wp-json\/wp\/v2\/users\/8"}],"replies":[{"embeddable":true,"href":"https:\/\/www.demenzkongress.com\/sl\/wp-json\/wp\/v2\/comments?post=6734"}],"version-history":[{"count":2,"href":"https:\/\/www.demenzkongress.com\/sl\/wp-json\/wp\/v2\/pages\/6734\/revisions"}],"predecessor-version":[{"id":6748,"href":"https:\/\/www.demenzkongress.com\/sl\/wp-json\/wp\/v2\/pages\/6734\/revisions\/6748"}],"up":[{"embeddable":true,"href":"https:\/\/www.demenzkongress.com\/sl\/wp-json\/wp\/v2\/pages\/6397"}],"wp:attachment":[{"href":"https:\/\/www.demenzkongress.com\/sl\/wp-json\/wp\/v2\/media?parent=6734"}],"curies":[{"name":"wp","href":"https:\/\/api.w.org\/{rel}","templated":true}]}}