{"id":6370,"date":"2018-07-30T15:34:41","date_gmt":"2018-07-30T13:34:41","guid":{"rendered":"https:\/\/www.demenzkongress.com\/referenten-aerzte-2025\/bernhard-iglseder\/"},"modified":"2025-02-18T14:57:37","modified_gmt":"2025-02-18T13:57:37","slug":"bernhard-iglseder","status":"publish","type":"page","link":"https:\/\/www.demenzkongress.com\/sl\/referenten-aerzte-2025\/bernhard-iglseder\/","title":{"rendered":"Bernhard Iglseder"},"content":{"rendered":"<div class=\"bt_rc_container\"><section id=\"bt_section69f54296b8a92\" data-parallax=\"0.1\" data-parallax-offset=\"0\" class=\"boldSection topExtraSpaced bottomSpaced btDarkSkin gutter btBottomVertical btParallax wBackground cover\" style=\"background-image:url('https:\/\/www.demenzkongress.com\/wp-content\/uploads\/2024\/11\/Alpen-Adria-Demenzkongress-2025-Weiterbildungen-Pflege-Aerzte.jpg');\"><div class=\"port\"><div class=\"boldCell\"><div class=\"boldCellInner\"><div class=\"boldRow \" ><div class=\"boldRowInner\"><div class=\"rowItem col-md-12 col-ms-12  btTextLeft inherit\"  data-width=\"12\"><div class=\"rowItemContent\" ><header class=\"header btClear large btDash bottomDash\" ><div class=\"btSuperTitle\">CONGRESS CENTER VILLACH<\/div><div class=\"dash\"><h2><span class=\"headline\"><b class=\"animate\">2<\/b> dni \/ <b class=\"animate\">21<\/b> predavanj \/ <b class=\"animate\">8<\/b> delavnic\r<br>Vrhunski govorci s podro\u010dja medicine,\r<br>nege in dru\u017ebe\r<br><\/span><\/h2><\/div><div class=\"btSubTitle\">28. in 29. marec 2025<\/div><\/header><\/div><\/div><\/div><\/div><\/div><\/div><\/div><\/section><section id=\"bt_section69f54296b9116\"  class=\"boldSection topSpaced bottomSpaced gutter inherit\" ><div class=\"port\"><div class=\"boldCell\"><div class=\"boldCellInner\"><div class=\"boldRow \" ><div class=\"boldRowInner\"><div class=\"rowItem col-md-2  col-sm-4 col-ms-12 btTextLeft animate animate-fadein inherit\"  data-width=\"2\"><div class=\"rowItemContent\" ><div class=\"btIconImageRow\" ><div class=\"bpgPhoto  btCircleImage\" ><div class=\"btImage\"><img decoding=\"async\" src=\"https:\/\/www.demenzkongress.com\/wp-content\/uploads\/2024\/11\/Iglseder_Bernhard_Demezkongress-320x320.jpg\" alt=\"https:\/\/www.demenzkongress.com\/wp-content\/uploads\/2024\/11\/Iglseder_Bernhard_Demezkongress-320x320.jpg\"><\/div><\/div><\/div><\/div><\/div><div class=\"rowItem col-md-8 col-ms-12 btTextLeft inherit\"  data-width=\"8\"><div class=\"rowItemContent\" ><header class=\"header btClear extralarge btDash bottomDash\" ><div class=\"dash\"><h1><span class=\"headline\">Bernhard <b class=\"animate\">Iglseder<\/b><\/span><\/h1><\/div><div class=\"btSubTitle\">Predstojnik Univerzitetne klinike za geriatrijo na CDK\/PMU Salzburg.<\/div><\/header><div class=\"btClear btSeparator topSmallSpaced noBorder\" ><hr><\/div><header class=\"header btClear small btDash bottomDash\" ><div class=\"dash\"><h4><span class=\"headline\">Biografija<\/span><\/h4><\/div><\/header><div class=\"btClear btSeparator topSemiSpaced noBorder\" ><hr><\/div><div class=\"btText\" ><ul>\n<li style=\"font-weight: 400;\" aria-level=\"1\">\n<h3 data-start=\"0\" data-end=\"22\"><strong data-start=\"4\" data-end=\"20\">Poklicna pot<\/strong><\/h3>\n<ul data-start=\"23\" data-end=\"650\">\n<li data-start=\"23\" data-end=\"88\"><strong data-start=\"25\" data-end=\"44\">Rojen leta 1963<\/strong>, matura junija 1982 na <strong data-start=\"68\" data-end=\"86\">BG II Salzburg<\/strong><\/li>\n<li data-start=\"89\" data-end=\"140\"><strong data-start=\"91\" data-end=\"110\">\u0160tudij medicine<\/strong> v Gradcu, <strong data-start=\"121\" data-end=\"138\">doktorat 1988<\/strong><\/li>\n<li data-start=\"141\" data-end=\"314\"><strong data-start=\"143\" data-end=\"191\">Specializacija za nevrologijo in psihiatrijo<\/strong> na <strong data-start=\"195\" data-end=\"238\">Christian-Doppler-Klinik (CDK) Salzburg<\/strong>\n<ul data-start=\"243\" data-end=\"314\">\n<li data-start=\"243\" data-end=\"314\">Dodatna specializacija iz <strong data-start=\"271\" data-end=\"294\">intenzivne medicine<\/strong> in <strong data-start=\"298\" data-end=\"312\">geriatrije<\/strong><\/li>\n<\/ul>\n<\/li>\n<li data-start=\"315\" data-end=\"462\"><strong data-start=\"317\" data-end=\"325\">2005<\/strong>: Habilitacija na temo <em data-start=\"348\" data-end=\"460\">Spolno specifi\u010dni vplivi novih dejavnikov tveganja na subklini\u010dno aterosklerozo arterij, ki oskrbujejo mo\u017egane<\/em><\/li>\n<li data-start=\"463\" data-end=\"555\"><strong data-start=\"465\" data-end=\"476\">Od 2006<\/strong>: Predstojnik <strong data-start=\"490\" data-end=\"529\">Univerzitetne klinike za geriatrijo<\/strong> na <strong data-start=\"533\" data-end=\"553\">CDK\/PMU Salzburg<\/strong><\/li>\n<li data-start=\"556\" data-end=\"650\"><strong data-start=\"558\" data-end=\"571\">2023\u20132026<\/strong>: Predsednik <strong data-start=\"584\" data-end=\"648\">Avstrijskega zdru\u017eenja za geriatrijo in gerontologijo (\u00d6GGG)<\/strong><\/li>\n<\/ul>\n<h3 data-start=\"652\" data-end=\"684\"><strong data-start=\"656\" data-end=\"682\">Raziskovalna dejavnost<\/strong><\/h3>\n<ul data-start=\"685\" data-end=\"787\">\n<li data-start=\"685\" data-end=\"787\"><strong data-start=\"687\" data-end=\"717\">130 znanstvenih publikacij<\/strong>, indeksiranih v <strong data-start=\"734\" data-end=\"744\">PubMed<\/strong>, ter ve\u010d prispevkov v strokovnih knjigah<\/li>\n<\/ul>\n<h3 data-start=\"789\" data-end=\"820\"><strong data-start=\"793\" data-end=\"818\">Raziskovalna podro\u010dja<\/strong><\/h3>\n<ul data-start=\"821\" data-end=\"1017\" data-is-last-node=\"\">\n<li data-start=\"821\" data-end=\"842\"><strong data-start=\"823\" data-end=\"840\">Ateroskleroza<\/strong><\/li>\n<li data-start=\"843\" data-end=\"891\"><strong data-start=\"845\" data-end=\"889\">Ultrazvok arterij, ki oskrbujejo mo\u017egane<\/strong><\/li>\n<li data-start=\"892\" data-end=\"925\"><strong data-start=\"894\" data-end=\"923\">Cerebrovaskularne bolezni<\/strong><\/li>\n<li data-start=\"926\" data-end=\"947\"><strong data-start=\"928\" data-end=\"945\">Polifarmacija<\/strong><\/li>\n<li data-start=\"948\" data-end=\"978\"><strong data-start=\"950\" data-end=\"976\">Nevrokognitivne motnje<\/strong><\/li>\n<li data-start=\"979\" data-end=\"1017\" data-is-last-node=\"\"><strong data-start=\"981\" data-end=\"1017\" data-is-last-node=\"\">Geriatri\u010dna ocena in diagnostika<\/strong><\/li>\n<\/ul>\n<\/li>\n<\/ul>\n<\/div><\/div><\/div><div class=\"rowItem col-md-2  col-sm-4 col-ms-12 btTextLeft animate animate-fadein animate-moveup inherit\"  data-width=\"2\"><div class=\"rowItemContent\" ><\/div><\/div><\/div><\/div><\/div><\/div><\/div><\/section><\/div>","protected":false},"excerpt":{"rendered":"","protected":false},"author":1,"featured_media":0,"parent":6279,"menu_order":0,"comment_status":"closed","ping_status":"closed","template":"","meta":{"footnotes":""},"class_list":["post-6370","page","type-page","status-publish","hentry"],"yoast_head":"<!-- This site is optimized with the Yoast SEO plugin v26.8 - https:\/\/yoast.com\/product\/yoast-seo-wordpress\/ -->\n<title>Bernhard Iglseder - Alpen Adria Demenzkongress<\/title>\n<meta name=\"robots\" content=\"index, follow, max-snippet:-1, max-image-preview:large, max-video-preview:-1\" \/>\n<link rel=\"canonical\" href=\"https:\/\/www.demenzkongress.com\/sl\/referenten-aerzte-2025\/bernhard-iglseder\/\" \/>\n<meta property=\"og:locale\" content=\"sl_SI\" \/>\n<meta property=\"og:type\" content=\"article\" \/>\n<meta property=\"og:title\" content=\"Bernhard Iglseder - Alpen Adria Demenzkongress\" \/>\n<meta property=\"og:url\" content=\"https:\/\/www.demenzkongress.com\/sl\/referenten-aerzte-2025\/bernhard-iglseder\/\" \/>\n<meta property=\"og:site_name\" content=\"Alpen Adria Demenzkongress\" \/>\n<meta property=\"article:modified_time\" content=\"2025-02-18T13:57:37+00:00\" \/>\n<meta name=\"twitter:card\" content=\"summary_large_image\" \/>\n<meta name=\"twitter:label1\" content=\"Est. reading time\" \/>\n\t<meta name=\"twitter:data1\" content=\"2 minuti\" \/>\n<script type=\"application\/ld+json\" class=\"yoast-schema-graph\">{\"@context\":\"https:\/\/schema.org\",\"@graph\":[{\"@type\":\"WebPage\",\"@id\":\"https:\/\/www.demenzkongress.com\/sl\/referenten-aerzte-2025\/bernhard-iglseder\/\",\"url\":\"https:\/\/www.demenzkongress.com\/sl\/referenten-aerzte-2025\/bernhard-iglseder\/\",\"name\":\"Bernhard Iglseder - Alpen Adria Demenzkongress\",\"isPartOf\":{\"@id\":\"https:\/\/www.demenzkongress.com\/sl\/#website\"},\"datePublished\":\"2018-07-30T13:34:41+00:00\",\"dateModified\":\"2025-02-18T13:57:37+00:00\",\"breadcrumb\":{\"@id\":\"https:\/\/www.demenzkongress.com\/sl\/referenten-aerzte-2025\/bernhard-iglseder\/#breadcrumb\"},\"inLanguage\":\"sl-SI\",\"potentialAction\":[{\"@type\":\"ReadAction\",\"target\":[\"https:\/\/www.demenzkongress.com\/sl\/referenten-aerzte-2025\/bernhard-iglseder\/\"]}]},{\"@type\":\"BreadcrumbList\",\"@id\":\"https:\/\/www.demenzkongress.com\/sl\/referenten-aerzte-2025\/bernhard-iglseder\/#breadcrumb\",\"itemListElement\":[{\"@type\":\"ListItem\",\"position\":1,\"name\":\"Home\",\"item\":\"https:\/\/www.demenzkongress.com\/sl\/\"},{\"@type\":\"ListItem\",\"position\":2,\"name\":\"Predavatelji \u2013 zdravniki\",\"item\":\"https:\/\/www.demenzkongress.com\/sl\/referenten-aerzte-2025\/\"},{\"@type\":\"ListItem\",\"position\":3,\"name\":\"Bernhard Iglseder\"}]},{\"@type\":\"WebSite\",\"@id\":\"https:\/\/www.demenzkongress.com\/sl\/#website\",\"url\":\"https:\/\/www.demenzkongress.com\/sl\/\",\"name\":\"Alpen Adria Demenzkongress\",\"description\":\"\",\"publisher\":{\"@id\":\"https:\/\/www.demenzkongress.com\/sl\/#organization\"},\"potentialAction\":[{\"@type\":\"SearchAction\",\"target\":{\"@type\":\"EntryPoint\",\"urlTemplate\":\"https:\/\/www.demenzkongress.com\/sl\/?s={search_term_string}\"},\"query-input\":{\"@type\":\"PropertyValueSpecification\",\"valueRequired\":true,\"valueName\":\"search_term_string\"}}],\"inLanguage\":\"sl-SI\"},{\"@type\":\"Organization\",\"@id\":\"https:\/\/www.demenzkongress.com\/sl\/#organization\",\"name\":\"Alpen Adria Demenkongress\",\"url\":\"https:\/\/www.demenzkongress.com\/sl\/\",\"logo\":{\"@type\":\"ImageObject\",\"inLanguage\":\"sl-SI\",\"@id\":\"https:\/\/www.demenzkongress.com\/sl\/#\/schema\/logo\/image\/\",\"url\":\"https:\/\/www.demenzkongress.com\/wp-content\/uploads\/2018\/07\/tickera_logo.png\",\"contentUrl\":\"https:\/\/www.demenzkongress.com\/wp-content\/uploads\/2018\/07\/tickera_logo.png\",\"width\":392,\"height\":88,\"caption\":\"Alpen Adria Demenkongress\"},\"image\":{\"@id\":\"https:\/\/www.demenzkongress.com\/sl\/#\/schema\/logo\/image\/\"}}]}<\/script>\n<!-- \/ Yoast SEO plugin. -->","yoast_head_json":{"title":"Bernhard Iglseder - Alpen Adria Demenzkongress","robots":{"index":"index","follow":"follow","max-snippet":"max-snippet:-1","max-image-preview":"max-image-preview:large","max-video-preview":"max-video-preview:-1"},"canonical":"https:\/\/www.demenzkongress.com\/sl\/referenten-aerzte-2025\/bernhard-iglseder\/","og_locale":"sl_SI","og_type":"article","og_title":"Bernhard Iglseder - Alpen Adria Demenzkongress","og_url":"https:\/\/www.demenzkongress.com\/sl\/referenten-aerzte-2025\/bernhard-iglseder\/","og_site_name":"Alpen Adria Demenzkongress","article_modified_time":"2025-02-18T13:57:37+00:00","twitter_card":"summary_large_image","twitter_misc":{"Est. reading time":"2 minuti"},"schema":{"@context":"https:\/\/schema.org","@graph":[{"@type":"WebPage","@id":"https:\/\/www.demenzkongress.com\/sl\/referenten-aerzte-2025\/bernhard-iglseder\/","url":"https:\/\/www.demenzkongress.com\/sl\/referenten-aerzte-2025\/bernhard-iglseder\/","name":"Bernhard Iglseder - Alpen Adria Demenzkongress","isPartOf":{"@id":"https:\/\/www.demenzkongress.com\/sl\/#website"},"datePublished":"2018-07-30T13:34:41+00:00","dateModified":"2025-02-18T13:57:37+00:00","breadcrumb":{"@id":"https:\/\/www.demenzkongress.com\/sl\/referenten-aerzte-2025\/bernhard-iglseder\/#breadcrumb"},"inLanguage":"sl-SI","potentialAction":[{"@type":"ReadAction","target":["https:\/\/www.demenzkongress.com\/sl\/referenten-aerzte-2025\/bernhard-iglseder\/"]}]},{"@type":"BreadcrumbList","@id":"https:\/\/www.demenzkongress.com\/sl\/referenten-aerzte-2025\/bernhard-iglseder\/#breadcrumb","itemListElement":[{"@type":"ListItem","position":1,"name":"Home","item":"https:\/\/www.demenzkongress.com\/sl\/"},{"@type":"ListItem","position":2,"name":"Predavatelji \u2013 zdravniki","item":"https:\/\/www.demenzkongress.com\/sl\/referenten-aerzte-2025\/"},{"@type":"ListItem","position":3,"name":"Bernhard Iglseder"}]},{"@type":"WebSite","@id":"https:\/\/www.demenzkongress.com\/sl\/#website","url":"https:\/\/www.demenzkongress.com\/sl\/","name":"Alpen Adria Demenzkongress","description":"","publisher":{"@id":"https:\/\/www.demenzkongress.com\/sl\/#organization"},"potentialAction":[{"@type":"SearchAction","target":{"@type":"EntryPoint","urlTemplate":"https:\/\/www.demenzkongress.com\/sl\/?s={search_term_string}"},"query-input":{"@type":"PropertyValueSpecification","valueRequired":true,"valueName":"search_term_string"}}],"inLanguage":"sl-SI"},{"@type":"Organization","@id":"https:\/\/www.demenzkongress.com\/sl\/#organization","name":"Alpen Adria Demenkongress","url":"https:\/\/www.demenzkongress.com\/sl\/","logo":{"@type":"ImageObject","inLanguage":"sl-SI","@id":"https:\/\/www.demenzkongress.com\/sl\/#\/schema\/logo\/image\/","url":"https:\/\/www.demenzkongress.com\/wp-content\/uploads\/2018\/07\/tickera_logo.png","contentUrl":"https:\/\/www.demenzkongress.com\/wp-content\/uploads\/2018\/07\/tickera_logo.png","width":392,"height":88,"caption":"Alpen Adria Demenkongress"},"image":{"@id":"https:\/\/www.demenzkongress.com\/sl\/#\/schema\/logo\/image\/"}}]}},"_links":{"self":[{"href":"https:\/\/www.demenzkongress.com\/sl\/wp-json\/wp\/v2\/pages\/6370","targetHints":{"allow":["GET"]}}],"collection":[{"href":"https:\/\/www.demenzkongress.com\/sl\/wp-json\/wp\/v2\/pages"}],"about":[{"href":"https:\/\/www.demenzkongress.com\/sl\/wp-json\/wp\/v2\/types\/page"}],"author":[{"embeddable":true,"href":"https:\/\/www.demenzkongress.com\/sl\/wp-json\/wp\/v2\/users\/1"}],"replies":[{"embeddable":true,"href":"https:\/\/www.demenzkongress.com\/sl\/wp-json\/wp\/v2\/comments?post=6370"}],"version-history":[{"count":1,"href":"https:\/\/www.demenzkongress.com\/sl\/wp-json\/wp\/v2\/pages\/6370\/revisions"}],"predecessor-version":[{"id":6386,"href":"https:\/\/www.demenzkongress.com\/sl\/wp-json\/wp\/v2\/pages\/6370\/revisions\/6386"}],"up":[{"embeddable":true,"href":"https:\/\/www.demenzkongress.com\/sl\/wp-json\/wp\/v2\/pages\/6279"}],"wp:attachment":[{"href":"https:\/\/www.demenzkongress.com\/sl\/wp-json\/wp\/v2\/media?parent=6370"}],"curies":[{"name":"wp","href":"https:\/\/api.w.org\/{rel}","templated":true}]}}