{"id":6355,"date":"2018-07-30T14:50:40","date_gmt":"2018-07-30T12:50:40","guid":{"rendered":"https:\/\/www.demenzkongress.com\/referenten-aerzte-2025\/waltraud-stromer\/"},"modified":"2025-02-18T15:00:11","modified_gmt":"2025-02-18T14:00:11","slug":"waltraud-stromer","status":"publish","type":"page","link":"https:\/\/www.demenzkongress.com\/sl\/referenten-aerzte-2025\/waltraud-stromer\/","title":{"rendered":"Waltraud Stromer"},"content":{"rendered":"<div class=\"bt_rc_container\"><section id=\"bt_section69f547f6def88\" data-parallax=\"0.1\" data-parallax-offset=\"0\" class=\"boldSection topExtraSpaced bottomSpaced btDarkSkin gutter btBottomVertical btParallax wBackground cover\" style=\"background-image:url('https:\/\/www.demenzkongress.com\/wp-content\/uploads\/2024\/11\/Alpen-Adria-Demenzkongress-2025-Weiterbildungen-Pflege-Aerzte.jpg');\"><div class=\"port\"><div class=\"boldCell\"><div class=\"boldCellInner\"><div class=\"boldRow \" ><div class=\"boldRowInner\"><div class=\"rowItem col-md-12 col-ms-12  btTextLeft inherit\"  data-width=\"12\"><div class=\"rowItemContent\" ><header class=\"header btClear large btDash bottomDash\" ><div class=\"btSuperTitle\">CONGRESS CENTER VILLACH<\/div><div class=\"dash\"><h2><span class=\"headline\"><b class=\"animate\">2<\/b> dni \/ <b class=\"animate\">21<\/b> predavanj \/ <b class=\"animate\">8<\/b> delavnic\r<br>Vrhunski govorci s podro\u010dja medicine,\r<br>nege in dru\u017ebe<\/span><\/h2><\/div><div class=\"btSubTitle\">28. in 29. marec 2025<\/div><\/header><\/div><\/div><\/div><\/div><\/div><\/div><\/div><\/section><section id=\"bt_section69f547f6df45d\"  class=\"boldSection topSpaced bottomSpaced gutter inherit\" ><div class=\"port\"><div class=\"boldCell\"><div class=\"boldCellInner\"><div class=\"boldRow \" ><div class=\"boldRowInner\"><div class=\"rowItem col-md-2  col-sm-4 col-ms-12 btTextLeft animate animate-fadein inherit\"  data-width=\"2\"><div class=\"rowItemContent\" ><div class=\"btIconImageRow\" ><div class=\"bpgPhoto  btCircleImage\" ><div class=\"btImage\"><img decoding=\"async\" src=\"https:\/\/www.demenzkongress.com\/wp-content\/uploads\/2024\/11\/Stromer-Waltraud_Demezkongress-320x320.jpg\" alt=\"https:\/\/www.demenzkongress.com\/wp-content\/uploads\/2024\/11\/Stromer-Waltraud_Demezkongress-320x320.jpg\"><\/div><\/div><\/div><\/div><\/div><div class=\"rowItem col-md-8 col-ms-12 btTextLeft inherit\"  data-width=\"8\"><div class=\"rowItemContent\" ><header class=\"header btClear extralarge btDash bottomDash\" ><div class=\"dash\"><h1><span class=\"headline\">Waltraud <b class=\"animate\">Stromer<\/b><\/span><\/h1><\/div><div class=\"btSubTitle\">Starej\u0161a zdravnica na oddelku za anestezijo in splo\u0161no intenzivno medicino v de\u017eelni kliniki Waldviertel Horn ter zasebna ordinacija za akupunkturo in zdravljenje bole\u010dine v Hornu.<\/div><\/header><div class=\"btClear btSeparator topSmallSpaced noBorder\" ><hr><\/div><header class=\"header btClear small btDash bottomDash\" ><div class=\"dash\"><h4><span class=\"headline\">Biografie<\/span><\/h4><\/div><\/header><div class=\"btText\" ><h3 data-start=\"0\" data-end=\"23\"><strong data-start=\"4\" data-end=\"21\">Izobra\u017eevanje<\/strong><\/h3>\n<ul data-start=\"24\" data-end=\"81\">\n<li data-start=\"24\" data-end=\"81\"><strong data-start=\"26\" data-end=\"41\">Matura 1988<\/strong> na <strong data-start=\"45\" data-end=\"79\">jezikovni gimnaziji v Hornu\/N\u00d6<\/strong><\/li>\n<\/ul>\n<h3 data-start=\"83\" data-end=\"99\"><strong data-start=\"87\" data-end=\"97\">\u0160tudij<\/strong><\/h3>\n<ul data-start=\"100\" data-end=\"199\">\n<li data-start=\"100\" data-end=\"149\"><strong data-start=\"102\" data-end=\"121\">\u0160tudij medicine<\/strong> na <strong data-start=\"125\" data-end=\"147\">Univerzi na Dunaju<\/strong><\/li>\n<li data-start=\"150\" data-end=\"199\"><strong data-start=\"152\" data-end=\"167\">11. 5. 1994<\/strong>: Doktorat iz splo\u0161ne medicine<\/li>\n<\/ul>\n<h3 data-start=\"201\" data-end=\"241\"><strong data-start=\"205\" data-end=\"239\">Specializacija in poklicna pot<\/strong><\/h3>\n<ul data-start=\"242\" data-end=\"612\">\n<li data-start=\"242\" data-end=\"315\"><strong data-start=\"244\" data-end=\"257\">1994\u20131997<\/strong>: Turnusna zdravnica v <strong data-start=\"280\" data-end=\"313\">splo\u0161ni javni bolni\u0161nici Horn<\/strong><\/li>\n<li data-start=\"316\" data-end=\"376\">Specialistka za <strong data-start=\"334\" data-end=\"354\">splo\u0161no medicino<\/strong> (<em data-start=\"356\" data-end=\"373\">ius practicandi<\/em>)<\/li>\n<li data-start=\"377\" data-end=\"488\">Specializacija iz <strong data-start=\"397\" data-end=\"447\">anesteziologije in splo\u0161ne intenzivne medicine<\/strong> v <strong data-start=\"450\" data-end=\"486\">De\u017eelni kliniki Waldviertel Horn<\/strong><\/li>\n<li data-start=\"489\" data-end=\"612\"><strong data-start=\"491\" data-end=\"508\">Od 1. 1. 2004<\/strong>: <strong data-start=\"510\" data-end=\"545\">Starej\u0161a zdravnica (Ober\u00e4rztin)<\/strong> na oddelku za <strong data-start=\"560\" data-end=\"610\">anesteziologijo in splo\u0161no intenzivno medicino<\/strong><\/li>\n<\/ul>\n<h3 data-start=\"614\" data-end=\"645\"><strong data-start=\"618\" data-end=\"643\">Dodatna izobra\u017eevanja<\/strong><\/h3>\n<ul data-start=\"646\" data-end=\"899\">\n<li data-start=\"646\" data-end=\"720\">Osnovni in napredni te\u010daj <strong data-start=\"674\" data-end=\"697\">bole\u010dinske medicine<\/strong> (Bochum, Prof. Zenz)<\/li>\n<li data-start=\"721\" data-end=\"838\">Osnovni in napredni te\u010daj za <strong data-start=\"752\" data-end=\"799\">certifikat iz specialne bole\u010dinske medicine<\/strong> (Bad Aussee, Prof. Sandner-Kiesling)<\/li>\n<li data-start=\"839\" data-end=\"899\">Uporaba in mo\u017enosti zdravljenja z <strong data-start=\"875\" data-end=\"897\">low-level laserjem<\/strong><\/li>\n<\/ul>\n<h3 data-start=\"901\" data-end=\"955\"><strong data-start=\"905\" data-end=\"953\">Diplome Avstrijske zdravni\u0161ke zbornice (\u00d6\u00c4K)<\/strong><\/h3>\n<ul data-start=\"956\" data-end=\"1065\">\n<li data-start=\"956\" data-end=\"981\"><strong data-start=\"958\" data-end=\"979\">Urgentna medicina<\/strong><\/li>\n<li data-start=\"982\" data-end=\"1001\"><strong data-start=\"984\" data-end=\"999\">Akupunktura<\/strong><\/li>\n<li data-start=\"1002\" data-end=\"1039\"><strong data-start=\"1004\" data-end=\"1037\">Specialna bole\u010dinska medicina<\/strong><\/li>\n<li data-start=\"1040\" data-end=\"1065\"><strong data-start=\"1042\" data-end=\"1063\">Nevralna terapija<\/strong><\/li>\n<\/ul>\n<h3 data-start=\"1067\" data-end=\"1095\"><strong data-start=\"1071\" data-end=\"1093\">Trenutna dejavnost<\/strong><\/h3>\n<ul data-start=\"1096\" data-end=\"1333\" data-is-last-node=\"\">\n<li data-start=\"1096\" data-end=\"1226\"><strong data-start=\"1098\" data-end=\"1120\">Starej\u0161a zdravnica<\/strong> na <strong data-start=\"1124\" data-end=\"1185\">oddelku za anesteziologijo in splo\u0161no intenzivno medicino<\/strong> v <strong data-start=\"1188\" data-end=\"1224\">De\u017eelni kliniki Waldviertel Horn<\/strong><\/li>\n<li data-start=\"1227\" data-end=\"1333\" data-is-last-node=\"\"><strong data-start=\"1229\" data-end=\"1289\">Zasebna ordinacija za akupunkturo in bole\u010dinsko terapijo<\/strong> v <strong data-start=\"1292\" data-end=\"1333\" data-is-last-node=\"\">3580 Horn, Ing. Karl Proksch-Gasse 11<\/strong><\/li>\n<\/ul>\n<\/div><\/div><\/div><div class=\"rowItem col-md-2  col-sm-4 col-ms-12 btTextLeft animate animate-fadein animate-moveup inherit\"  data-width=\"2\"><div class=\"rowItemContent\" ><\/div><\/div><\/div><\/div><\/div><\/div><\/div><\/section><\/div>","protected":false},"excerpt":{"rendered":"","protected":false},"author":1,"featured_media":0,"parent":6279,"menu_order":0,"comment_status":"closed","ping_status":"closed","template":"","meta":{"footnotes":""},"class_list":["post-6355","page","type-page","status-publish","hentry"],"yoast_head":"<!-- This site is optimized with the Yoast SEO plugin v26.8 - https:\/\/yoast.com\/product\/yoast-seo-wordpress\/ -->\n<title>Waltraud Stromer - Alpen Adria Demenzkongress<\/title>\n<meta name=\"robots\" content=\"index, follow, max-snippet:-1, max-image-preview:large, max-video-preview:-1\" \/>\n<link rel=\"canonical\" href=\"https:\/\/www.demenzkongress.com\/sl\/referenten-aerzte-2025\/waltraud-stromer\/\" \/>\n<meta property=\"og:locale\" content=\"sl_SI\" \/>\n<meta property=\"og:type\" content=\"article\" \/>\n<meta property=\"og:title\" content=\"Waltraud Stromer - Alpen Adria Demenzkongress\" \/>\n<meta property=\"og:url\" content=\"https:\/\/www.demenzkongress.com\/sl\/referenten-aerzte-2025\/waltraud-stromer\/\" \/>\n<meta property=\"og:site_name\" content=\"Alpen Adria Demenzkongress\" \/>\n<meta property=\"article:modified_time\" content=\"2025-02-18T14:00:11+00:00\" \/>\n<meta name=\"twitter:card\" content=\"summary_large_image\" \/>\n<meta name=\"twitter:label1\" content=\"Est. reading time\" \/>\n\t<meta name=\"twitter:data1\" content=\"2 minuti\" \/>\n<script type=\"application\/ld+json\" class=\"yoast-schema-graph\">{\"@context\":\"https:\/\/schema.org\",\"@graph\":[{\"@type\":\"WebPage\",\"@id\":\"https:\/\/www.demenzkongress.com\/sl\/referenten-aerzte-2025\/waltraud-stromer\/\",\"url\":\"https:\/\/www.demenzkongress.com\/sl\/referenten-aerzte-2025\/waltraud-stromer\/\",\"name\":\"Waltraud Stromer - Alpen Adria Demenzkongress\",\"isPartOf\":{\"@id\":\"https:\/\/www.demenzkongress.com\/sl\/#website\"},\"datePublished\":\"2018-07-30T12:50:40+00:00\",\"dateModified\":\"2025-02-18T14:00:11+00:00\",\"breadcrumb\":{\"@id\":\"https:\/\/www.demenzkongress.com\/sl\/referenten-aerzte-2025\/waltraud-stromer\/#breadcrumb\"},\"inLanguage\":\"sl-SI\",\"potentialAction\":[{\"@type\":\"ReadAction\",\"target\":[\"https:\/\/www.demenzkongress.com\/sl\/referenten-aerzte-2025\/waltraud-stromer\/\"]}]},{\"@type\":\"BreadcrumbList\",\"@id\":\"https:\/\/www.demenzkongress.com\/sl\/referenten-aerzte-2025\/waltraud-stromer\/#breadcrumb\",\"itemListElement\":[{\"@type\":\"ListItem\",\"position\":1,\"name\":\"Home\",\"item\":\"https:\/\/www.demenzkongress.com\/sl\/\"},{\"@type\":\"ListItem\",\"position\":2,\"name\":\"Predavatelji \u2013 zdravniki\",\"item\":\"https:\/\/www.demenzkongress.com\/sl\/referenten-aerzte-2025\/\"},{\"@type\":\"ListItem\",\"position\":3,\"name\":\"Waltraud Stromer\"}]},{\"@type\":\"WebSite\",\"@id\":\"https:\/\/www.demenzkongress.com\/sl\/#website\",\"url\":\"https:\/\/www.demenzkongress.com\/sl\/\",\"name\":\"Alpen Adria Demenzkongress\",\"description\":\"\",\"publisher\":{\"@id\":\"https:\/\/www.demenzkongress.com\/sl\/#organization\"},\"potentialAction\":[{\"@type\":\"SearchAction\",\"target\":{\"@type\":\"EntryPoint\",\"urlTemplate\":\"https:\/\/www.demenzkongress.com\/sl\/?s={search_term_string}\"},\"query-input\":{\"@type\":\"PropertyValueSpecification\",\"valueRequired\":true,\"valueName\":\"search_term_string\"}}],\"inLanguage\":\"sl-SI\"},{\"@type\":\"Organization\",\"@id\":\"https:\/\/www.demenzkongress.com\/sl\/#organization\",\"name\":\"Alpen Adria Demenkongress\",\"url\":\"https:\/\/www.demenzkongress.com\/sl\/\",\"logo\":{\"@type\":\"ImageObject\",\"inLanguage\":\"sl-SI\",\"@id\":\"https:\/\/www.demenzkongress.com\/sl\/#\/schema\/logo\/image\/\",\"url\":\"https:\/\/www.demenzkongress.com\/wp-content\/uploads\/2018\/07\/tickera_logo.png\",\"contentUrl\":\"https:\/\/www.demenzkongress.com\/wp-content\/uploads\/2018\/07\/tickera_logo.png\",\"width\":392,\"height\":88,\"caption\":\"Alpen Adria Demenkongress\"},\"image\":{\"@id\":\"https:\/\/www.demenzkongress.com\/sl\/#\/schema\/logo\/image\/\"}}]}<\/script>\n<!-- \/ Yoast SEO plugin. -->","yoast_head_json":{"title":"Waltraud Stromer - Alpen Adria Demenzkongress","robots":{"index":"index","follow":"follow","max-snippet":"max-snippet:-1","max-image-preview":"max-image-preview:large","max-video-preview":"max-video-preview:-1"},"canonical":"https:\/\/www.demenzkongress.com\/sl\/referenten-aerzte-2025\/waltraud-stromer\/","og_locale":"sl_SI","og_type":"article","og_title":"Waltraud Stromer - Alpen Adria Demenzkongress","og_url":"https:\/\/www.demenzkongress.com\/sl\/referenten-aerzte-2025\/waltraud-stromer\/","og_site_name":"Alpen Adria Demenzkongress","article_modified_time":"2025-02-18T14:00:11+00:00","twitter_card":"summary_large_image","twitter_misc":{"Est. reading time":"2 minuti"},"schema":{"@context":"https:\/\/schema.org","@graph":[{"@type":"WebPage","@id":"https:\/\/www.demenzkongress.com\/sl\/referenten-aerzte-2025\/waltraud-stromer\/","url":"https:\/\/www.demenzkongress.com\/sl\/referenten-aerzte-2025\/waltraud-stromer\/","name":"Waltraud Stromer - Alpen Adria Demenzkongress","isPartOf":{"@id":"https:\/\/www.demenzkongress.com\/sl\/#website"},"datePublished":"2018-07-30T12:50:40+00:00","dateModified":"2025-02-18T14:00:11+00:00","breadcrumb":{"@id":"https:\/\/www.demenzkongress.com\/sl\/referenten-aerzte-2025\/waltraud-stromer\/#breadcrumb"},"inLanguage":"sl-SI","potentialAction":[{"@type":"ReadAction","target":["https:\/\/www.demenzkongress.com\/sl\/referenten-aerzte-2025\/waltraud-stromer\/"]}]},{"@type":"BreadcrumbList","@id":"https:\/\/www.demenzkongress.com\/sl\/referenten-aerzte-2025\/waltraud-stromer\/#breadcrumb","itemListElement":[{"@type":"ListItem","position":1,"name":"Home","item":"https:\/\/www.demenzkongress.com\/sl\/"},{"@type":"ListItem","position":2,"name":"Predavatelji \u2013 zdravniki","item":"https:\/\/www.demenzkongress.com\/sl\/referenten-aerzte-2025\/"},{"@type":"ListItem","position":3,"name":"Waltraud Stromer"}]},{"@type":"WebSite","@id":"https:\/\/www.demenzkongress.com\/sl\/#website","url":"https:\/\/www.demenzkongress.com\/sl\/","name":"Alpen Adria Demenzkongress","description":"","publisher":{"@id":"https:\/\/www.demenzkongress.com\/sl\/#organization"},"potentialAction":[{"@type":"SearchAction","target":{"@type":"EntryPoint","urlTemplate":"https:\/\/www.demenzkongress.com\/sl\/?s={search_term_string}"},"query-input":{"@type":"PropertyValueSpecification","valueRequired":true,"valueName":"search_term_string"}}],"inLanguage":"sl-SI"},{"@type":"Organization","@id":"https:\/\/www.demenzkongress.com\/sl\/#organization","name":"Alpen Adria Demenkongress","url":"https:\/\/www.demenzkongress.com\/sl\/","logo":{"@type":"ImageObject","inLanguage":"sl-SI","@id":"https:\/\/www.demenzkongress.com\/sl\/#\/schema\/logo\/image\/","url":"https:\/\/www.demenzkongress.com\/wp-content\/uploads\/2018\/07\/tickera_logo.png","contentUrl":"https:\/\/www.demenzkongress.com\/wp-content\/uploads\/2018\/07\/tickera_logo.png","width":392,"height":88,"caption":"Alpen Adria Demenkongress"},"image":{"@id":"https:\/\/www.demenzkongress.com\/sl\/#\/schema\/logo\/image\/"}}]}},"_links":{"self":[{"href":"https:\/\/www.demenzkongress.com\/sl\/wp-json\/wp\/v2\/pages\/6355","targetHints":{"allow":["GET"]}}],"collection":[{"href":"https:\/\/www.demenzkongress.com\/sl\/wp-json\/wp\/v2\/pages"}],"about":[{"href":"https:\/\/www.demenzkongress.com\/sl\/wp-json\/wp\/v2\/types\/page"}],"author":[{"embeddable":true,"href":"https:\/\/www.demenzkongress.com\/sl\/wp-json\/wp\/v2\/users\/1"}],"replies":[{"embeddable":true,"href":"https:\/\/www.demenzkongress.com\/sl\/wp-json\/wp\/v2\/comments?post=6355"}],"version-history":[{"count":2,"href":"https:\/\/www.demenzkongress.com\/sl\/wp-json\/wp\/v2\/pages\/6355\/revisions"}],"predecessor-version":[{"id":6388,"href":"https:\/\/www.demenzkongress.com\/sl\/wp-json\/wp\/v2\/pages\/6355\/revisions\/6388"}],"up":[{"embeddable":true,"href":"https:\/\/www.demenzkongress.com\/sl\/wp-json\/wp\/v2\/pages\/6279"}],"wp:attachment":[{"href":"https:\/\/www.demenzkongress.com\/sl\/wp-json\/wp\/v2\/media?parent=6355"}],"curies":[{"name":"wp","href":"https:\/\/api.w.org\/{rel}","templated":true}]}}