{"id":6221,"date":"2018-07-30T11:27:28","date_gmt":"2018-07-30T09:27:28","guid":{"rendered":"https:\/\/www.demenzkongress.com\/workshops-demenz\/"},"modified":"2025-03-10T10:49:46","modified_gmt":"2025-03-10T09:49:46","slug":"workshops-demenz","status":"publish","type":"page","link":"https:\/\/www.demenzkongress.com\/sl\/workshops-demenz\/","title":{"rendered":"Workshops Demenz"},"content":{"rendered":"<div class=\"bt_rc_container\"><section id=\"bt_section69f301f3d6665\" data-parallax=\"0.1\" data-parallax-offset=\"0\" class=\"boldSection topExtraSpaced bottomSpaced btDarkSkin gutter btBottomVertical btParallax wBackground cover\" style=\"background-image:url('https:\/\/www.demenzkongress.com\/wp-content\/uploads\/2024\/11\/Alpen-Adria-Demenzkongress-2025-Weiterbildungen-Pflege-Aerzte.jpg');\"><div class=\"port\"><div class=\"boldCell\"><div class=\"boldCellInner\"><div class=\"boldRow \" ><div class=\"boldRowInner\"><div class=\"rowItem col-md-12 col-ms-12  btTextLeft inherit\"  data-width=\"12\"><div class=\"rowItemContent\" ><header class=\"header btClear large btDash bottomDash\" ><div class=\"btSuperTitle\">CONGRESS CENTER VILLACH<\/div><div class=\"dash\"><h2><span class=\"headline\"><b class=\"animate\">2<\/b> dni \/ <b class=\"animate\"> 21<\/b> predavanja \/ <b class=\"animate\"> 8<\/b> delavnice\r<br>Top predavatelji iz medicine,\r<br>nege in dru\u017ebe\r<br><\/span><\/h2><\/div><div class=\"btSubTitle\">28. &amp; 29. marec 2025<\/div><\/header><\/div><\/div><\/div><\/div><\/div><\/div><\/div><\/section><section id=\"bt_section69f301f3d6b8a\" data-parallax=\"0.1\" data-parallax-offset=\"0\" class=\"boldSection topSpaced bottomSpaced gutter btBottomVertical btParallax\" ><div class=\"port\"><div class=\"boldCell\"><div class=\"boldCellInner\"><div class=\"boldRow \" ><div class=\"boldRowInner\"><div class=\"rowItem col-md-6 col-sm-12 btTextLeft inherit\"  data-width=\"6\"><div class=\"rowItemContent\" ><header class=\"header btClear extralarge btDash bottomDash\" ><div class=\"btSuperTitle\">Obi\u0161\u010dite<\/div><div class=\"dash\"><h1><span class=\"headline\">Workshops<\/span><\/h1><\/div><div class=\"btSubTitle\">Pri ravnanju z demenco so bolniki, svojci, oskrbovalci, zdravstveni delavci, zdravniki in terapevti soo\u010deni z razli\u010dnimi in pogosto zahtevnimi nalogami. Na\u0161i delavnicah za nego, zdravnike in specifi\u010dne teme se ukvarjajo s temi vpra\u0161anji. Vse delavnice bodo potekale v Casineum Velden.\r<br>\r<br>\u0160tevilo mest je omejeno. Ob rezervaciji vstopnic takoj rezervirajte tudi delavnico! Mesta se dodelijo po na\u010delu &quot;prvi pride, prvi stre\u017ee.<\/div><\/header><\/div><\/div><div class=\"rowItem col-md-6 col-sm-12 btTextRight inherit\"  data-width=\"6\"><div class=\"rowItemContent\" ><div class=\"btClear btSeparator bottomSemiSpaced noBorder\" ><hr><\/div><div class=\"boldRow \" ><div class=\"boldRowInner\"><\/div><\/div><\/div><\/div><\/div><\/div><\/div><\/div><\/div><\/section><section id=\"bt_section69f301f3d6f81\" data-parallax=\"0.1\" data-parallax-offset=\"0\" class=\"boldSection bottomSpaced gutter btBottomVertical btParallax tabs-content\" ><div class=\"port\"><div class=\"boldCell\"><div class=\"boldCellInner\"><div class=\"boldRow \" ><div class=\"boldRowInner\"><div class=\"rowItem col-md-6 col-sm-12 btTextLeft animate animate-fadein inherit btNoPadding\"  data-width=\"6\"><div class=\"rowItemContent\" ><div class=\"bpgPhoto \" ><div class=\"btImage\"><img decoding=\"async\" src=\"https:\/\/www.demenzkongress.com\/wp-content\/uploads\/2024\/11\/Jasmin-Madrutter_Demenzkongress.jpg\" alt=\"https:\/\/www.demenzkongress.com\/wp-content\/uploads\/2024\/11\/Jasmin-Madrutter_Demenzkongress.jpg\"><\/div><\/div><\/div><\/div><div class=\"rowItem col-md-6 col-sm-12 btTextLeft animate animate-fadein btMiddleVertical btDoublePadding\"  data-width=\"6\"><div class=\"rowItemContent\" ><div class=\"btClear btSeparator topSemiSpaced noBorder\" ><hr><\/div><header class=\"header btClear medium btDash bottomDash\" ><div class=\"btSuperTitle\">Pflege-Workshop<\/div><div class=\"dash\"><h3><span class=\"headline\">Pogovor o previdnosti<\/span><\/h3><\/div><div class=\"btSubTitle\">Jasmin Madrutter (AT)\r<br>\r<br>Ta delavnica je namenjena zaposlenim v negovalnih poklicih.<\/div><\/header><div class=\"btClear btSeparator topSmallSpaced noBorder\" ><hr><\/div><div class=\"btClear btSeparator topSemiSpaced noBorder\" ><hr><\/div><\/div><\/div><\/div><\/div><\/div><\/div><\/div><\/section><section id=\"bt_section69f301f3d7a12\" data-parallax=\"0.1\" data-parallax-offset=\"0\" class=\"boldSection topSpaced bottomSpaced btLightSkin gutter inherit btParallax brown-bg\" style=\"background-color:#4b4846;\"><div class=\"port\"><div class=\"boldCell\"><div class=\"boldCellInner\"><div class=\"boldRow \" ><div class=\"boldRowInner\"><div class=\"rowItem col-md-6 col-sm-12 btTextLeft inherit\"  data-width=\"6\"><div class=\"rowItemContent\" ><header class=\"header btClear extralarge btDash bottomDash\" ><div class=\"btSuperTitle\">Alpen Adria Demenzkongress<\/div><div class=\"dash\"><h1><span class=\"headline\">Izvajanje demence<\/span><\/h1><\/div><div class=\"btSubTitle\">krba nara\u0161\u010dajo\u010dega \u0161tevila ljudi, ki so prizadeti zaradi demence, predstavlja velik izziv za zdravstvo in socialno varstvo, tudi v kontekstu demografskih sprememb. Demenca \u2013 kot izziv za dru\u017ebo \u2013 bo v sredi\u0161\u010du dvodnevnega Alpen Adria Demenzkongresa v Villachu, Avstrija.<\/div><\/header><div class=\"btClear btSeparator topSmallSpaced noBorder\" ><hr><\/div><\/div><\/div><div class=\"rowItem col-md-3 col-sm-6 col-ms-12 btTextLeft inherit\"  data-width=\"3\"><div class=\"rowItemContent\" ><div class=\"btClear btSeparator topSemiSpaced noBorder\" ><hr><\/div><div class=\"btClear btSeparator topSmallSpaced noBorder\" ><hr><\/div><header class=\"header btClear medium btDash bottomDash\" ><div class=\"btSuperTitle\">Workshops<\/div><div class=\"dash\"><h3><span class=\"headline\">Moderatorji<\/span><\/h3><\/div><div class=\"btSubTitle\">Rudolf Likar (AT), Georg Pinter (AT), Walter M\u00fcller (AT), Jasmin Madrutter (AT), Franz Schweidler (AT), Hildegard Nachum (AT) und Carmen Birkholz (DE) moderatorji vodijo delavnice Alpen Adria Demenzkongresa.<\/div><\/header><div class=\"btClear btSeparator topSmallSpaced noBorder\" ><hr><\/div><a href=\"https:\/\/www.demenzkongress.com\/workshops-demenz\/\" class=\"btBtn btBtn btnOutlineStyle btnNormalColor btnSmall btnNormalWidth btnRightPosition btnNoIcon\" ><span class=\"btnInnerText\">Na delavnice<\/span><\/a><\/div><\/div><div class=\"rowItem col-md-3 col-sm-6 col-ms-12 btTextLeft\"  data-width=\"3\"><div class=\"rowItemContent\" ><div class=\"btClear btSeparator topSemiSpaced noBorder\" ><hr><\/div><div class=\"btClear btSeparator topSmallSpaced noBorder\" ><hr><\/div><header class=\"header btClear medium btDash bottomDash\" ><div class=\"btSuperTitle\">Informacije o<\/div><div class=\"dash\"><h3><span class=\"headline\">Program<\/span><\/h3><\/div><div class=\"btSubTitle\">Alpen Adria Demenzkongres v Kongresnem centru Villach na temo demence zdru\u017euje pou\u010devanje, raziskave in prakso.\r<br>\r<br><\/div><\/header><div class=\"btClear btSeparator topSmallSpaced noBorder\" ><hr><\/div><a href=\"https:\/\/www.demenzkongress.com\/programm-2025\/\" class=\"btBtn btBtn btnOutlineStyle btnNormalColor btnSmall btnNormalWidth btnRightPosition btnNoIcon\" ><span class=\"btnInnerText\">K programu<\/span><\/a><\/div><\/div><\/div><\/div><\/div><\/div><\/div><\/section><\/div>","protected":false},"excerpt":{"rendered":"","protected":false},"author":1,"featured_media":0,"parent":0,"menu_order":0,"comment_status":"closed","ping_status":"closed","template":"","meta":{"footnotes":""},"class_list":["post-6221","page","type-page","status-publish","hentry"],"yoast_head":"<!-- This site is optimized with the Yoast SEO plugin v26.8 - https:\/\/yoast.com\/product\/yoast-seo-wordpress\/ -->\n<title>Workshops Demenz - Alpen Adria Demenzkongress<\/title>\n<meta name=\"robots\" content=\"index, follow, max-snippet:-1, max-image-preview:large, max-video-preview:-1\" \/>\n<link rel=\"canonical\" href=\"https:\/\/www.demenzkongress.com\/sl\/workshops-demenz\/\" \/>\n<meta property=\"og:locale\" content=\"sl_SI\" \/>\n<meta property=\"og:type\" content=\"article\" \/>\n<meta property=\"og:title\" content=\"Workshops Demenz - Alpen Adria Demenzkongress\" \/>\n<meta property=\"og:url\" content=\"https:\/\/www.demenzkongress.com\/sl\/workshops-demenz\/\" \/>\n<meta property=\"og:site_name\" content=\"Alpen Adria Demenzkongress\" \/>\n<meta property=\"article:modified_time\" content=\"2025-03-10T09:49:46+00:00\" \/>\n<meta name=\"twitter:card\" content=\"summary_large_image\" \/>\n<meta name=\"twitter:label1\" content=\"Est. reading time\" \/>\n\t<meta name=\"twitter:data1\" content=\"3 minute\" \/>\n<script type=\"application\/ld+json\" class=\"yoast-schema-graph\">{\"@context\":\"https:\/\/schema.org\",\"@graph\":[{\"@type\":\"WebPage\",\"@id\":\"https:\/\/www.demenzkongress.com\/sl\/workshops-demenz\/\",\"url\":\"https:\/\/www.demenzkongress.com\/sl\/workshops-demenz\/\",\"name\":\"Workshops Demenz - Alpen Adria Demenzkongress\",\"isPartOf\":{\"@id\":\"https:\/\/www.demenzkongress.com\/sl\/#website\"},\"datePublished\":\"2018-07-30T09:27:28+00:00\",\"dateModified\":\"2025-03-10T09:49:46+00:00\",\"breadcrumb\":{\"@id\":\"https:\/\/www.demenzkongress.com\/sl\/workshops-demenz\/#breadcrumb\"},\"inLanguage\":\"sl-SI\",\"potentialAction\":[{\"@type\":\"ReadAction\",\"target\":[\"https:\/\/www.demenzkongress.com\/sl\/workshops-demenz\/\"]}]},{\"@type\":\"BreadcrumbList\",\"@id\":\"https:\/\/www.demenzkongress.com\/sl\/workshops-demenz\/#breadcrumb\",\"itemListElement\":[{\"@type\":\"ListItem\",\"position\":1,\"name\":\"Home\",\"item\":\"https:\/\/www.demenzkongress.com\/sl\/\"},{\"@type\":\"ListItem\",\"position\":2,\"name\":\"Workshops Demenz\"}]},{\"@type\":\"WebSite\",\"@id\":\"https:\/\/www.demenzkongress.com\/sl\/#website\",\"url\":\"https:\/\/www.demenzkongress.com\/sl\/\",\"name\":\"Alpen Adria Demenzkongress\",\"description\":\"\",\"publisher\":{\"@id\":\"https:\/\/www.demenzkongress.com\/sl\/#organization\"},\"potentialAction\":[{\"@type\":\"SearchAction\",\"target\":{\"@type\":\"EntryPoint\",\"urlTemplate\":\"https:\/\/www.demenzkongress.com\/sl\/?s={search_term_string}\"},\"query-input\":{\"@type\":\"PropertyValueSpecification\",\"valueRequired\":true,\"valueName\":\"search_term_string\"}}],\"inLanguage\":\"sl-SI\"},{\"@type\":\"Organization\",\"@id\":\"https:\/\/www.demenzkongress.com\/sl\/#organization\",\"name\":\"Alpen Adria Demenkongress\",\"url\":\"https:\/\/www.demenzkongress.com\/sl\/\",\"logo\":{\"@type\":\"ImageObject\",\"inLanguage\":\"sl-SI\",\"@id\":\"https:\/\/www.demenzkongress.com\/sl\/#\/schema\/logo\/image\/\",\"url\":\"https:\/\/www.demenzkongress.com\/wp-content\/uploads\/2018\/07\/tickera_logo.png\",\"contentUrl\":\"https:\/\/www.demenzkongress.com\/wp-content\/uploads\/2018\/07\/tickera_logo.png\",\"width\":392,\"height\":88,\"caption\":\"Alpen Adria Demenkongress\"},\"image\":{\"@id\":\"https:\/\/www.demenzkongress.com\/sl\/#\/schema\/logo\/image\/\"}}]}<\/script>\n<!-- \/ Yoast SEO plugin. -->","yoast_head_json":{"title":"Workshops Demenz - Alpen Adria Demenzkongress","robots":{"index":"index","follow":"follow","max-snippet":"max-snippet:-1","max-image-preview":"max-image-preview:large","max-video-preview":"max-video-preview:-1"},"canonical":"https:\/\/www.demenzkongress.com\/sl\/workshops-demenz\/","og_locale":"sl_SI","og_type":"article","og_title":"Workshops Demenz - Alpen Adria Demenzkongress","og_url":"https:\/\/www.demenzkongress.com\/sl\/workshops-demenz\/","og_site_name":"Alpen Adria Demenzkongress","article_modified_time":"2025-03-10T09:49:46+00:00","twitter_card":"summary_large_image","twitter_misc":{"Est. reading time":"3 minute"},"schema":{"@context":"https:\/\/schema.org","@graph":[{"@type":"WebPage","@id":"https:\/\/www.demenzkongress.com\/sl\/workshops-demenz\/","url":"https:\/\/www.demenzkongress.com\/sl\/workshops-demenz\/","name":"Workshops Demenz - Alpen Adria Demenzkongress","isPartOf":{"@id":"https:\/\/www.demenzkongress.com\/sl\/#website"},"datePublished":"2018-07-30T09:27:28+00:00","dateModified":"2025-03-10T09:49:46+00:00","breadcrumb":{"@id":"https:\/\/www.demenzkongress.com\/sl\/workshops-demenz\/#breadcrumb"},"inLanguage":"sl-SI","potentialAction":[{"@type":"ReadAction","target":["https:\/\/www.demenzkongress.com\/sl\/workshops-demenz\/"]}]},{"@type":"BreadcrumbList","@id":"https:\/\/www.demenzkongress.com\/sl\/workshops-demenz\/#breadcrumb","itemListElement":[{"@type":"ListItem","position":1,"name":"Home","item":"https:\/\/www.demenzkongress.com\/sl\/"},{"@type":"ListItem","position":2,"name":"Workshops Demenz"}]},{"@type":"WebSite","@id":"https:\/\/www.demenzkongress.com\/sl\/#website","url":"https:\/\/www.demenzkongress.com\/sl\/","name":"Alpen Adria Demenzkongress","description":"","publisher":{"@id":"https:\/\/www.demenzkongress.com\/sl\/#organization"},"potentialAction":[{"@type":"SearchAction","target":{"@type":"EntryPoint","urlTemplate":"https:\/\/www.demenzkongress.com\/sl\/?s={search_term_string}"},"query-input":{"@type":"PropertyValueSpecification","valueRequired":true,"valueName":"search_term_string"}}],"inLanguage":"sl-SI"},{"@type":"Organization","@id":"https:\/\/www.demenzkongress.com\/sl\/#organization","name":"Alpen Adria Demenkongress","url":"https:\/\/www.demenzkongress.com\/sl\/","logo":{"@type":"ImageObject","inLanguage":"sl-SI","@id":"https:\/\/www.demenzkongress.com\/sl\/#\/schema\/logo\/image\/","url":"https:\/\/www.demenzkongress.com\/wp-content\/uploads\/2018\/07\/tickera_logo.png","contentUrl":"https:\/\/www.demenzkongress.com\/wp-content\/uploads\/2018\/07\/tickera_logo.png","width":392,"height":88,"caption":"Alpen Adria Demenkongress"},"image":{"@id":"https:\/\/www.demenzkongress.com\/sl\/#\/schema\/logo\/image\/"}}]}},"_links":{"self":[{"href":"https:\/\/www.demenzkongress.com\/sl\/wp-json\/wp\/v2\/pages\/6221","targetHints":{"allow":["GET"]}}],"collection":[{"href":"https:\/\/www.demenzkongress.com\/sl\/wp-json\/wp\/v2\/pages"}],"about":[{"href":"https:\/\/www.demenzkongress.com\/sl\/wp-json\/wp\/v2\/types\/page"}],"author":[{"embeddable":true,"href":"https:\/\/www.demenzkongress.com\/sl\/wp-json\/wp\/v2\/users\/1"}],"replies":[{"embeddable":true,"href":"https:\/\/www.demenzkongress.com\/sl\/wp-json\/wp\/v2\/comments?post=6221"}],"version-history":[{"count":6,"href":"https:\/\/www.demenzkongress.com\/sl\/wp-json\/wp\/v2\/pages\/6221\/revisions"}],"predecessor-version":[{"id":7096,"href":"https:\/\/www.demenzkongress.com\/sl\/wp-json\/wp\/v2\/pages\/6221\/revisions\/7096"}],"wp:attachment":[{"href":"https:\/\/www.demenzkongress.com\/sl\/wp-json\/wp\/v2\/media?parent=6221"}],"curies":[{"name":"wp","href":"https:\/\/api.w.org\/{rel}","templated":true}]}}