{"id":6215,"date":"2018-07-24T10:15:39","date_gmt":"2018-07-24T08:15:39","guid":{"rendered":"https:\/\/www.demenzkongress.com\/datenschutz\/"},"modified":"2025-02-25T17:26:09","modified_gmt":"2025-02-25T16:26:09","slug":"politika-zasebnosti","status":"publish","type":"page","link":"https:\/\/www.demenzkongress.com\/sl\/politika-zasebnosti\/","title":{"rendered":"Politika zasebnosti"},"content":{"rendered":"<div class=\"bt_rc_container\"><section id=\"bt_section69f32eda9020c\"  class=\"boldSection topSpaced bottomSpaced btDarkSkin gutter inherit wBackground cover\" style=\"background-image:url('https:\/\/www.demenzkongress.com\/wp-content\/uploads\/2018\/07\/header_front_bg.jpg');\"><div class=\"port\"><div class=\"boldCell\"><div class=\"boldCellInner\"><div class=\"boldRow \" ><div class=\"boldRowInner\"><div class=\"rowItem col-md-12 col-ms-12  btTextLeft inherit\"  data-width=\"12\"><div class=\"rowItemContent\" ><header class=\"header btClear medium\" ><\/header><\/div><\/div><\/div><\/div><\/div><\/div><\/div><\/section><section id=\"bt_section69f32eda9052d\"  class=\"boldSection topSpaced bottomSpaced gutter inherit\" ><div class=\"port\"><div class=\"boldCell\"><div class=\"boldCellInner\"><div class=\"boldRow \" ><div class=\"boldRowInner\"><div class=\"rowItem col-md-12 col-ms-12  btTextLeft\"  data-width=\"12\"><div class=\"rowItemContent\" ><div class=\"btClear btSeparator bottomSpaced noBorder\" ><hr><\/div><div class=\"btText\" ><h2 data-start=\"68\" data-end=\"105\"><strong data-start=\"68\" data-end=\"105\">Izjava o varstvu osebnih podatkov<\/strong><\/h2>\n<p data-start=\"107\" data-end=\"235\"><strong data-start=\"107\" data-end=\"144\">Izjava o varstvu osebnih podatkov<\/strong> Obveznosti glede obve\u0161\u010danja v skladu s 13. \u010dlenom Splo\u0161ne uredbe o varstvu podatkov (GDPR)<\/p>\n<p data-start=\"237\" data-end=\"265\">Odgovorna oseba za obdelavo:<\/p>\n<p data-start=\"267\" data-end=\"414\">Alpen Adria Demenzkongress, organiziran s strani AOS GmbH Ringmauergasse 3 A-9500 Villach Telefon: +43 4242 29 191 10 E-po\u0161ta: <a rel=\"noopener\" data-start=\"394\" data-end=\"414\">office@aha-gruppe.at<\/a><\/p>\n<p data-start=\"416\" data-end=\"439\"><strong data-start=\"416\" data-end=\"439\">Udele\u017eba na dogodku<\/strong><\/p>\n<p data-start=\"441\" data-end=\"1174\">Za va\u0161o udele\u017ebo na dogodku \u201eAlpen Adria Demenzkongress\u201c obdelujemo, ob nakupu vstopnice, podatke, ki se nana\u0161ajo na vas, za izpolnitev pogodbe in za upravljanje poslovnega razmerja z vami (osnova za obdelavo je 6. \u010dlen, 1. odstavek, lit. b GDPR). Obi\u010dajno zbiramo in obdelujemo naslednje podatke: ime in priimek, kontaktni podatki (naslov, telefonska \u0161tevilka, e-po\u0161ta) ter podatki o obdelavi pla\u010dil. To po\u010dnemo, da bi zagotovili najbolj\u0161o organizacijo dogodka, vam izdali potrdilo o udele\u017ebi na va\u0161o zahtevo in vas lahko kontaktirali v pomembnih zadevah, ki se nana\u0161ajo na vas. Pravna podlaga za to je izpolnitev pogodbe z vami. Va\u0161e podatke hranimo za ta namen do 12 mesecev po zaklju\u010dku dogodka, za katerega ste kupili vstopnico.<\/p>\n<p data-start=\"1176\" data-end=\"1208\"><strong data-start=\"1176\" data-end=\"1208\">Vpra\u0161anja v zvezi z dogodkom<\/strong><\/p>\n<p data-start=\"1210\" data-end=\"1568\">Imate mo\u017enost, da nas preko tega spletnega mesta kontaktirate za vpra\u0161anja v zvezi z na\u0161o ponudbo. Potrudili se bomo, da na va\u0161a vpra\u0161anja odgovorimo \u010dim hitreje in shranjujemo va\u0161e podatke za ta namen do 6 mesecev po zaklju\u010dku dogodka, na katerega se nana\u0161a va\u0161e vpra\u0161anje, oziroma do 6 mesecev po odgovoru na va\u0161e vpra\u0161anje, \u010de le-ta ni povezan z dogodkom.<\/p>\n<p data-start=\"1570\" data-end=\"1629\"><strong data-start=\"1570\" data-end=\"1629\">Podatkovna baza udele\u017eencev in tr\u017eenje za lastne namene<\/strong><\/p>\n<p data-start=\"1631\" data-end=\"2764\">Na podlagi na\u0161ih zakonitih interesov shranjujemo podatke, ki se nana\u0161ajo na vas, do treh let po zadnjem stiku s stranko. Na\u0161i zakoniti interesi vklju\u010dujejo po\u0161iljanje oglasov in informacij o na\u0161i ponudbi izdelkov ali storitev na elektronski na\u010din (npr. po e-po\u0161ti ali SMS-u v skladu z 107. \u010dlenom Zakonika o telekomunikacijah) ter po po\u0161ti (pravna podlaga za to je 6. \u010dlen, 1. odstavek, lit. f GDPR). Za po\u0161iljanje oglasov po elektronski po\u0161ti lahko va\u0161e podatke posredujemo ogla\u0161evalskim agencijam ali ponudnikom storitev, ki omogo\u010dajo po\u0161iljanje teh oglasov. Ti obdelovalci podatkov smejo va\u0161e podatke uporabiti le za namen, ki smo ga dolo\u010dili kot odgovorni subjekt, tj. za po\u0161iljanje oglasov o naslednjem dogodku \u201eAlpen Adria Demenzkongress\u201c. V primeru, da je obdelava potrebna za izpolnitev zakonske obveznosti, se va\u0161i osebni podatki obdelujejo tudi na podlagi 6. \u010dlena, 1. odstavka, lit. c GDPR. \u010ce ste podali soglasje za obdelavo va\u0161ih osebnih podatkov, bo obdelava izvedena le v skladu z nameni, dolo\u010denimi v izjavi o soglasju in v obsegu, dogovorjenem v tej izjavi. Pravna podlaga za to je 6. \u010dlen, 1. odstavek, lit. a GDPR.<\/p>\n<p data-start=\"2766\" data-end=\"2799\"><strong data-start=\"2766\" data-end=\"2799\">Zagotavljanje spletnega mesta<\/strong><\/p>\n<p data-start=\"2801\" data-end=\"3185\">V okviru zagotavljanja tega spletnega mesta shranjujemo IP naslov, podatke o povezavi, razli\u010dico va\u0161ega brskalnika in operacijski sistem, ki ga uporabljate, v dnevni\u0161kih datotekah. Ti podatki se izbri\u0161ejo ali anonimno obdelajo po 6 mesecih. Te podatke potrebujemo za za\u0161\u010dito na\u0161ega spletnega mesta pred napadi in zlorabami ter za ustvarjanje anonimnih statisti\u010dnih podatkov o uporabi.<\/p>\n<p data-start=\"3187\" data-end=\"3583\">Uporaba sistema za upravljanje vsebin lahko tehnolo\u0161ko zahteva, da ob obisku na\u0161e spletne strani na va\u0161em ra\u010dunalniku shranimo pi\u0161kotke. \u010ce tega ne \u017eelite, lahko v nastavitvah svojega brskalnika onemogo\u010dite uporabo pi\u0161kotkov. V tem primeru pa lahko pride do te\u017eav pri delovanju spletnega mesta. \u010ce va\u0161a nastavitev omogo\u010da shranjevanje pi\u0161kotkov, to \u0161teje kot va\u0161a soglasje za shranjevanje le-teh.<\/p>\n<p data-start=\"3585\" data-end=\"3615\"><strong data-start=\"3585\" data-end=\"3615\">Uporaba analiti\u010dnih orodij<\/strong><\/p>\n<p data-start=\"3617\" data-end=\"4006\">Ta spletna stran uporablja Google Analytics, storitev za analizo spletnih strani podjetja Google Inc. Google Analytics uporablja pi\u0161kotke, besedilne datoteke, ki se shranijo na va\u0161em ra\u010dunalniku in omogo\u010dijo analizo uporabe spletnega mesta. Informacije, ustvarjene s pi\u0161kotkom o va\u0161i uporabi tega spletnega mesta, se obi\u010dajno prenesejo na stre\u017enik podjetja Google v ZDA in se tam shranijo.<\/p>\n<p data-start=\"4008\" data-end=\"4293\">Z aktiviranjem anonimnosti IP na tej spletni strani, bo va\u0161a IP-naslov skraj\u0161an s strani Google znotraj dr\u017eav \u010dlanic Evropske unije ali drugih pogodbenic Evropskega gospodarskega prostora. V izjemnih primerih se bo celoten IP-naslov prenesel na stre\u017enik Google v ZDA, kjer bo skraj\u0161an.<\/p>\n<p data-start=\"4295\" data-end=\"4531\">Google bo v imenu upravljavca tega spletnega mesta uporabil te informacije za oceno va\u0161e uporabe spletnega mesta, za pripravo poro\u010dil o dejavnostih na spletnem mestu in za druge storitve, povezane z uporabo spletnega mesta in interneta.<\/p>\n<p data-start=\"4533\" data-end=\"4707\">Namen uporabe Google Analytics je pridobiti informacije o uporabi na\u0161ega spletnega mesta. Te informacije analiziramo, da bi lahko na\u0161e spletne storitve u\u010dinkovito upravljali.<\/p>\n<p data-start=\"4709\" data-end=\"5021\">IP-naslov, ki ga va\u0161 brskalnik posreduje v okviru Google Analytics, ne bo zdru\u017een z drugimi podatki podjetja Google. Shranjevanje pi\u0161kotkov lahko prepre\u010dite z ustreznimi nastavitvami v programski opremi brskalnika; vendar vas opozarjamo, da morda ne boste mogli v celoti izkoristiti vseh funkcij spletnega mesta.<\/p>\n<p data-start=\"5023\" data-end=\"5245\">Poleg tega lahko prepre\u010dite zbiranje podatkov, ustvarjenih s pi\u0161kotkom, ki se nana\u0161ajo na va\u0161o uporabo spletnega mesta, in njihovo obdelavo s strani podjetja Google, \u010de prenesete in namestite ustrezen vti\u010dnik za brskalnik.<\/p>\n<p data-start=\"5247\" data-end=\"5441\">Za ve\u010d informacij o uporabi podatkov s strani podjetja Google, mo\u017enostih nastavitve in ugovora si oglejte izjavo o varstvu osebnih podatkov podjetja Google in nastavitve za prikazovanje oglasov.<\/p>\n<p data-start=\"5443\" data-end=\"5614\">Google je certificiran v skladu s shemo Privacy Shield, kar zagotavlja spo\u0161tovanje ustreznih standardov varstva osebnih podatkov in evropske zakonodaje o varstvu podatkov.<\/p>\n<p data-start=\"5616\" data-end=\"5632\"><strong data-start=\"5616\" data-end=\"5632\">Va\u0161e pravice<\/strong><\/p>\n<p data-start=\"5634\" data-end=\"6360\">Imate pravico do dostopa, popravka, izbrisa, omejitve, prenosljivosti podatkov, preklica in ugovora glede obdelave va\u0161ih osebnih podatkov. Za to se obrnite na nas. \u010ce je obdelava va\u0161ih osebnih podatkov izvedena na podlagi va\u0161ega izrecnega soglasja v skladu z 6. \u010dlenom, 1. odstavkom, lit. a GDPR, imate pravico, da to soglasje kadar koli pisno prekli\u010dete, brez vpliva na zakonitost obdelave, ki je bila izvedena na podlagi soglasja do preklica. \u010ce menite, da obdelava va\u0161ih podatkov kr\u0161i zakonodajo o varstvu osebnih podatkov ali da so bile va\u0161e pravice na tem podro\u010dju druga\u010de kr\u0161ene, se lahko prito\u017eite pri nadzornem organu. V Avstriji je to Avstrijska agencija za varstvo podatkov, Wickenburggasse 8, A-1080, <a target=\"_new\" rel=\"noopener\" data-start=\"6346\" data-end=\"6359\">www.dsb.gv.at<\/a>.<\/p>\n<p data-start=\"6362\" data-end=\"6607\" data-is-last-node=\"\">Za zagotavljanje najbolj\u0161ega mo\u017enega upo\u0161tevanja dolo\u010dil GDPR in ZVOP-2 v va\u0161em interesu smo si za svetovanje na podro\u010dju varstva osebnih podatkov in varnosti podatkov pridobili pomo\u010d podjetja Conve GmbH, A-9431 St. Stefan, <a rel=\"noopener\" data-start=\"6586\" data-end=\"6606\">datenschutz@conve.eu<\/a>.<\/p>\n<\/div><\/div><\/div><\/div><\/div><\/div><\/div><\/div><\/section><\/div>","protected":false},"excerpt":{"rendered":"","protected":false},"author":1,"featured_media":0,"parent":0,"menu_order":0,"comment_status":"closed","ping_status":"closed","template":"","meta":{"footnotes":""},"class_list":["post-6215","page","type-page","status-publish","hentry"],"yoast_head":"<!-- This site is optimized with the Yoast SEO plugin v26.8 - https:\/\/yoast.com\/product\/yoast-seo-wordpress\/ -->\n<title>Politika zasebnosti - Alpen Adria Demenzkongress<\/title>\n<meta name=\"robots\" content=\"index, follow, max-snippet:-1, max-image-preview:large, max-video-preview:-1\" \/>\n<link rel=\"canonical\" href=\"https:\/\/www.demenzkongress.com\/sl\/politika-zasebnosti\/\" \/>\n<meta property=\"og:locale\" content=\"sl_SI\" \/>\n<meta property=\"og:type\" content=\"article\" \/>\n<meta property=\"og:title\" content=\"Politika zasebnosti - Alpen Adria Demenzkongress\" \/>\n<meta property=\"og:url\" content=\"https:\/\/www.demenzkongress.com\/sl\/politika-zasebnosti\/\" \/>\n<meta property=\"og:site_name\" content=\"Alpen Adria Demenzkongress\" \/>\n<meta property=\"article:modified_time\" content=\"2025-02-25T16:26:09+00:00\" \/>\n<meta name=\"twitter:card\" content=\"summary_large_image\" \/>\n<meta name=\"twitter:label1\" content=\"Est. reading time\" \/>\n\t<meta name=\"twitter:data1\" content=\"6 minut\" \/>\n<script type=\"application\/ld+json\" class=\"yoast-schema-graph\">{\"@context\":\"https:\/\/schema.org\",\"@graph\":[{\"@type\":\"WebPage\",\"@id\":\"https:\/\/www.demenzkongress.com\/sl\/politika-zasebnosti\/\",\"url\":\"https:\/\/www.demenzkongress.com\/sl\/politika-zasebnosti\/\",\"name\":\"Politika zasebnosti - Alpen Adria Demenzkongress\",\"isPartOf\":{\"@id\":\"https:\/\/www.demenzkongress.com\/sl\/#website\"},\"datePublished\":\"2018-07-24T08:15:39+00:00\",\"dateModified\":\"2025-02-25T16:26:09+00:00\",\"breadcrumb\":{\"@id\":\"https:\/\/www.demenzkongress.com\/sl\/politika-zasebnosti\/#breadcrumb\"},\"inLanguage\":\"sl-SI\",\"potentialAction\":[{\"@type\":\"ReadAction\",\"target\":[\"https:\/\/www.demenzkongress.com\/sl\/politika-zasebnosti\/\"]}]},{\"@type\":\"BreadcrumbList\",\"@id\":\"https:\/\/www.demenzkongress.com\/sl\/politika-zasebnosti\/#breadcrumb\",\"itemListElement\":[{\"@type\":\"ListItem\",\"position\":1,\"name\":\"Home\",\"item\":\"https:\/\/www.demenzkongress.com\/sl\/\"},{\"@type\":\"ListItem\",\"position\":2,\"name\":\"Politika zasebnosti\"}]},{\"@type\":\"WebSite\",\"@id\":\"https:\/\/www.demenzkongress.com\/sl\/#website\",\"url\":\"https:\/\/www.demenzkongress.com\/sl\/\",\"name\":\"Alpen Adria Demenzkongress\",\"description\":\"\",\"publisher\":{\"@id\":\"https:\/\/www.demenzkongress.com\/sl\/#organization\"},\"potentialAction\":[{\"@type\":\"SearchAction\",\"target\":{\"@type\":\"EntryPoint\",\"urlTemplate\":\"https:\/\/www.demenzkongress.com\/sl\/?s={search_term_string}\"},\"query-input\":{\"@type\":\"PropertyValueSpecification\",\"valueRequired\":true,\"valueName\":\"search_term_string\"}}],\"inLanguage\":\"sl-SI\"},{\"@type\":\"Organization\",\"@id\":\"https:\/\/www.demenzkongress.com\/sl\/#organization\",\"name\":\"Alpen Adria Demenkongress\",\"url\":\"https:\/\/www.demenzkongress.com\/sl\/\",\"logo\":{\"@type\":\"ImageObject\",\"inLanguage\":\"sl-SI\",\"@id\":\"https:\/\/www.demenzkongress.com\/sl\/#\/schema\/logo\/image\/\",\"url\":\"https:\/\/www.demenzkongress.com\/wp-content\/uploads\/2018\/07\/tickera_logo.png\",\"contentUrl\":\"https:\/\/www.demenzkongress.com\/wp-content\/uploads\/2018\/07\/tickera_logo.png\",\"width\":392,\"height\":88,\"caption\":\"Alpen Adria Demenkongress\"},\"image\":{\"@id\":\"https:\/\/www.demenzkongress.com\/sl\/#\/schema\/logo\/image\/\"}}]}<\/script>\n<!-- \/ Yoast SEO plugin. -->","yoast_head_json":{"title":"Politika zasebnosti - Alpen Adria Demenzkongress","robots":{"index":"index","follow":"follow","max-snippet":"max-snippet:-1","max-image-preview":"max-image-preview:large","max-video-preview":"max-video-preview:-1"},"canonical":"https:\/\/www.demenzkongress.com\/sl\/politika-zasebnosti\/","og_locale":"sl_SI","og_type":"article","og_title":"Politika zasebnosti - Alpen Adria Demenzkongress","og_url":"https:\/\/www.demenzkongress.com\/sl\/politika-zasebnosti\/","og_site_name":"Alpen Adria Demenzkongress","article_modified_time":"2025-02-25T16:26:09+00:00","twitter_card":"summary_large_image","twitter_misc":{"Est. reading time":"6 minut"},"schema":{"@context":"https:\/\/schema.org","@graph":[{"@type":"WebPage","@id":"https:\/\/www.demenzkongress.com\/sl\/politika-zasebnosti\/","url":"https:\/\/www.demenzkongress.com\/sl\/politika-zasebnosti\/","name":"Politika zasebnosti - Alpen Adria Demenzkongress","isPartOf":{"@id":"https:\/\/www.demenzkongress.com\/sl\/#website"},"datePublished":"2018-07-24T08:15:39+00:00","dateModified":"2025-02-25T16:26:09+00:00","breadcrumb":{"@id":"https:\/\/www.demenzkongress.com\/sl\/politika-zasebnosti\/#breadcrumb"},"inLanguage":"sl-SI","potentialAction":[{"@type":"ReadAction","target":["https:\/\/www.demenzkongress.com\/sl\/politika-zasebnosti\/"]}]},{"@type":"BreadcrumbList","@id":"https:\/\/www.demenzkongress.com\/sl\/politika-zasebnosti\/#breadcrumb","itemListElement":[{"@type":"ListItem","position":1,"name":"Home","item":"https:\/\/www.demenzkongress.com\/sl\/"},{"@type":"ListItem","position":2,"name":"Politika zasebnosti"}]},{"@type":"WebSite","@id":"https:\/\/www.demenzkongress.com\/sl\/#website","url":"https:\/\/www.demenzkongress.com\/sl\/","name":"Alpen Adria Demenzkongress","description":"","publisher":{"@id":"https:\/\/www.demenzkongress.com\/sl\/#organization"},"potentialAction":[{"@type":"SearchAction","target":{"@type":"EntryPoint","urlTemplate":"https:\/\/www.demenzkongress.com\/sl\/?s={search_term_string}"},"query-input":{"@type":"PropertyValueSpecification","valueRequired":true,"valueName":"search_term_string"}}],"inLanguage":"sl-SI"},{"@type":"Organization","@id":"https:\/\/www.demenzkongress.com\/sl\/#organization","name":"Alpen Adria Demenkongress","url":"https:\/\/www.demenzkongress.com\/sl\/","logo":{"@type":"ImageObject","inLanguage":"sl-SI","@id":"https:\/\/www.demenzkongress.com\/sl\/#\/schema\/logo\/image\/","url":"https:\/\/www.demenzkongress.com\/wp-content\/uploads\/2018\/07\/tickera_logo.png","contentUrl":"https:\/\/www.demenzkongress.com\/wp-content\/uploads\/2018\/07\/tickera_logo.png","width":392,"height":88,"caption":"Alpen Adria Demenkongress"},"image":{"@id":"https:\/\/www.demenzkongress.com\/sl\/#\/schema\/logo\/image\/"}}]}},"_links":{"self":[{"href":"https:\/\/www.demenzkongress.com\/sl\/wp-json\/wp\/v2\/pages\/6215","targetHints":{"allow":["GET"]}}],"collection":[{"href":"https:\/\/www.demenzkongress.com\/sl\/wp-json\/wp\/v2\/pages"}],"about":[{"href":"https:\/\/www.demenzkongress.com\/sl\/wp-json\/wp\/v2\/types\/page"}],"author":[{"embeddable":true,"href":"https:\/\/www.demenzkongress.com\/sl\/wp-json\/wp\/v2\/users\/1"}],"replies":[{"embeddable":true,"href":"https:\/\/www.demenzkongress.com\/sl\/wp-json\/wp\/v2\/comments?post=6215"}],"version-history":[{"count":2,"href":"https:\/\/www.demenzkongress.com\/sl\/wp-json\/wp\/v2\/pages\/6215\/revisions"}],"predecessor-version":[{"id":6771,"href":"https:\/\/www.demenzkongress.com\/sl\/wp-json\/wp\/v2\/pages\/6215\/revisions\/6771"}],"wp:attachment":[{"href":"https:\/\/www.demenzkongress.com\/sl\/wp-json\/wp\/v2\/media?parent=6215"}],"curies":[{"name":"wp","href":"https:\/\/api.w.org\/{rel}","templated":true}]}}