{"id":6200,"date":"2018-07-24T10:22:29","date_gmt":"2018-07-24T08:22:29","guid":{"rendered":"https:\/\/www.demenzkongress.com\/impressum\/"},"modified":"2025-02-25T17:24:27","modified_gmt":"2025-02-25T16:24:27","slug":"izdajatelj","status":"publish","type":"page","link":"https:\/\/www.demenzkongress.com\/sl\/izdajatelj\/","title":{"rendered":"Izdajatelj"},"content":{"rendered":"<div class=\"bt_rc_container\"><section id=\"bt_section69ef5f75461d5\"  class=\"boldSection topSpaced bottomSpaced btDarkSkin gutter inherit wBackground cover\" style=\"background-image:url('https:\/\/www.demenzkongress.com\/wp-content\/uploads\/2018\/07\/header_front_bg.jpg');\"><div class=\"port\"><div class=\"boldCell\"><div class=\"boldCellInner\"><div class=\"boldRow \" ><div class=\"boldRowInner\"><div class=\"rowItem col-md-12 col-ms-12  btTextLeft inherit\"  data-width=\"12\"><div class=\"rowItemContent\" ><header class=\"header btClear medium\" ><\/header><\/div><\/div><\/div><\/div><\/div><\/div><\/div><\/section><section id=\"bt_section69ef5f75464c0\"  class=\"boldSection gutter\" ><div class=\"port\"><div class=\"boldCell\"><div class=\"boldCellInner\"><div class=\"boldRow \" ><div class=\"boldRowInner\"><div class=\"rowItem col-md-12 col-ms-12  btTextLeft\"  data-width=\"12\"><div class=\"rowItemContent\" ><div class=\"btClear btSeparator bottomSemiSpaced noBorder\" ><hr><\/div><div class=\"btText\" ><p data-start=\"0\" data-end=\"14\"><strong data-start=\"0\" data-end=\"12\">Impresum<\/strong><\/p>\n<p data-start=\"16\" data-end=\"43\"><strong data-start=\"16\" data-end=\"41\">Za vsebino odgovorna:<\/strong><\/p>\n<p data-start=\"45\" data-end=\"102\"><strong data-start=\"45\" data-end=\"57\">AOS GmbH<\/strong><br data-start=\"57\" data-end=\"60\" \/>Ringmauergasse 3<br data-start=\"76\" data-end=\"79\" \/>9500 Beljak (Villach)<\/p>\n<p data-start=\"104\" data-end=\"129\"><strong data-start=\"104\" data-end=\"127\">Podatki o podjetju:<\/strong><\/p>\n<ul data-start=\"131\" data-end=\"277\">\n<li data-start=\"131\" data-end=\"175\">\u0160tevilka sodnega registra: <strong data-start=\"160\" data-end=\"173\">FN112553w<\/strong><\/li>\n<li data-start=\"176\" data-end=\"221\">Registracijsko sodi\u0161\u010de: <strong data-start=\"202\" data-end=\"219\">LG Klagenfurt<\/strong><\/li>\n<li data-start=\"222\" data-end=\"253\">ID za DDV: <strong data-start=\"235\" data-end=\"251\">ATU 26590301<\/strong><\/li>\n<li data-start=\"254\" data-end=\"277\">Sede\u017e: <strong data-start=\"263\" data-end=\"275\">Avstrija<\/strong><\/li>\n<\/ul>\n<p data-start=\"279\" data-end=\"293\"><strong data-start=\"279\" data-end=\"291\">Kontakt:<\/strong><\/p>\n<ul data-start=\"295\" data-end=\"408\">\n<li data-start=\"295\" data-end=\"328\">Tel.: <strong data-start=\"303\" data-end=\"326\">+43 (0) 4242 29 191<\/strong><\/li>\n<li data-start=\"329\" data-end=\"365\">Faks: <strong data-start=\"337\" data-end=\"363\">+43 (0) 4242 29 19 120<\/strong><\/li>\n<li data-start=\"366\" data-end=\"408\">E-po\u0161ta: <strong data-start=\"377\" data-end=\"406\"><a rel=\"noopener\" data-start=\"379\" data-end=\"404\">office@demenzkongress.com<\/a><\/strong><\/li>\n<\/ul>\n<p data-start=\"410\" data-end=\"439\"><strong data-start=\"410\" data-end=\"437\">Oblikovanje in izvedba:<\/strong><\/p>\n<ul data-start=\"441\" data-end=\"513\">\n<li data-start=\"441\" data-end=\"461\"><strong data-start=\"443\" data-end=\"459\">Alert d.o.o.<\/strong><\/li>\n<li data-start=\"462\" data-end=\"490\"><strong data-start=\"464\" data-end=\"488\">EPSIMEC GmbH &amp; Co KG<\/strong><\/li>\n<li data-start=\"491\" data-end=\"513\"><strong data-start=\"493\" data-end=\"511\">Patronage GmbH<\/strong><\/li>\n<\/ul>\n<p data-start=\"515\" data-end=\"538\"><strong data-start=\"515\" data-end=\"536\">Avtorske pravice:<\/strong><\/p>\n<p data-start=\"540\" data-end=\"825\" data-is-last-node=\"\">Vse slikovno in besedilno gradivo je last <strong data-start=\"582\" data-end=\"594\">AOS GmbH<\/strong>, razen \u010de ni druga\u010de navedeno, in ga ni dovoljeno reproducirati ali kakor koli druga\u010de objavljati brez dovoljenja. Izjema so fotografije predavateljev, ki so za\u0161\u010ditene z avtorskimi pravicami, navedenimi posebej za vsakega avtorja.<\/p>\n<\/div><\/div><\/div><\/div><\/div><\/div><\/div><\/div><\/section><\/div>","protected":false},"excerpt":{"rendered":"","protected":false},"author":1,"featured_media":0,"parent":0,"menu_order":0,"comment_status":"closed","ping_status":"closed","template":"","meta":{"footnotes":""},"class_list":["post-6200","page","type-page","status-publish","hentry"],"yoast_head":"<!-- This site is optimized with the Yoast SEO plugin v26.8 - https:\/\/yoast.com\/product\/yoast-seo-wordpress\/ -->\n<title>Izdajatelj - Alpen Adria Demenzkongress<\/title>\n<meta name=\"robots\" content=\"index, follow, max-snippet:-1, max-image-preview:large, max-video-preview:-1\" \/>\n<link rel=\"canonical\" href=\"https:\/\/www.demenzkongress.com\/sl\/izdajatelj\/\" \/>\n<meta property=\"og:locale\" content=\"sl_SI\" \/>\n<meta property=\"og:type\" content=\"article\" \/>\n<meta property=\"og:title\" content=\"Izdajatelj - Alpen Adria Demenzkongress\" \/>\n<meta property=\"og:url\" content=\"https:\/\/www.demenzkongress.com\/sl\/izdajatelj\/\" \/>\n<meta property=\"og:site_name\" content=\"Alpen Adria Demenzkongress\" \/>\n<meta property=\"article:modified_time\" content=\"2025-02-25T16:24:27+00:00\" \/>\n<meta name=\"twitter:card\" content=\"summary_large_image\" \/>\n<meta name=\"twitter:label1\" content=\"Est. reading time\" \/>\n\t<meta name=\"twitter:data1\" content=\"1 minuta\" \/>\n<script type=\"application\/ld+json\" class=\"yoast-schema-graph\">{\"@context\":\"https:\/\/schema.org\",\"@graph\":[{\"@type\":\"WebPage\",\"@id\":\"https:\/\/www.demenzkongress.com\/sl\/izdajatelj\/\",\"url\":\"https:\/\/www.demenzkongress.com\/sl\/izdajatelj\/\",\"name\":\"Izdajatelj - Alpen Adria Demenzkongress\",\"isPartOf\":{\"@id\":\"https:\/\/www.demenzkongress.com\/sl\/#website\"},\"datePublished\":\"2018-07-24T08:22:29+00:00\",\"dateModified\":\"2025-02-25T16:24:27+00:00\",\"breadcrumb\":{\"@id\":\"https:\/\/www.demenzkongress.com\/sl\/izdajatelj\/#breadcrumb\"},\"inLanguage\":\"sl-SI\",\"potentialAction\":[{\"@type\":\"ReadAction\",\"target\":[\"https:\/\/www.demenzkongress.com\/sl\/izdajatelj\/\"]}]},{\"@type\":\"BreadcrumbList\",\"@id\":\"https:\/\/www.demenzkongress.com\/sl\/izdajatelj\/#breadcrumb\",\"itemListElement\":[{\"@type\":\"ListItem\",\"position\":1,\"name\":\"Home\",\"item\":\"https:\/\/www.demenzkongress.com\/sl\/\"},{\"@type\":\"ListItem\",\"position\":2,\"name\":\"Izdajatelj\"}]},{\"@type\":\"WebSite\",\"@id\":\"https:\/\/www.demenzkongress.com\/sl\/#website\",\"url\":\"https:\/\/www.demenzkongress.com\/sl\/\",\"name\":\"Alpen Adria Demenzkongress\",\"description\":\"\",\"publisher\":{\"@id\":\"https:\/\/www.demenzkongress.com\/sl\/#organization\"},\"potentialAction\":[{\"@type\":\"SearchAction\",\"target\":{\"@type\":\"EntryPoint\",\"urlTemplate\":\"https:\/\/www.demenzkongress.com\/sl\/?s={search_term_string}\"},\"query-input\":{\"@type\":\"PropertyValueSpecification\",\"valueRequired\":true,\"valueName\":\"search_term_string\"}}],\"inLanguage\":\"sl-SI\"},{\"@type\":\"Organization\",\"@id\":\"https:\/\/www.demenzkongress.com\/sl\/#organization\",\"name\":\"Alpen Adria Demenkongress\",\"url\":\"https:\/\/www.demenzkongress.com\/sl\/\",\"logo\":{\"@type\":\"ImageObject\",\"inLanguage\":\"sl-SI\",\"@id\":\"https:\/\/www.demenzkongress.com\/sl\/#\/schema\/logo\/image\/\",\"url\":\"https:\/\/www.demenzkongress.com\/wp-content\/uploads\/2018\/07\/tickera_logo.png\",\"contentUrl\":\"https:\/\/www.demenzkongress.com\/wp-content\/uploads\/2018\/07\/tickera_logo.png\",\"width\":392,\"height\":88,\"caption\":\"Alpen Adria Demenkongress\"},\"image\":{\"@id\":\"https:\/\/www.demenzkongress.com\/sl\/#\/schema\/logo\/image\/\"}}]}<\/script>\n<!-- \/ Yoast SEO plugin. -->","yoast_head_json":{"title":"Izdajatelj - Alpen Adria Demenzkongress","robots":{"index":"index","follow":"follow","max-snippet":"max-snippet:-1","max-image-preview":"max-image-preview:large","max-video-preview":"max-video-preview:-1"},"canonical":"https:\/\/www.demenzkongress.com\/sl\/izdajatelj\/","og_locale":"sl_SI","og_type":"article","og_title":"Izdajatelj - Alpen Adria Demenzkongress","og_url":"https:\/\/www.demenzkongress.com\/sl\/izdajatelj\/","og_site_name":"Alpen Adria Demenzkongress","article_modified_time":"2025-02-25T16:24:27+00:00","twitter_card":"summary_large_image","twitter_misc":{"Est. reading time":"1 minuta"},"schema":{"@context":"https:\/\/schema.org","@graph":[{"@type":"WebPage","@id":"https:\/\/www.demenzkongress.com\/sl\/izdajatelj\/","url":"https:\/\/www.demenzkongress.com\/sl\/izdajatelj\/","name":"Izdajatelj - Alpen Adria Demenzkongress","isPartOf":{"@id":"https:\/\/www.demenzkongress.com\/sl\/#website"},"datePublished":"2018-07-24T08:22:29+00:00","dateModified":"2025-02-25T16:24:27+00:00","breadcrumb":{"@id":"https:\/\/www.demenzkongress.com\/sl\/izdajatelj\/#breadcrumb"},"inLanguage":"sl-SI","potentialAction":[{"@type":"ReadAction","target":["https:\/\/www.demenzkongress.com\/sl\/izdajatelj\/"]}]},{"@type":"BreadcrumbList","@id":"https:\/\/www.demenzkongress.com\/sl\/izdajatelj\/#breadcrumb","itemListElement":[{"@type":"ListItem","position":1,"name":"Home","item":"https:\/\/www.demenzkongress.com\/sl\/"},{"@type":"ListItem","position":2,"name":"Izdajatelj"}]},{"@type":"WebSite","@id":"https:\/\/www.demenzkongress.com\/sl\/#website","url":"https:\/\/www.demenzkongress.com\/sl\/","name":"Alpen Adria Demenzkongress","description":"","publisher":{"@id":"https:\/\/www.demenzkongress.com\/sl\/#organization"},"potentialAction":[{"@type":"SearchAction","target":{"@type":"EntryPoint","urlTemplate":"https:\/\/www.demenzkongress.com\/sl\/?s={search_term_string}"},"query-input":{"@type":"PropertyValueSpecification","valueRequired":true,"valueName":"search_term_string"}}],"inLanguage":"sl-SI"},{"@type":"Organization","@id":"https:\/\/www.demenzkongress.com\/sl\/#organization","name":"Alpen Adria Demenkongress","url":"https:\/\/www.demenzkongress.com\/sl\/","logo":{"@type":"ImageObject","inLanguage":"sl-SI","@id":"https:\/\/www.demenzkongress.com\/sl\/#\/schema\/logo\/image\/","url":"https:\/\/www.demenzkongress.com\/wp-content\/uploads\/2018\/07\/tickera_logo.png","contentUrl":"https:\/\/www.demenzkongress.com\/wp-content\/uploads\/2018\/07\/tickera_logo.png","width":392,"height":88,"caption":"Alpen Adria Demenkongress"},"image":{"@id":"https:\/\/www.demenzkongress.com\/sl\/#\/schema\/logo\/image\/"}}]}},"_links":{"self":[{"href":"https:\/\/www.demenzkongress.com\/sl\/wp-json\/wp\/v2\/pages\/6200","targetHints":{"allow":["GET"]}}],"collection":[{"href":"https:\/\/www.demenzkongress.com\/sl\/wp-json\/wp\/v2\/pages"}],"about":[{"href":"https:\/\/www.demenzkongress.com\/sl\/wp-json\/wp\/v2\/types\/page"}],"author":[{"embeddable":true,"href":"https:\/\/www.demenzkongress.com\/sl\/wp-json\/wp\/v2\/users\/1"}],"replies":[{"embeddable":true,"href":"https:\/\/www.demenzkongress.com\/sl\/wp-json\/wp\/v2\/comments?post=6200"}],"version-history":[{"count":6,"href":"https:\/\/www.demenzkongress.com\/sl\/wp-json\/wp\/v2\/pages\/6200\/revisions"}],"predecessor-version":[{"id":6767,"href":"https:\/\/www.demenzkongress.com\/sl\/wp-json\/wp\/v2\/pages\/6200\/revisions\/6767"}],"wp:attachment":[{"href":"https:\/\/www.demenzkongress.com\/sl\/wp-json\/wp\/v2\/media?parent=6200"}],"curies":[{"name":"wp","href":"https:\/\/api.w.org\/{rel}","templated":true}]}}