{"id":6190,"date":"2024-11-11T10:58:51","date_gmt":"2024-11-11T09:58:51","guid":{"rendered":"https:\/\/www.demenzkongress.com\/unterkunft\/"},"modified":"2025-02-25T17:25:35","modified_gmt":"2025-02-25T16:25:35","slug":"nastanitev","status":"publish","type":"page","link":"https:\/\/www.demenzkongress.com\/sl\/nastanitev\/","title":{"rendered":"Nastanitev"},"content":{"rendered":"<div class=\"bt_rc_container\"><section id=\"bt_section69f1b8614af6d\" data-parallax=\"0.1\" data-parallax-offset=\"0\" class=\"boldSection topExtraSpaced bottomSpaced btDarkSkin gutter btBottomVertical btParallax wBackground cover btStriped black\" style=\"background-image:url('https:\/\/www.demenzkongress.com\/wp-content\/uploads\/2024\/11\/Alpen-Adria-Demenzkongress-2025-Weiterbildungen-Pflege-Aerzte.jpg');\"><div class=\"port\"><div class=\"boldCell\"><div class=\"boldCellInner\"><div class=\"boldRow \" ><div class=\"boldRowInner\"><div class=\"rowItem col-md-12 col-ms-12  btTextLeft inherit\"  data-width=\"12\"><div class=\"rowItemContent\" ><header class=\"header btClear large btDash bottomDash\" ><div class=\"btSuperTitle\">CONGRESS CENTER VILLACH<\/div><div class=\"dash\"><h2><span class=\"headline\"><b class=\"animate\">2<\/b> dni \/ <b class=\"animate\"> 21<\/b> predavanja \/ <b class=\"animate\"> 8<\/b> delavnice\r<br>Top predavatelji iz medicine,\r<br>nege in dru\u017ebe<\/span><\/h2><\/div><div class=\"btSubTitle\">28. &#8211; 29. marec 2025<\/div><\/header><\/div><\/div><\/div><\/div><\/div><\/div><\/div><\/section><section id=\"bt_section69f1b8614b474\" data-parallax=\"0.1\" data-parallax-offset=\"0\" class=\"boldSection topSpaced bottomSpaced gutter inherit btParallax\" ><div class=\"port\"><div class=\"boldCell\"><div class=\"boldCellInner\"><div class=\"boldRow \" ><div class=\"boldRowInner\"><div class=\"rowItem col-md-12 col-ms-12  btTextLeft inherit\"  data-width=\"12\"><div class=\"rowItemContent\" ><header class=\"header btClear medium\" ><div class=\"btSuperTitle\">Suchen Sie eine<\/div><div class=\"dash\"><h3><span class=\"headline\">Namestitev za Alpen Adria kongres o demenci<\/span><\/h3><\/div><\/header><div class=\"btClear btSeparator topSemiSpaced noBorder\" ><hr><\/div><header class=\"header btClear medium\" ><div class=\"btSuperTitle\">Buchen Sie<\/div><div class=\"dash\"><h3><span class=\"headline\">4-zvezdi\u010dni Superior hotel voco Villach<\/span><\/h3><\/div><\/header><div class=\"btClear btSeparator topSemiSpaced noBorder\" ><hr><\/div><div class=\"bpgPhoto \" ><div class=\"btImage\"><img decoding=\"async\" src=\"https:\/\/www.demenzkongress.com\/wp-content\/uploads\/2024\/11\/web_voco_villach_room_viewcsimoneattisani.jpg.webp\" alt=\"https:\/\/www.demenzkongress.com\/wp-content\/uploads\/2024\/11\/web_voco_villach_room_viewcsimoneattisani.jpg.webp\"><\/div><\/div><div class=\"btText\" ><\/div><div class=\"btClear btSeparator topSemiSpaced noBorder\" ><hr><\/div><div class=\"btText\" ><p>Dobrodo\u0161li v hotelu voco Villach, 4-zvezdi\u010dnem Superior hotelu, ki se nahaja idili\u010dno ob reki Dravi z osupljivim pogledom na gore. Potopite se v stil in udobje najvi\u0161je ravni. Pri nas boste bivali v sredi\u0161\u010du Villacha po zelo ugodnih cenah. Poleg tega u\u017eivajte v na\u0161i nagrajeni gurmanski kuhinji, ki je prejela 3 kape in 15,5 to\u010dke od priznane revije Gault&amp;Millau. Do\u017eivite neprimerljiv u\u017eitek in vrhunsko storitev v oazi elegance. Dobrodo\u0161li v voco Villach \u2013 kjer se izjemnost sre\u010da z gostoljubnostjo.<\/p>\n<\/div><div class=\"btClear btSeparator topSemiSpaced noBorder\" ><hr><\/div><a href=\"https:\/\/villach.vocohotels.com\/?LNG=de\" class=\"btBtn btBtn btnOutlineStyle btnNormalColor btnMedium btnNormalWidth btnRightPosition btnNoIcon\"  target=\"_blank\"><span class=\"btnInnerText\">Tukaj rezervirajte hotel voco<\/span><\/a><\/div><\/div><\/div><\/div><\/div><\/div><\/div><\/section><section id=\"bt_section69f1b8614c318\" data-parallax=\"0.1\" data-parallax-offset=\"0\" class=\"boldSection topSpaced bottomSpaced gutter inherit btParallax\" ><div class=\"port\"><div class=\"boldCell\"><div class=\"boldCellInner\"><div class=\"boldRow \" ><div class=\"boldRowInner\"><div class=\"rowItem col-md-12 col-ms-12  btTextLeft inherit\"  data-width=\"12\"><div class=\"rowItemContent\" ><header class=\"header btClear medium\" ><div class=\"btSuperTitle\">Buchen Sie<\/div><div class=\"dash\"><h3><span class=\"headline\">Harrys-Home Villach<\/span><\/h3><\/div><\/header><div class=\"btClear btSeparator topSemiSpaced noBorder\" ><hr><\/div><div class=\"bpgPhoto \" ><div class=\"btImage\"><img decoding=\"async\" src=\"https:\/\/www.demenzkongress.com\/wp-content\/uploads\/2024\/11\/Bildschirmfoto-2024-11-18-um-14.33.59.png\" alt=\"https:\/\/www.demenzkongress.com\/wp-content\/uploads\/2024\/11\/Bildschirmfoto-2024-11-18-um-14.33.59.png\"><\/div><\/div><div class=\"btText\" ><\/div><div class=\"btClear btSeparator topSemiSpaced noBorder\" ><hr><\/div><div class=\"btText\" ><p>Sredi\u0161\u010du mesta, neposredno ob \u017eelezni\u0161ki postaji, se nahaja novi Harry&#8217;s Home Villach, ki kot prvo hotel v slogu tretje oblikovalske generacije zasije. Zaradi svoje lege v sredi\u0161\u010du Koro\u0161ke je skozi vse leto idealno izhodi\u0161\u010de za \u0161tevilne aktivnosti v regiji: u\u017eivanje v kopanju na jezeru Faak ali sne\u017eni u\u017eitki v Villacher Alpah dopolnijo obisk \u010dudovitega starega mestnega jedra Villacha z njegovimi \u0161tevilnimi dogodki.<\/p>\n<\/div><div class=\"btClear btSeparator topSemiSpaced noBorder\" ><hr><\/div><a href=\"https:\/\/harrys-home.com\/villach\/?bookingsrc=GADS&amp;gad_source=1\" class=\"btBtn btBtn btnOutlineStyle btnNormalColor btnMedium btnNormalWidth btnRightPosition btnNoIcon\"  target=\"_blank\"><span class=\"btnInnerText\">Tukaj rezervirajte Harry\u2019s Home<\/span><\/a><\/div><\/div><\/div><\/div><\/div><\/div><\/div><\/section><section id=\"bt_section69f1b8614cecf\"  class=\"boldSection topSpaced bottomSpaced btLightSkin gutter inherit\" ><div class=\"port\"><div class=\"boldCell\"><div class=\"boldCellInner\"><div class=\"boldRow \" ><div class=\"boldRowInner\"><div class=\"rowItem col-md-12 col-ms-12  btTextCenter inherit\"  data-width=\"12\"><div class=\"rowItemContent\" ><header class=\"header btClear medium btDash bottomDash\" style=\"margin-bottom: 0px;\"><div class=\"dash\"><h3><span class=\"headline\">Follow us<\/span><\/h3><\/div><div class=\"btSubTitle\">Alpen Adria Demenzkongress<\/div><\/header><div class=\"btClear btSeparator topSemiSpaced noBorder\" ><hr><\/div><\/div><\/div><\/div><\/div><div class=\"boldRow \" ><div class=\"boldRowInner\"><div class=\"rowItem col-md-12 col-ms-12  btTextCenter animate animate-fadein inherit\"  data-width=\"12\"><div class=\"rowItemContent\" ><div class=\"btIconImageRow\" ><span class=\"btIco btIcoFilledType btIcoMediumSize btIcoAccentColor\"><a href=\"https:\/\/www.facebook.com\/demenzkongress\/\"  target=\"no_target\" data-ico-fa=\"&#xf09a;\" class=\"btIcoHolder\"><\/a><\/span><span class=\"btIco btIcoFilledType btIcoMediumSize btIcoAccentColor\"><a href=\"https:\/\/www.youtube.com\/channel\/UCmVAYqjdeH7f_VjG-ZsK3pg\/featured\"  target=\"no_target\" data-ico-fa=\"&#xf167;\" class=\"btIcoHolder\"><\/a><\/span><\/div><\/div><\/div><\/div><\/div><\/div><\/div><\/div><\/section><\/div>","protected":false},"excerpt":{"rendered":"","protected":false},"author":1,"featured_media":0,"parent":0,"menu_order":0,"comment_status":"closed","ping_status":"closed","template":"","meta":{"footnotes":""},"class_list":["post-6190","page","type-page","status-publish","hentry"],"yoast_head":"<!-- This site is optimized with the Yoast SEO plugin v26.8 - https:\/\/yoast.com\/product\/yoast-seo-wordpress\/ -->\n<title>Nastanitev - Alpen Adria Demenzkongress<\/title>\n<meta name=\"description\" content=\"Experten zum Thema Demenz f\u00fcr \u00c4rzte, Verantwortliche aus Altenhilfe und Pflege, Vertreter der Kostentr\u00e4ger sowie Menschen mit Demenz und ihre Angeh\u00f6rige.\" \/>\n<meta name=\"robots\" content=\"index, follow, max-snippet:-1, max-image-preview:large, max-video-preview:-1\" \/>\n<link rel=\"canonical\" href=\"https:\/\/www.demenzkongress.com\/sl\/nastanitev\/\" \/>\n<meta property=\"og:locale\" content=\"sl_SI\" \/>\n<meta property=\"og:type\" content=\"article\" \/>\n<meta property=\"og:title\" content=\"Nastanitev - Alpen Adria Demenzkongress\" \/>\n<meta property=\"og:description\" content=\"Experten zum Thema Demenz f\u00fcr \u00c4rzte, Verantwortliche aus Altenhilfe und Pflege, Vertreter der Kostentr\u00e4ger sowie Menschen mit Demenz und ihre Angeh\u00f6rige.\" \/>\n<meta property=\"og:url\" content=\"https:\/\/www.demenzkongress.com\/sl\/nastanitev\/\" \/>\n<meta property=\"og:site_name\" content=\"Alpen Adria Demenzkongress\" \/>\n<meta property=\"article:modified_time\" content=\"2025-02-25T16:25:35+00:00\" \/>\n<meta name=\"twitter:card\" content=\"summary_large_image\" \/>\n<meta name=\"twitter:label1\" content=\"Est. reading time\" \/>\n\t<meta name=\"twitter:data1\" content=\"3 minute\" \/>\n<script type=\"application\/ld+json\" class=\"yoast-schema-graph\">{\"@context\":\"https:\/\/schema.org\",\"@graph\":[{\"@type\":\"WebPage\",\"@id\":\"https:\/\/www.demenzkongress.com\/sl\/nastanitev\/\",\"url\":\"https:\/\/www.demenzkongress.com\/sl\/nastanitev\/\",\"name\":\"Nastanitev - Alpen Adria Demenzkongress\",\"isPartOf\":{\"@id\":\"https:\/\/www.demenzkongress.com\/sl\/#website\"},\"datePublished\":\"2024-11-11T09:58:51+00:00\",\"dateModified\":\"2025-02-25T16:25:35+00:00\",\"description\":\"Experten zum Thema Demenz f\u00fcr \u00c4rzte, Verantwortliche aus Altenhilfe und Pflege, Vertreter der Kostentr\u00e4ger sowie Menschen mit Demenz und ihre Angeh\u00f6rige.\",\"breadcrumb\":{\"@id\":\"https:\/\/www.demenzkongress.com\/sl\/nastanitev\/#breadcrumb\"},\"inLanguage\":\"sl-SI\",\"potentialAction\":[{\"@type\":\"ReadAction\",\"target\":[\"https:\/\/www.demenzkongress.com\/sl\/nastanitev\/\"]}]},{\"@type\":\"BreadcrumbList\",\"@id\":\"https:\/\/www.demenzkongress.com\/sl\/nastanitev\/#breadcrumb\",\"itemListElement\":[{\"@type\":\"ListItem\",\"position\":1,\"name\":\"Home\",\"item\":\"https:\/\/www.demenzkongress.com\/sl\/\"},{\"@type\":\"ListItem\",\"position\":2,\"name\":\"Nastanitev\"}]},{\"@type\":\"WebSite\",\"@id\":\"https:\/\/www.demenzkongress.com\/sl\/#website\",\"url\":\"https:\/\/www.demenzkongress.com\/sl\/\",\"name\":\"Alpen Adria Demenzkongress\",\"description\":\"\",\"publisher\":{\"@id\":\"https:\/\/www.demenzkongress.com\/sl\/#organization\"},\"potentialAction\":[{\"@type\":\"SearchAction\",\"target\":{\"@type\":\"EntryPoint\",\"urlTemplate\":\"https:\/\/www.demenzkongress.com\/sl\/?s={search_term_string}\"},\"query-input\":{\"@type\":\"PropertyValueSpecification\",\"valueRequired\":true,\"valueName\":\"search_term_string\"}}],\"inLanguage\":\"sl-SI\"},{\"@type\":\"Organization\",\"@id\":\"https:\/\/www.demenzkongress.com\/sl\/#organization\",\"name\":\"Alpen Adria Demenkongress\",\"url\":\"https:\/\/www.demenzkongress.com\/sl\/\",\"logo\":{\"@type\":\"ImageObject\",\"inLanguage\":\"sl-SI\",\"@id\":\"https:\/\/www.demenzkongress.com\/sl\/#\/schema\/logo\/image\/\",\"url\":\"https:\/\/www.demenzkongress.com\/wp-content\/uploads\/2018\/07\/tickera_logo.png\",\"contentUrl\":\"https:\/\/www.demenzkongress.com\/wp-content\/uploads\/2018\/07\/tickera_logo.png\",\"width\":392,\"height\":88,\"caption\":\"Alpen Adria Demenkongress\"},\"image\":{\"@id\":\"https:\/\/www.demenzkongress.com\/sl\/#\/schema\/logo\/image\/\"}}]}<\/script>\n<!-- \/ Yoast SEO plugin. -->","yoast_head_json":{"title":"Nastanitev - Alpen Adria Demenzkongress","description":"Experten zum Thema Demenz f\u00fcr \u00c4rzte, Verantwortliche aus Altenhilfe und Pflege, Vertreter der Kostentr\u00e4ger sowie Menschen mit Demenz und ihre Angeh\u00f6rige.","robots":{"index":"index","follow":"follow","max-snippet":"max-snippet:-1","max-image-preview":"max-image-preview:large","max-video-preview":"max-video-preview:-1"},"canonical":"https:\/\/www.demenzkongress.com\/sl\/nastanitev\/","og_locale":"sl_SI","og_type":"article","og_title":"Nastanitev - Alpen Adria Demenzkongress","og_description":"Experten zum Thema Demenz f\u00fcr \u00c4rzte, Verantwortliche aus Altenhilfe und Pflege, Vertreter der Kostentr\u00e4ger sowie Menschen mit Demenz und ihre Angeh\u00f6rige.","og_url":"https:\/\/www.demenzkongress.com\/sl\/nastanitev\/","og_site_name":"Alpen Adria Demenzkongress","article_modified_time":"2025-02-25T16:25:35+00:00","twitter_card":"summary_large_image","twitter_misc":{"Est. reading time":"3 minute"},"schema":{"@context":"https:\/\/schema.org","@graph":[{"@type":"WebPage","@id":"https:\/\/www.demenzkongress.com\/sl\/nastanitev\/","url":"https:\/\/www.demenzkongress.com\/sl\/nastanitev\/","name":"Nastanitev - Alpen Adria Demenzkongress","isPartOf":{"@id":"https:\/\/www.demenzkongress.com\/sl\/#website"},"datePublished":"2024-11-11T09:58:51+00:00","dateModified":"2025-02-25T16:25:35+00:00","description":"Experten zum Thema Demenz f\u00fcr \u00c4rzte, Verantwortliche aus Altenhilfe und Pflege, Vertreter der Kostentr\u00e4ger sowie Menschen mit Demenz und ihre Angeh\u00f6rige.","breadcrumb":{"@id":"https:\/\/www.demenzkongress.com\/sl\/nastanitev\/#breadcrumb"},"inLanguage":"sl-SI","potentialAction":[{"@type":"ReadAction","target":["https:\/\/www.demenzkongress.com\/sl\/nastanitev\/"]}]},{"@type":"BreadcrumbList","@id":"https:\/\/www.demenzkongress.com\/sl\/nastanitev\/#breadcrumb","itemListElement":[{"@type":"ListItem","position":1,"name":"Home","item":"https:\/\/www.demenzkongress.com\/sl\/"},{"@type":"ListItem","position":2,"name":"Nastanitev"}]},{"@type":"WebSite","@id":"https:\/\/www.demenzkongress.com\/sl\/#website","url":"https:\/\/www.demenzkongress.com\/sl\/","name":"Alpen Adria Demenzkongress","description":"","publisher":{"@id":"https:\/\/www.demenzkongress.com\/sl\/#organization"},"potentialAction":[{"@type":"SearchAction","target":{"@type":"EntryPoint","urlTemplate":"https:\/\/www.demenzkongress.com\/sl\/?s={search_term_string}"},"query-input":{"@type":"PropertyValueSpecification","valueRequired":true,"valueName":"search_term_string"}}],"inLanguage":"sl-SI"},{"@type":"Organization","@id":"https:\/\/www.demenzkongress.com\/sl\/#organization","name":"Alpen Adria Demenkongress","url":"https:\/\/www.demenzkongress.com\/sl\/","logo":{"@type":"ImageObject","inLanguage":"sl-SI","@id":"https:\/\/www.demenzkongress.com\/sl\/#\/schema\/logo\/image\/","url":"https:\/\/www.demenzkongress.com\/wp-content\/uploads\/2018\/07\/tickera_logo.png","contentUrl":"https:\/\/www.demenzkongress.com\/wp-content\/uploads\/2018\/07\/tickera_logo.png","width":392,"height":88,"caption":"Alpen Adria Demenkongress"},"image":{"@id":"https:\/\/www.demenzkongress.com\/sl\/#\/schema\/logo\/image\/"}}]}},"_links":{"self":[{"href":"https:\/\/www.demenzkongress.com\/sl\/wp-json\/wp\/v2\/pages\/6190","targetHints":{"allow":["GET"]}}],"collection":[{"href":"https:\/\/www.demenzkongress.com\/sl\/wp-json\/wp\/v2\/pages"}],"about":[{"href":"https:\/\/www.demenzkongress.com\/sl\/wp-json\/wp\/v2\/types\/page"}],"author":[{"embeddable":true,"href":"https:\/\/www.demenzkongress.com\/sl\/wp-json\/wp\/v2\/users\/1"}],"replies":[{"embeddable":true,"href":"https:\/\/www.demenzkongress.com\/sl\/wp-json\/wp\/v2\/comments?post=6190"}],"version-history":[{"count":3,"href":"https:\/\/www.demenzkongress.com\/sl\/wp-json\/wp\/v2\/pages\/6190\/revisions"}],"predecessor-version":[{"id":6770,"href":"https:\/\/www.demenzkongress.com\/sl\/wp-json\/wp\/v2\/pages\/6190\/revisions\/6770"}],"wp:attachment":[{"href":"https:\/\/www.demenzkongress.com\/sl\/wp-json\/wp\/v2\/media?parent=6190"}],"curies":[{"name":"wp","href":"https:\/\/api.w.org\/{rel}","templated":true}]}}