{"id":6176,"date":"2018-07-24T08:50:13","date_gmt":"2018-07-24T06:50:13","guid":{"rendered":"https:\/\/www.demenzkongress.com\/plattform-demenz\/"},"modified":"2025-03-09T17:58:34","modified_gmt":"2025-03-09T16:58:34","slug":"plattform-demenz","status":"publish","type":"page","link":"https:\/\/www.demenzkongress.com\/sl\/","title":{"rendered":"ALPSKO \u2013 JADRANSKI KONGRES O DEMENCI"},"content":{"rendered":"<div class=\"bt_rc_container\"><section id=\"bt_section69f4750b68bd1\" data-parallax=\"0.1\" data-parallax-offset=\"0\" class=\"boldSection topExtraSpaced bottomSpaced btDarkSkin gutter fullScreenHeight btMiddleVertical btParallax wBackground cover btStriped black\" style=\"background-image:url('https:\/\/www.demenzkongress.com\/wp-content\/uploads\/2024\/11\/Alpen-Adria-Demenzkongress-2025-Weiterbildungen-Pflege-Aerzte.jpg');\"><div class=\"port\"><div class=\"boldCell\"><div class=\"boldCellInner\"><div class=\"boldRow \" ><div class=\"boldRowInner\"><div class=\"rowItem col-md-12 col-ms-12  btTextLeft animate animate-fadein inherit\"  data-width=\"12\"><div class=\"rowItemContent\" ><header class=\"header btClear extralarge\" ><div class=\"dash\"><h1><span class=\"headline\">ALPSKO \u2013 JADRANSKI KONGRES O DEMENCI<\/span><\/h1><\/div><div class=\"btSubTitle\">En dogodek, dva kongresa, ena prihodnost: Skupaj za ljudi z demenco<\/div><\/header><header class=\"header btClear medium btDash bottomDash\" ><div class=\"dash\"><h3><span class=\"headline\">28-29 marec 2025\r<br><\/span><\/h3><\/div><div class=\"btSubTitle\">Konferen\u010dni center Beljak, Koro\u0161ka<\/div><\/header><\/div><\/div><\/div><\/div><\/div><\/div><\/div><\/section><section id=\"bt_section69f4750b691fa\" data-parallax=\"0.1\" data-parallax-offset=\"0\" class=\"boldSection topSpaced gutter inherit btParallax\" ><div class=\"port\"><div class=\"boldCell\"><div class=\"boldCellInner\"><div class=\"boldRow \" ><div class=\"boldRowInner\"><div class=\"rowItem col-md-6 col-sm-12 btTextLeft inherit\"  data-width=\"6\"><div class=\"rowItemContent\" ><header class=\"header btClear extralarge btDash bottomDash\" ><div class=\"btSuperTitle\">Save the date<\/div><div class=\"dash\"><h1><span class=\"headline\">ALPSKO \u2013 JADRANSKI KONGRES O DEMENCI<\/span><\/h1><\/div><div class=\"btSubTitle\">6. Alpe-Adria kongres demence bo leta 2025 prvi\u010d potekal v Beljaku in bo ponujal edinstveno platformo za izmenjavo strokovnjakov s podro\u010dja nege, medicine in raziskav. Zbrali se bodo strokovnjaki iz celotne alpsko-jadranske regije in razpravljali o trenutnem stanju oskrbe oseb z demenco, izzivih in prihodnjih pogledih pri zdravljenju te heterogene bolezni. V ospredju bodo inovativni pristopi, interdisciplinarno sodelovanje in novi raziskovalni rezultati, ki lahko izbolj\u0161ajo ravnanje z demenco. Kongres bo dragocena prilo\u017enost za izmenjavo znanja, mre\u017eenje in aktivno oblikovanje pomembnih spodbud za prihodnost oskrbe oseb z demenco.<\/div><\/header><\/div><\/div><div class=\"rowItem col-md-6 col-sm-12 btTextRight inherit\"  data-width=\"6\"><div class=\"rowItemContent\" ><div class=\"btClear btSeparator bottomSemiSpaced noBorder\" ><hr><\/div><div class=\"btClear btSeparator bottomSmallSpaced noBorder\" ><hr><\/div><div class=\"boldRow \" ><div class=\"boldRowInner\"><div class=\"rowItem rowInnerItem col-ms-4  btTextLeft\"  ><div class=\"rowItemContent\"><\/div><\/div><div class=\"rowItem rowInnerItem col-ms-4  btTextLeft\"  ><div class=\"rowItemContent\"><header class=\"header btClear small btDash bottomDash\" ><div class=\"dash\"><h4><span class=\"headline\">Udele\u017eenci<\/span><\/h4><\/div><\/header><div class=\"btCounterHolder  btCounterNormalSize\"><span class=\"btCounter animate\" data-digit-length=\"4\"><span class=\"onedigit p4 d2\" data-digit=\"2\"><span class=\"n0\">0<\/span><span class=\"n1\">1<\/span><span class=\"n2\">2<\/span><span class=\"n3\">3<\/span><span class=\"n4\">4<\/span><span class=\"n5\">5<\/span><span class=\"n6\">6<\/span><span class=\"n7\">7<\/span><span class=\"n8\">8<\/span><span class=\"n9\">9<\/span><span class=\"n0\">0<\/span><\/span><span class=\"onedigit p3 d9\" data-digit=\"9\"><span class=\"n0\">0<\/span><span class=\"n1\">1<\/span><span class=\"n2\">2<\/span><span class=\"n3\">3<\/span><span class=\"n4\">4<\/span><span class=\"n5\">5<\/span><span class=\"n6\">6<\/span><span class=\"n7\">7<\/span><span class=\"n8\">8<\/span><span class=\"n9\">9<\/span><span class=\"n0\">0<\/span><\/span><span class=\"onedigit p2 d4\" data-digit=\"4\"><span class=\"n0\">0<\/span><span class=\"n1\">1<\/span><span class=\"n2\">2<\/span><span class=\"n3\">3<\/span><span class=\"n4\">4<\/span><span class=\"n5\">5<\/span><span class=\"n6\">6<\/span><span class=\"n7\">7<\/span><span class=\"n8\">8<\/span><span class=\"n9\">9<\/span><span class=\"n0\">0<\/span><\/span><span class=\"onedigit p1 d0\" data-digit=\"0\"><span class=\"n0\">0<\/span><span class=\"n1\">1<\/span><span class=\"n2\">2<\/span><span class=\"n3\">3<\/span><span class=\"n4\">4<\/span><span class=\"n5\">5<\/span><span class=\"n6\">6<\/span><span class=\"n7\">7<\/span><span class=\"n8\">8<\/span><span class=\"n9\">9<\/span><span class=\"n0\">0<\/span><\/span><\/span><\/div><\/div><\/div><div class=\"rowItem rowInnerItem col-ms-4  btTextLeft\"  ><div class=\"rowItemContent\"><header class=\"header btClear small btDash bottomDash\" style=\"margin-bottom:0px;\"><div class=\"dash\"><h4><span class=\"headline\">Predavatelji<\/span><\/h4><\/div><\/header><div class=\"btCounterHolder  btCounterNormalSize\"><span class=\"btCounter animate\" data-digit-length=\"2\"><span class=\"onedigit p2 d5\" data-digit=\"5\"><span class=\"n0\">0<\/span><span class=\"n1\">1<\/span><span class=\"n2\">2<\/span><span class=\"n3\">3<\/span><span class=\"n4\">4<\/span><span class=\"n5\">5<\/span><span class=\"n6\">6<\/span><span class=\"n7\">7<\/span><span class=\"n8\">8<\/span><span class=\"n9\">9<\/span><span class=\"n0\">0<\/span><\/span><span class=\"onedigit p1 d0\" data-digit=\"0\"><span class=\"n0\">0<\/span><span class=\"n1\">1<\/span><span class=\"n2\">2<\/span><span class=\"n3\">3<\/span><span class=\"n4\">4<\/span><span class=\"n5\">5<\/span><span class=\"n6\">6<\/span><span class=\"n7\">7<\/span><span class=\"n8\">8<\/span><span class=\"n9\">9<\/span><span class=\"n0\">0<\/span><\/span><\/span><\/div><\/div><\/div><\/div><\/div><div class=\"btClear btSeparator bottomSemiSpaced noBorder\" ><hr><\/div><div class=\"boldRow \" ><div class=\"boldRowInner\"><div class=\"rowItem rowInnerItem col-ms-4  btTextLeft\"  ><div class=\"rowItemContent\"><\/div><\/div><div class=\"rowItem rowInnerItem col-ms-4  btTextLeft\"  ><div class=\"rowItemContent\"><header class=\"header btClear small btDash bottomDash\" ><div class=\"dash\"><h4><span class=\"headline\">Stranski Dododki<\/span><\/h4><\/div><\/header><div class=\"btCounterHolder  btCounterNormalSize\"><span class=\"btCounter animate\" data-digit-length=\"2\"><span class=\"onedigit p2 d1\" data-digit=\"1\"><span class=\"n0\">0<\/span><span class=\"n1\">1<\/span><span class=\"n2\">2<\/span><span class=\"n3\">3<\/span><span class=\"n4\">4<\/span><span class=\"n5\">5<\/span><span class=\"n6\">6<\/span><span class=\"n7\">7<\/span><span class=\"n8\">8<\/span><span class=\"n9\">9<\/span><span class=\"n0\">0<\/span><\/span><span class=\"onedigit p1 d6\" data-digit=\"6\"><span class=\"n0\">0<\/span><span class=\"n1\">1<\/span><span class=\"n2\">2<\/span><span class=\"n3\">3<\/span><span class=\"n4\">4<\/span><span class=\"n5\">5<\/span><span class=\"n6\">6<\/span><span class=\"n7\">7<\/span><span class=\"n8\">8<\/span><span class=\"n9\">9<\/span><span class=\"n0\">0<\/span><\/span><\/span><\/div><\/div><\/div><div class=\"rowItem rowInnerItem col-ms-4  btTextLeft\"  ><div class=\"rowItemContent\"><header class=\"header btClear small btDash bottomDash\" style=\"margin-bottom:0px;\"><div class=\"dash\"><h4><span class=\"headline\">Leta<\/span><\/h4><\/div><\/header><div class=\"btCounterHolder  btCounterNormalSize\"><span class=\"btCounter animate\" data-digit-length=\"1\"><span class=\"onedigit p1 d5\" data-digit=\"5\"><span class=\"n0\">0<\/span><span class=\"n1\">1<\/span><span class=\"n2\">2<\/span><span class=\"n3\">3<\/span><span class=\"n4\">4<\/span><span class=\"n5\">5<\/span><span class=\"n6\">6<\/span><span class=\"n7\">7<\/span><span class=\"n8\">8<\/span><span class=\"n9\">9<\/span><span class=\"n0\">0<\/span><\/span><\/span><\/div><\/div><\/div><\/div><\/div><\/div><\/div><\/div><\/div><\/div><\/div><\/div><\/section><section id=\"bt_section69f4750b6a09b\"  class=\"boldSection gutter\" ><div class=\"port\"><div class=\"boldCell\"><div class=\"boldCellInner\"><div class=\"boldRow \" ><div class=\"boldRowInner\"><div class=\"rowItem col-md-12 col-ms-12  btTextLeft\"  data-width=\"12\"><div class=\"rowItemContent\" ><div class=\"btText\" ><\/div><\/div><\/div><\/div><\/div><\/div><\/div><\/div><\/section><section id=\"bt_section69f4750b6a300\" data-parallax=\"0.1\" data-parallax-offset=\"0\" class=\"boldSection topSpaced bottomSpaced gutter inherit btParallax\" ><div class=\"port\"><div class=\"boldCell\"><div class=\"boldCellInner\"><div class=\"boldRow \" ><div class=\"boldRowInner\"><div class=\"rowItem col-md-12 col-ms-12  btTextLeft inherit\"  data-width=\"12\"><div class=\"rowItemContent\" ><div class=\"btClear btSeparator topSmallSpaced bottomSpaced border\" ><hr><\/div><header class=\"header btClear medium btDash bottomDash\" ><div class=\"btSuperTitle\">Kongresni center Beljak<\/div><div class=\"dash\"><h3><span class=\"headline\">Novost<\/span><\/h3><\/div><div class=\"btSubTitle\">S poudarkom na demenci je Koro\u0161ki forum o demenci pred enajstimi leti za\u010del z visokostrokovno serijo predavanj, ki je pritegnila veliko pozornosti. \u0160esti dogodek, ki je prerasel v mednarodni kongres, bo letos od 28. do 29. marca 2025 potekal kot Alpsko-Jadranski kongres o demenci, prvi\u010d v Beljaku.<\/div><\/header><\/div><\/div><\/div><\/div><\/div><\/div><\/div><\/section><section id=\"bt_section69f4750b6a5e9\" data-parallax=\"0.1\" data-parallax-offset=\"0\" class=\"boldSection topSpaced bottomSpaced btLightSkin gutter inherit btParallax brown-bg\" style=\"background-color:#4b4846;\"><div class=\"port\"><div class=\"boldCell\"><div class=\"boldCellInner\"><div class=\"boldRow \" ><div class=\"boldRowInner\"><div class=\"rowItem col-md-6 col-sm-12 btTextLeft inherit\"  data-width=\"6\"><div class=\"rowItemContent\" ><header class=\"header btClear extralarge btDash bottomDash\" ><div class=\"btSuperTitle\">Pomembni podatki<\/div><div class=\"dash\"><h1><span class=\"headline\">Strokovno znanje in izku\u0161nje za demenco<\/span><\/h1><\/div><div class=\"btSubTitle\">Vrhunski predavatelji iz medicine, nege in drus\u030ctva iz razlic\u030cnih drz\u030cav bodo predavali in vodili delavnice na temo demence. Alpsko-Jadranski kongres o demenci \u2013 nosilec zdruz\u030cenega strokovnega znanja in izku\u0161enj za demenco<\/div><\/header><\/div><\/div><div class=\"rowItem col-md-6 col-sm-12 btTextLeft inherit\"  data-width=\"6\"><div class=\"rowItemContent\" ><div class=\"btClear btSeparator bottomSemiSpaced noBorder\" ><hr><\/div><div class=\"btClear btSeparator bottomSmallSpaced noBorder\" ><hr><\/div><div class=\"btProgressBar animate btProgressBarFilledStyle\" ><div class=\"btProgressContent\"><div data-percentage=\"100\" class=\"btProgressAnim animate\" ><span>2018: 1019 Udele\u017eenci<\/span><\/div><\/div><\/div><div class=\"btClear btSeparator bottomSmallSpaced noBorder\" ><hr><\/div><div class=\"btProgressBar animate btProgressBarFilledStyle\" ><div class=\"btProgressContent\"><div data-percentage=\"83\" class=\"btProgressAnim animate\" ><span>2017: 790 Udele\u017eenci<\/span><\/div><\/div><\/div><div class=\"btClear btSeparator bottomSmallSpaced noBorder\" ><hr><\/div><div class=\"btProgressBar animate btProgressBarFilledStyle\" ><div class=\"btProgressContent\"><div data-percentage=\"71\" class=\"btProgressAnim animate\" ><span>2016: 680 Udele\u017eenci<\/span><\/div><\/div><\/div><div class=\"btClear btSeparator bottomSmallSpaced noBorder\" ><hr><\/div><div class=\"btProgressBar animate btProgressBarFilledStyle\" ><div class=\"btProgressContent\"><div data-percentage=\"60\" class=\"btProgressAnim animate\" ><span>2015: 600 Udele\u017eenci<\/span><\/div><\/div><\/div><div class=\"btClear btSeparator bottomSmallSpaced noBorder\" ><hr><\/div><div class=\"btProgressBar animate btProgressBarFilledStyle\" ><div class=\"btProgressContent\"><div data-percentage=\"50\" class=\"btProgressAnim animate\" ><span>2014: 520 Udele\u017eenci<\/span><\/div><\/div><\/div><\/div><\/div><\/div><\/div><\/div><\/div><\/div><\/section><section id=\"bt_section69f4750b6ab64\"  class=\"boldSection topSpaced bottomSpaced btLightSkin gutter inherit\" ><div class=\"port\"><div class=\"boldCell\"><div class=\"boldCellInner\"><div class=\"boldRow \" ><div class=\"boldRowInner\"><div class=\"rowItem col-md-6 col-sm-12 btTextLeft inherit\"  data-width=\"6\"><div class=\"rowItemContent\" ><header class=\"header btClear extralarge btDash bottomDash\" style=\"margin-bottom: 0px;\"><div class=\"btSuperTitle\">Vedno obve\u0161\u010den<\/div><div class=\"dash\"><h1><span class=\"headline\">Novice o kongresu o demenci<\/span><\/h1><\/div><div class=\"btSubTitle\">Sodobne novice in informacije o Alpsko-Jadranskem kongresu demence, predavateljih, moderatorjih in razli\u010dnih vidikih demence.<\/div><\/header><div class=\"btClear btSeparator topSemiSpaced noBorder\" ><hr><\/div><\/div><\/div><div class=\"rowItem col-md-6 col-sm-12 btTextRight btMiddleVertical\"  data-width=\"6\"><div class=\"rowItemContent\" ><\/div><\/div><\/div><\/div><div class=\"boldRow \" ><div class=\"boldRowInner\"><div class=\"rowItem col-md-12 col-ms-12  btTextLeft inherit\"  data-width=\"12\"><div class=\"rowItemContent\" ><div class=\"btLatestPostsContainer horizontalPosts \" >\r\n\t\t\t\t<div class=\"btSingleLatestPost col-sm-4 col-ms-12  inherit\"><div class = \"btSingleLatestPostContent\">\r\n\t\t\t\t\t\t<header class=\"header btClear medium btDash bottomDash\" ><div class=\"dash\"><h3><span class=\"headline\"><a href=\"https:\/\/www.demenzkongress.com\/sl\/novi-koncepti-bivanja-za-osebe-z-demenco-pogled-v-prihodnost-oskrbe\/\" target=\"_self\">Novi koncepti bivanja za osebe z demenco &#8211; pogled v prihodnost oskrbe<\/a><\/span><\/h3><\/div><div class=\"btSubTitle\"><span class=\"btArticleDate\">4. marca 2025<\/span><\/div><\/header>\r\n\t\t\t\t<p class=\"btLatestPostContent\">Oskrba oseb z demenco postavlja visoke zahteve glede oblikovanja bivalnih prostorov. Tradicionalni domovi za oskrbo pogosto niso najbolje prilagojeni posebnim potrebam bolnikov z demenco. Novi pristopi se osredoto\u010dajo na spodbujanje varnosti, orientacije in socialne vklju\u010denosti, da bi \u010dim dlje ohranili samostojnost. Inovativni koncepti oskrbe bolnikov z demenco Sodobne oblike bivanja dale\u010d presegajo tradicionalne domove za [&hellip;]<\/p>\r\n\t\t\t\t\t<\/div>\r\n\t\t\t\t<\/div>\r\n\t\t\t\t<div class=\"btSingleLatestPost col-sm-4 col-ms-12  inherit\"><div class = \"btSingleLatestPostContent\">\r\n\t\t\t\t\t\t<header class=\"header btClear medium btDash bottomDash\" ><div class=\"dash\"><h3><span class=\"headline\"><a href=\"https:\/\/www.demenzkongress.com\/sl\/zgodnje-odkrivanje-demence-kateri-testi-so-zanesljivi\/\" target=\"_self\">Zgodnje odkrivanje demence &#8211; kateri testi so zanesljivi?<\/a><\/span><\/h3><\/div><div class=\"btSubTitle\"><span class=\"btArticleDate\">4. marca 2025<\/span><\/div><\/header>\r\n\t\t\t\t<p class=\"btLatestPostContent\">Demenca se razvija postopoma in prve simptome pogosto vzamemo kot obi\u010dajne znake staranja. Hitreje kot se postavi diagnoza, tem bolje lahko prizadete osebe in njihovi svojci na\u010drtujejo zdravstvene ukrepe in oskrbo. Zgodnje odkrivanje demence omogo\u010da pozitivno vplivanje na potek bolezni in prilagoditev vsakdanjega \u017eivljenja v zgodnji fazi. Toda katere metode so resni\u010dno zanesljive? Kateri postopki [&hellip;]<\/p>\r\n\t\t\t\t\t<\/div>\r\n\t\t\t\t<\/div>\r\n\t\t\t\t<div class=\"btSingleLatestPost col-sm-4 col-ms-12  inherit\"><div class = \"btSingleLatestPostContent\">\r\n\t\t\t\t\t\t<header class=\"header btClear medium btDash bottomDash\" ><div class=\"dash\"><h3><span class=\"headline\"><a href=\"https:\/\/www.demenzkongress.com\/sl\/izogibanje-pretiranim-zahtevam-samopomoc-za-negovalce-in-sorodnike\/\" target=\"_self\">Izogibanje pretiranim zahtevam: Samopomo\u010d za negovalce in sorodnike<\/a><\/span><\/h3><\/div><div class=\"btSubTitle\"><span class=\"btArticleDate\">4. marca 2025<\/span><\/div><\/header>\r\n\t\t\t\t<p class=\"btLatestPostContent\">Skrb za osebe z demenco je zahtevna &#8211; tako fizi\u010dno kot \u010dustveno. Skrbniki in sorodniki se vsakodnevno soo\u010dajo z zahtevnimi situacijami, ki zahtevajo veliko potrpe\u017eljivosti in mo\u010di. Vendar, kdor je stalno obremenjen, tvega iz\u010drpanost, razo\u010daranje ali celo izgorelost. Da bi bili lahko dolgoro\u010dno v pomo\u010d drugim, je potrebno nujno poskrbeti za svoje zdravje. Samopomo\u010d za [&hellip;]<\/p>\r\n\t\t\t\t\t<\/div>\r\n\t\t\t\t<\/div><\/div><\/div><\/div><\/div><\/div><\/div><\/div><\/div><\/section><section id=\"bt_section69f4750b744ef\"  class=\"boldSection topSpaced btDarkSkin gutter inherit bg-highlight\" style=\"background-color:#a31b37;\"><div class=\"port\"><div class=\"boldCell\"><div class=\"boldCellInner\"><div class=\"boldRow \" ><div class=\"boldRowInner\"><div class=\"rowItem col-md-6 col-sm-12 btTextLeft inherit\"  data-width=\"6\"><div class=\"rowItemContent\" ><header class=\"header btClear large btDash bottomDash\" style=\"margin-bottom: 0px;\"><div class=\"dash\"><h2><span class=\"headline\">Kongres demence<\/span><\/h2><\/div><div class=\"btSubTitle\">Vtisi iz preteklih let<\/div><\/header><div class=\"btClear btSeparator topSemiSpaced noBorder\" ><hr><\/div><\/div><\/div><div class=\"rowItem col-md-6 col-sm-12 btTextRight btMiddleVertical\"  data-width=\"6\"><div class=\"rowItemContent\" ><\/div><\/div><\/div><\/div><\/div><\/div><\/div><\/section><section id=\"bt_section69f4750b748b0\"  class=\"boldSection btDarkSkin inherit\" style=\"background-color:#041e42;\"><div class=\"port\"><div class=\"boldCell\"><div class=\"boldCellInner\"><div class=\"boldRow \" ><div class=\"boldRowInner\"><div class=\"rowItem col-md-12 col-ms-12  btTextCenter inherit\"  data-width=\"12\"><div class=\"rowItemContent\" ><div class=\"tilesWall btGridGallery tiled  btGridGap-0 lightbox\" data-col=\"6\"><div class=\"gridSizer\"><\/div><div class=\"gridItem btGhostSliderThumb bt11\" data-order-num=\"0\"><div class=\"btTileBox\"><div class=\"bpgPhoto \" > \n\t\t\t\t\t<a href=\"https:\/\/www.demenzkongress.com\/wp-content\/uploads\/2025\/02\/Catering-Demenzkongress-Alpen-Adria-Velden-am-Woerthersee-540x540-1.jpg\" class=\"lightbox\" data-title=\"\"><\/a>\n\t\t\t\t\t<div class=\"boldPhotoBox\"><div class=\"bpbItem\"><div class=\"btImage\"><img decoding=\"async\" src=\"https:\/\/www.demenzkongress.com\/wp-content\/uploads\/2025\/02\/Catering-Demenzkongress-Alpen-Adria-Velden-am-Woerthersee-540x540-1.jpg\" alt=\"https:\/\/www.demenzkongress.com\/wp-content\/uploads\/2025\/02\/Catering-Demenzkongress-Alpen-Adria-Velden-am-Woerthersee-540x540-1.jpg\"><\/div><\/div><\/div>\n\t\t\t\t\t<div class=\"captionPane btDarkSkin\">\n\t\t\t\t\t\t<div class=\"captionTable\">\n\t\t\t\t\t\t\t<div class=\"captionCell\">\n\t\t\t\t\t\t\t\t<div class=\"captionTxt\"><\/div>\n\t\t\t\t\t\t\t<\/div>\n\t\t\t\t\t\t<\/div>\n\t\t\t\t\t<\/div><\/div><\/div><\/div><div class=\"gridItem btGhostSliderThumb bt11\" data-order-num=\"1\"><div class=\"btTileBox\"><div class=\"bpgPhoto \" > \n\t\t\t\t\t<a href=\"https:\/\/www.demenzkongress.com\/wp-content\/uploads\/2025\/02\/Gerhard-Mosser-Demenzkongress-Velden-Kaernten-AHA-Gruppe-540x540-1.jpg\" class=\"lightbox\" data-title=\"\"><\/a>\n\t\t\t\t\t<div class=\"boldPhotoBox\"><div class=\"bpbItem\"><div class=\"btImage\"><img decoding=\"async\" src=\"https:\/\/www.demenzkongress.com\/wp-content\/uploads\/2025\/02\/Gerhard-Mosser-Demenzkongress-Velden-Kaernten-AHA-Gruppe-540x540-1.jpg\" alt=\"https:\/\/www.demenzkongress.com\/wp-content\/uploads\/2025\/02\/Gerhard-Mosser-Demenzkongress-Velden-Kaernten-AHA-Gruppe-540x540-1.jpg\"><\/div><\/div><\/div>\n\t\t\t\t\t<div class=\"captionPane btDarkSkin\">\n\t\t\t\t\t\t<div class=\"captionTable\">\n\t\t\t\t\t\t\t<div class=\"captionCell\">\n\t\t\t\t\t\t\t\t<div class=\"captionTxt\"><\/div>\n\t\t\t\t\t\t\t<\/div>\n\t\t\t\t\t\t<\/div>\n\t\t\t\t\t<\/div><\/div><\/div><\/div><div class=\"gridItem btGhostSliderThumb bt11\" data-order-num=\"2\"><div class=\"btTileBox\"><div class=\"bpgPhoto \" > \n\t\t\t\t\t<a href=\"https:\/\/www.demenzkongress.com\/wp-content\/uploads\/2025\/02\/Vortragssaal-bei-Demenzkongress-der-AHA-Gruppe-in-Velden-Kaernten-540x540-1.jpg\" class=\"lightbox\" data-title=\"\"><\/a>\n\t\t\t\t\t<div class=\"boldPhotoBox\"><div class=\"bpbItem\"><div class=\"btImage\"><img decoding=\"async\" src=\"https:\/\/www.demenzkongress.com\/wp-content\/uploads\/2025\/02\/Vortragssaal-bei-Demenzkongress-der-AHA-Gruppe-in-Velden-Kaernten-540x540-1.jpg\" alt=\"https:\/\/www.demenzkongress.com\/wp-content\/uploads\/2025\/02\/Vortragssaal-bei-Demenzkongress-der-AHA-Gruppe-in-Velden-Kaernten-540x540-1.jpg\"><\/div><\/div><\/div>\n\t\t\t\t\t<div class=\"captionPane btDarkSkin\">\n\t\t\t\t\t\t<div class=\"captionTable\">\n\t\t\t\t\t\t\t<div class=\"captionCell\">\n\t\t\t\t\t\t\t\t<div class=\"captionTxt\"><\/div>\n\t\t\t\t\t\t\t<\/div>\n\t\t\t\t\t\t<\/div>\n\t\t\t\t\t<\/div><\/div><\/div><\/div><div class=\"gridItem btGhostSliderThumb bt11\" data-order-num=\"3\"><div class=\"btTileBox\"><div class=\"bpgPhoto \" > \n\t\t\t\t\t<a href=\"https:\/\/www.demenzkongress.com\/wp-content\/uploads\/2025\/02\/Dr.-Roman-Braun-M.Ed_.Mentalcoach-bei-Demenzkongress-Alpen-Adria-Kaernten-540x540-1.jpg\" class=\"lightbox\" data-title=\"\"><\/a>\n\t\t\t\t\t<div class=\"boldPhotoBox\"><div class=\"bpbItem\"><div class=\"btImage\"><img decoding=\"async\" src=\"https:\/\/www.demenzkongress.com\/wp-content\/uploads\/2025\/02\/Dr.-Roman-Braun-M.Ed_.Mentalcoach-bei-Demenzkongress-Alpen-Adria-Kaernten-540x540-1.jpg\" alt=\"https:\/\/www.demenzkongress.com\/wp-content\/uploads\/2025\/02\/Dr.-Roman-Braun-M.Ed_.Mentalcoach-bei-Demenzkongress-Alpen-Adria-Kaernten-540x540-1.jpg\"><\/div><\/div><\/div>\n\t\t\t\t\t<div class=\"captionPane btDarkSkin\">\n\t\t\t\t\t\t<div class=\"captionTable\">\n\t\t\t\t\t\t\t<div class=\"captionCell\">\n\t\t\t\t\t\t\t\t<div class=\"captionTxt\"><\/div>\n\t\t\t\t\t\t\t<\/div>\n\t\t\t\t\t\t<\/div>\n\t\t\t\t\t<\/div><\/div><\/div><\/div><div class=\"gridItem btGhostSliderThumb bt11\" data-order-num=\"4\"><div class=\"btTileBox\"><div class=\"bpgPhoto \" > \n\t\t\t\t\t<a href=\"https:\/\/www.demenzkongress.com\/wp-content\/uploads\/2025\/02\/Dr.in-Barbara-Prettner-und-MMag.-Christian-Polessnig-Geschaeftsfuehrer-AHA-Gruppe-540x540-1.jpg\" class=\"lightbox\" data-title=\"\"><\/a>\n\t\t\t\t\t<div class=\"boldPhotoBox\"><div class=\"bpbItem\"><div class=\"btImage\"><img decoding=\"async\" src=\"https:\/\/www.demenzkongress.com\/wp-content\/uploads\/2025\/02\/Dr.in-Barbara-Prettner-und-MMag.-Christian-Polessnig-Geschaeftsfuehrer-AHA-Gruppe-540x540-1.jpg\" alt=\"https:\/\/www.demenzkongress.com\/wp-content\/uploads\/2025\/02\/Dr.in-Barbara-Prettner-und-MMag.-Christian-Polessnig-Geschaeftsfuehrer-AHA-Gruppe-540x540-1.jpg\"><\/div><\/div><\/div>\n\t\t\t\t\t<div class=\"captionPane btDarkSkin\">\n\t\t\t\t\t\t<div class=\"captionTable\">\n\t\t\t\t\t\t\t<div class=\"captionCell\">\n\t\t\t\t\t\t\t\t<div class=\"captionTxt\"><\/div>\n\t\t\t\t\t\t\t<\/div>\n\t\t\t\t\t\t<\/div>\n\t\t\t\t\t<\/div><\/div><\/div><\/div><div class=\"gridItem btGhostSliderThumb bt11\" data-order-num=\"5\"><div class=\"btTileBox\"><div class=\"bpgPhoto \" > \n\t\t\t\t\t<a href=\"https:\/\/www.demenzkongress.com\/wp-content\/uploads\/2025\/02\/Manfred-Lukas-Luderer-Theater-und-Filmschauspieler-Demezkongress-Alpen-Adria-Velden-540x540-1.jpg\" class=\"lightbox\" data-title=\"\"><\/a>\n\t\t\t\t\t<div class=\"boldPhotoBox\"><div class=\"bpbItem\"><div class=\"btImage\"><img decoding=\"async\" src=\"https:\/\/www.demenzkongress.com\/wp-content\/uploads\/2025\/02\/Manfred-Lukas-Luderer-Theater-und-Filmschauspieler-Demezkongress-Alpen-Adria-Velden-540x540-1.jpg\" alt=\"https:\/\/www.demenzkongress.com\/wp-content\/uploads\/2025\/02\/Manfred-Lukas-Luderer-Theater-und-Filmschauspieler-Demezkongress-Alpen-Adria-Velden-540x540-1.jpg\"><\/div><\/div><\/div>\n\t\t\t\t\t<div class=\"captionPane btDarkSkin\">\n\t\t\t\t\t\t<div class=\"captionTable\">\n\t\t\t\t\t\t\t<div class=\"captionCell\">\n\t\t\t\t\t\t\t\t<div class=\"captionTxt\"><\/div>\n\t\t\t\t\t\t\t<\/div>\n\t\t\t\t\t\t<\/div>\n\t\t\t\t\t<\/div><\/div><\/div><\/div><div class=\"gridItem btGhostSliderThumb bt11\" data-order-num=\"6\"><div class=\"btTileBox\"><div class=\"bpgPhoto \" > \n\t\t\t\t\t<a href=\"https:\/\/www.demenzkongress.com\/wp-content\/uploads\/2025\/02\/Michael-Schmieder-Sonnweid-Schweiz-Demenzkongress-Alpen-Adria-540x540-1.jpg\" class=\"lightbox\" data-title=\"\"><\/a>\n\t\t\t\t\t<div class=\"boldPhotoBox\"><div class=\"bpbItem\"><div class=\"btImage\"><img decoding=\"async\" src=\"https:\/\/www.demenzkongress.com\/wp-content\/uploads\/2025\/02\/Michael-Schmieder-Sonnweid-Schweiz-Demenzkongress-Alpen-Adria-540x540-1.jpg\" alt=\"https:\/\/www.demenzkongress.com\/wp-content\/uploads\/2025\/02\/Michael-Schmieder-Sonnweid-Schweiz-Demenzkongress-Alpen-Adria-540x540-1.jpg\"><\/div><\/div><\/div>\n\t\t\t\t\t<div class=\"captionPane btDarkSkin\">\n\t\t\t\t\t\t<div class=\"captionTable\">\n\t\t\t\t\t\t\t<div class=\"captionCell\">\n\t\t\t\t\t\t\t\t<div class=\"captionTxt\"><\/div>\n\t\t\t\t\t\t\t<\/div>\n\t\t\t\t\t\t<\/div>\n\t\t\t\t\t<\/div><\/div><\/div><\/div><div class=\"gridItem btGhostSliderThumb bt11\" data-order-num=\"7\"><div class=\"btTileBox\"><div class=\"bpgPhoto \" > \n\t\t\t\t\t<a href=\"https:\/\/www.demenzkongress.com\/wp-content\/uploads\/2025\/02\/Peter-Wissmann-Demenzsupport-Stuttgart-Demenzkongress-Velden-540x540-1.jpg\" class=\"lightbox\" data-title=\"\"><\/a>\n\t\t\t\t\t<div class=\"boldPhotoBox\"><div class=\"bpbItem\"><div class=\"btImage\"><img decoding=\"async\" src=\"https:\/\/www.demenzkongress.com\/wp-content\/uploads\/2025\/02\/Peter-Wissmann-Demenzsupport-Stuttgart-Demenzkongress-Velden-540x540-1.jpg\" alt=\"https:\/\/www.demenzkongress.com\/wp-content\/uploads\/2025\/02\/Peter-Wissmann-Demenzsupport-Stuttgart-Demenzkongress-Velden-540x540-1.jpg\"><\/div><\/div><\/div>\n\t\t\t\t\t<div class=\"captionPane btDarkSkin\">\n\t\t\t\t\t\t<div class=\"captionTable\">\n\t\t\t\t\t\t\t<div class=\"captionCell\">\n\t\t\t\t\t\t\t\t<div class=\"captionTxt\"><\/div>\n\t\t\t\t\t\t\t<\/div>\n\t\t\t\t\t\t<\/div>\n\t\t\t\t\t<\/div><\/div><\/div><\/div><div class=\"gridItem btGhostSliderThumb bt11\" data-order-num=\"8\"><div class=\"btTileBox\"><div class=\"bpgPhoto \" > \n\t\t\t\t\t<a href=\"https:\/\/www.demenzkongress.com\/wp-content\/uploads\/2025\/02\/Prof.-Dr.-Manfred-Spitzer-Psychiater-und-Buchautor-Demenzkongress-Velden-540x540-1.jpg\" class=\"lightbox\" data-title=\"\"><\/a>\n\t\t\t\t\t<div class=\"boldPhotoBox\"><div class=\"bpbItem\"><div class=\"btImage\"><img decoding=\"async\" src=\"https:\/\/www.demenzkongress.com\/wp-content\/uploads\/2025\/02\/Prof.-Dr.-Manfred-Spitzer-Psychiater-und-Buchautor-Demenzkongress-Velden-540x540-1.jpg\" alt=\"https:\/\/www.demenzkongress.com\/wp-content\/uploads\/2025\/02\/Prof.-Dr.-Manfred-Spitzer-Psychiater-und-Buchautor-Demenzkongress-Velden-540x540-1.jpg\"><\/div><\/div><\/div>\n\t\t\t\t\t<div class=\"captionPane btDarkSkin\">\n\t\t\t\t\t\t<div class=\"captionTable\">\n\t\t\t\t\t\t\t<div class=\"captionCell\">\n\t\t\t\t\t\t\t\t<div class=\"captionTxt\"><\/div>\n\t\t\t\t\t\t\t<\/div>\n\t\t\t\t\t\t<\/div>\n\t\t\t\t\t<\/div><\/div><\/div><\/div><div class=\"gridItem btGhostSliderThumb bt11\" data-order-num=\"9\"><div class=\"btTileBox\"><div class=\"bpgPhoto \" > \n\t\t\t\t\t<a href=\"https:\/\/www.demenzkongress.com\/wp-content\/uploads\/2025\/02\/Prof.-Dr.-Markus-Hengstschlaeger-bei-Demenzkongress-Alpen-Adria-Kaernten-540x540-1.jpg\" class=\"lightbox\" data-title=\"\"><\/a>\n\t\t\t\t\t<div class=\"boldPhotoBox\"><div class=\"bpbItem\"><div class=\"btImage\"><img decoding=\"async\" src=\"https:\/\/www.demenzkongress.com\/wp-content\/uploads\/2025\/02\/Prof.-Dr.-Markus-Hengstschlaeger-bei-Demenzkongress-Alpen-Adria-Kaernten-540x540-1.jpg\" alt=\"https:\/\/www.demenzkongress.com\/wp-content\/uploads\/2025\/02\/Prof.-Dr.-Markus-Hengstschlaeger-bei-Demenzkongress-Alpen-Adria-Kaernten-540x540-1.jpg\"><\/div><\/div><\/div>\n\t\t\t\t\t<div class=\"captionPane btDarkSkin\">\n\t\t\t\t\t\t<div class=\"captionTable\">\n\t\t\t\t\t\t\t<div class=\"captionCell\">\n\t\t\t\t\t\t\t\t<div class=\"captionTxt\"><\/div>\n\t\t\t\t\t\t\t<\/div>\n\t\t\t\t\t\t<\/div>\n\t\t\t\t\t<\/div><\/div><\/div><\/div><div class=\"gridItem btGhostSliderThumb bt11\" data-order-num=\"10\"><div class=\"btTileBox\"><div class=\"bpgPhoto \" > \n\t\t\t\t\t<a href=\"https:\/\/www.demenzkongress.com\/wp-content\/uploads\/2025\/02\/Univ.-Prof.-Dr.-Andreas-Conca-Psychiater-und-Psychotherapeut-540x540-1.jpg\" class=\"lightbox\" data-title=\"\"><\/a>\n\t\t\t\t\t<div class=\"boldPhotoBox\"><div class=\"bpbItem\"><div class=\"btImage\"><img decoding=\"async\" src=\"https:\/\/www.demenzkongress.com\/wp-content\/uploads\/2025\/02\/Univ.-Prof.-Dr.-Andreas-Conca-Psychiater-und-Psychotherapeut-540x540-1.jpg\" alt=\"https:\/\/www.demenzkongress.com\/wp-content\/uploads\/2025\/02\/Univ.-Prof.-Dr.-Andreas-Conca-Psychiater-und-Psychotherapeut-540x540-1.jpg\"><\/div><\/div><\/div>\n\t\t\t\t\t<div class=\"captionPane btDarkSkin\">\n\t\t\t\t\t\t<div class=\"captionTable\">\n\t\t\t\t\t\t\t<div class=\"captionCell\">\n\t\t\t\t\t\t\t\t<div class=\"captionTxt\"><\/div>\n\t\t\t\t\t\t\t<\/div>\n\t\t\t\t\t\t<\/div>\n\t\t\t\t\t<\/div><\/div><\/div><\/div><div class=\"gridItem btGhostSliderThumb bt11\" data-order-num=\"11\"><div class=\"btTileBox\"><div class=\"bpgPhoto \" > \n\t\t\t\t\t<a href=\"https:\/\/www.demenzkongress.com\/wp-content\/uploads\/2025\/02\/Bartolomey-Bittman-Progressive-Strings-Vienna-bei-Demenzkongress-Kaernten-540x540-1.jpg\" class=\"lightbox\" data-title=\"\"><\/a>\n\t\t\t\t\t<div class=\"boldPhotoBox\"><div class=\"bpbItem\"><div class=\"btImage\"><img decoding=\"async\" src=\"https:\/\/www.demenzkongress.com\/wp-content\/uploads\/2025\/02\/Bartolomey-Bittman-Progressive-Strings-Vienna-bei-Demenzkongress-Kaernten-540x540-1.jpg\" alt=\"https:\/\/www.demenzkongress.com\/wp-content\/uploads\/2025\/02\/Bartolomey-Bittman-Progressive-Strings-Vienna-bei-Demenzkongress-Kaernten-540x540-1.jpg\"><\/div><\/div><\/div>\n\t\t\t\t\t<div class=\"captionPane btDarkSkin\">\n\t\t\t\t\t\t<div class=\"captionTable\">\n\t\t\t\t\t\t\t<div class=\"captionCell\">\n\t\t\t\t\t\t\t\t<div class=\"captionTxt\"><\/div>\n\t\t\t\t\t\t\t<\/div>\n\t\t\t\t\t\t<\/div>\n\t\t\t\t\t<\/div><\/div><\/div><\/div><\/div><\/div><\/div><\/div><\/div><\/div><\/div><\/div><\/section><section id=\"bt_section69f4750b77c0a\"  class=\"boldSection topSpaced bottomSpaced btDarkSkin gutter inherit bg-highlight\" style=\"background-color:#a31b37;\"><div class=\"port\"><div class=\"boldCell\"><div class=\"boldCellInner\"><div class=\"boldRow \" ><div class=\"boldRowInner\"><div class=\"rowItem col-md-6 col-sm-12 btTextLeft inherit\"  data-width=\"6\"><div class=\"rowItemContent\" ><header class=\"header btClear large btDash bottomDash\" style=\"margin-bottom: 0px;\"><div class=\"dash\"><h2><span class=\"headline\">Kreditne to\u010dke\r<br><\/span><\/h2><\/div><div class=\"btSubTitle\">Avstrijska zveza za zdravstvo in nego (\u00d6GKV): 19 \u00d6GKV PFP\u00ae\r<br>Poklicni sindikat pomo\u010dnikov v ordinacijah Avstrija (BdA): 6 to\u010dk\r<br>Poklicni sindikat avstrijskih psihologov (B\u00d6P): 4 to\u010dke\r<br><\/div><\/header><\/div><\/div><div class=\"rowItem col-md-6 col-sm-12 btTextRight btMiddleVertical\"  data-width=\"6\"><div class=\"rowItemContent\" ><\/div><\/div><\/div><\/div><\/div><\/div><\/div><\/section><section id=\"bt_section69f4750b7802b\"  class=\"boldSection topSpaced bottomSpaced gutter inherit\" ><div class=\"port\"><div class=\"boldCell\"><div class=\"boldCellInner\"><div class=\"boldRow \" ><div class=\"boldRowInner\"><div class=\"rowItem col-md-12 col-ms-12  btTextLeft\"  data-width=\"12\"><div class=\"rowItemContent\" ><\/div><\/div><\/div><\/div><\/div><\/div><\/div><\/section><section id=\"bt_section69f4750b78351\"  class=\"boldSection gutter\" ><div class=\"port\"><div class=\"boldCell\"><div class=\"boldCellInner\"><\/div><\/div><\/div><\/section><section id=\"bt_section69f4750b78532\"  class=\"boldSection topSpaced bottomSpaced btLightSkin gutter inherit\" ><div class=\"port\"><div class=\"boldCell\"><div class=\"boldCellInner\"><div class=\"boldRow \" ><div class=\"boldRowInner\"><div class=\"rowItem col-md-12 col-ms-12  btTextCenter inherit\"  data-width=\"12\"><div class=\"rowItemContent\" ><header class=\"header btClear medium btDash bottomDash\" style=\"margin-bottom: 0px;\"><div class=\"dash\"><h3><span class=\"headline\">Sledite nam<\/span><\/h3><\/div><div class=\"btSubTitle\">Alpsko-Jadranski kongres o demenc<\/div><\/header><div class=\"btClear btSeparator topSemiSpaced noBorder\" ><hr><\/div><\/div><\/div><\/div><\/div><div class=\"boldRow \" ><div class=\"boldRowInner\"><div class=\"rowItem col-md-12 col-ms-12  btTextCenter animate animate-fadein inherit\"  data-width=\"12\"><div class=\"rowItemContent\" ><div class=\"btIconImageRow\" ><span class=\"btIco btIcoFilledType btIcoMediumSize btIcoAccentColor\"><a href=\"https:\/\/www.facebook.com\/people\/Alpsko-Jadranski-kongres-o-demenci\/61573722006135\/\"  target=\"no_target\" data-ico-fa=\"&#xf09a;\" class=\"btIcoHolder\"><\/a><\/span><span class=\"btIco btIcoFilledType btIcoMediumSize btIcoAccentColor\"><a href=\"https:\/\/www.youtube.com\/channel\/UCmVAYqjdeH7f_VjG-ZsK3pg\/featured\"  target=\"no_target\" data-ico-fa=\"&#xf167;\" class=\"btIcoHolder\"><\/a><\/span><span class=\"btIco btIcoFilledType btIcoMediumSize btIcoAccentColor\"><a href=\"https:\/\/www.instagram.com\/kongres.o.demenci\/\"  target=\"no_target\" data-ico-fa=\"&#xf16d;\" class=\"btIcoHolder\"><\/a><\/span><\/div><\/div><\/div><\/div><\/div><\/div><\/div><\/div><\/section><\/div>","protected":false},"excerpt":{"rendered":"","protected":false},"author":1,"featured_media":0,"parent":0,"menu_order":0,"comment_status":"closed","ping_status":"closed","template":"","meta":{"footnotes":""},"class_list":["post-6176","page","type-page","status-publish","hentry"],"yoast_head":"<!-- This site is optimized with the Yoast SEO plugin v26.8 - https:\/\/yoast.com\/product\/yoast-seo-wordpress\/ -->\n<title>ALPSKO \u2013 JADRANSKI KONGRES O DEMENCI - Alpen Adria Demenzkongress<\/title>\n<meta name=\"description\" content=\"Experten zum Thema Demenz f\u00fcr \u00c4rzte, Verantwortliche aus Altenhilfe und Pflege, Vertreter der Kostentr\u00e4ger sowie Menschen mit Demenz und ihre Angeh\u00f6rige.\" \/>\n<meta name=\"robots\" content=\"index, follow, max-snippet:-1, max-image-preview:large, max-video-preview:-1\" \/>\n<link rel=\"canonical\" href=\"https:\/\/www.demenzkongress.com\/sl\/\" \/>\n<meta property=\"og:locale\" content=\"sl_SI\" \/>\n<meta property=\"og:type\" content=\"article\" \/>\n<meta property=\"og:title\" content=\"ALPSKO \u2013 JADRANSKI KONGRES O DEMENCI - Alpen Adria Demenzkongress\" \/>\n<meta property=\"og:description\" content=\"Experten zum Thema Demenz f\u00fcr \u00c4rzte, Verantwortliche aus Altenhilfe und Pflege, Vertreter der Kostentr\u00e4ger sowie Menschen mit Demenz und ihre Angeh\u00f6rige.\" \/>\n<meta property=\"og:url\" content=\"https:\/\/www.demenzkongress.com\/sl\/\" \/>\n<meta property=\"og:site_name\" content=\"Alpen Adria Demenzkongress\" \/>\n<meta property=\"article:modified_time\" content=\"2025-03-09T16:58:34+00:00\" \/>\n<meta name=\"twitter:card\" content=\"summary_large_image\" \/>\n<meta name=\"twitter:label1\" content=\"Est. reading time\" \/>\n\t<meta name=\"twitter:data1\" content=\"6 minut\" \/>\n<script type=\"application\/ld+json\" class=\"yoast-schema-graph\">{\"@context\":\"https:\/\/schema.org\",\"@graph\":[{\"@type\":\"WebPage\",\"@id\":\"https:\/\/www.demenzkongress.com\/sl\/\",\"url\":\"https:\/\/www.demenzkongress.com\/sl\/\",\"name\":\"ALPSKO \u2013 JADRANSKI KONGRES O DEMENCI - Alpen Adria Demenzkongress\",\"isPartOf\":{\"@id\":\"https:\/\/www.demenzkongress.com\/sl\/#website\"},\"datePublished\":\"2018-07-24T06:50:13+00:00\",\"dateModified\":\"2025-03-09T16:58:34+00:00\",\"description\":\"Experten zum Thema Demenz f\u00fcr \u00c4rzte, Verantwortliche aus Altenhilfe und Pflege, Vertreter der Kostentr\u00e4ger sowie Menschen mit Demenz und ihre Angeh\u00f6rige.\",\"breadcrumb\":{\"@id\":\"https:\/\/www.demenzkongress.com\/sl\/#breadcrumb\"},\"inLanguage\":\"sl-SI\",\"potentialAction\":[{\"@type\":\"ReadAction\",\"target\":[\"https:\/\/www.demenzkongress.com\/sl\/\"]}]},{\"@type\":\"BreadcrumbList\",\"@id\":\"https:\/\/www.demenzkongress.com\/sl\/#breadcrumb\",\"itemListElement\":[{\"@type\":\"ListItem\",\"position\":1,\"name\":\"Home\",\"item\":\"https:\/\/www.demenzkongress.com\/sl\/\"},{\"@type\":\"ListItem\",\"position\":2,\"name\":\"ALPSKO \u2013 JADRANSKI KONGRES O DEMENCI\"}]},{\"@type\":\"WebSite\",\"@id\":\"https:\/\/www.demenzkongress.com\/sl\/#website\",\"url\":\"https:\/\/www.demenzkongress.com\/sl\/\",\"name\":\"Alpen Adria Demenzkongress\",\"description\":\"\",\"publisher\":{\"@id\":\"https:\/\/www.demenzkongress.com\/sl\/#organization\"},\"potentialAction\":[{\"@type\":\"SearchAction\",\"target\":{\"@type\":\"EntryPoint\",\"urlTemplate\":\"https:\/\/www.demenzkongress.com\/sl\/?s={search_term_string}\"},\"query-input\":{\"@type\":\"PropertyValueSpecification\",\"valueRequired\":true,\"valueName\":\"search_term_string\"}}],\"inLanguage\":\"sl-SI\"},{\"@type\":\"Organization\",\"@id\":\"https:\/\/www.demenzkongress.com\/sl\/#organization\",\"name\":\"Alpen Adria Demenkongress\",\"url\":\"https:\/\/www.demenzkongress.com\/sl\/\",\"logo\":{\"@type\":\"ImageObject\",\"inLanguage\":\"sl-SI\",\"@id\":\"https:\/\/www.demenzkongress.com\/sl\/#\/schema\/logo\/image\/\",\"url\":\"https:\/\/www.demenzkongress.com\/wp-content\/uploads\/2018\/07\/tickera_logo.png\",\"contentUrl\":\"https:\/\/www.demenzkongress.com\/wp-content\/uploads\/2018\/07\/tickera_logo.png\",\"width\":392,\"height\":88,\"caption\":\"Alpen Adria Demenkongress\"},\"image\":{\"@id\":\"https:\/\/www.demenzkongress.com\/sl\/#\/schema\/logo\/image\/\"}}]}<\/script>\n<!-- \/ Yoast SEO plugin. -->","yoast_head_json":{"title":"ALPSKO \u2013 JADRANSKI KONGRES O DEMENCI - Alpen Adria Demenzkongress","description":"Experten zum Thema Demenz f\u00fcr \u00c4rzte, Verantwortliche aus Altenhilfe und Pflege, Vertreter der Kostentr\u00e4ger sowie Menschen mit Demenz und ihre Angeh\u00f6rige.","robots":{"index":"index","follow":"follow","max-snippet":"max-snippet:-1","max-image-preview":"max-image-preview:large","max-video-preview":"max-video-preview:-1"},"canonical":"https:\/\/www.demenzkongress.com\/sl\/","og_locale":"sl_SI","og_type":"article","og_title":"ALPSKO \u2013 JADRANSKI KONGRES O DEMENCI - Alpen Adria Demenzkongress","og_description":"Experten zum Thema Demenz f\u00fcr \u00c4rzte, Verantwortliche aus Altenhilfe und Pflege, Vertreter der Kostentr\u00e4ger sowie Menschen mit Demenz und ihre Angeh\u00f6rige.","og_url":"https:\/\/www.demenzkongress.com\/sl\/","og_site_name":"Alpen Adria Demenzkongress","article_modified_time":"2025-03-09T16:58:34+00:00","twitter_card":"summary_large_image","twitter_misc":{"Est. reading time":"6 minut"},"schema":{"@context":"https:\/\/schema.org","@graph":[{"@type":"WebPage","@id":"https:\/\/www.demenzkongress.com\/sl\/","url":"https:\/\/www.demenzkongress.com\/sl\/","name":"ALPSKO \u2013 JADRANSKI KONGRES O DEMENCI - Alpen Adria Demenzkongress","isPartOf":{"@id":"https:\/\/www.demenzkongress.com\/sl\/#website"},"datePublished":"2018-07-24T06:50:13+00:00","dateModified":"2025-03-09T16:58:34+00:00","description":"Experten zum Thema Demenz f\u00fcr \u00c4rzte, Verantwortliche aus Altenhilfe und Pflege, Vertreter der Kostentr\u00e4ger sowie Menschen mit Demenz und ihre Angeh\u00f6rige.","breadcrumb":{"@id":"https:\/\/www.demenzkongress.com\/sl\/#breadcrumb"},"inLanguage":"sl-SI","potentialAction":[{"@type":"ReadAction","target":["https:\/\/www.demenzkongress.com\/sl\/"]}]},{"@type":"BreadcrumbList","@id":"https:\/\/www.demenzkongress.com\/sl\/#breadcrumb","itemListElement":[{"@type":"ListItem","position":1,"name":"Home","item":"https:\/\/www.demenzkongress.com\/sl\/"},{"@type":"ListItem","position":2,"name":"ALPSKO \u2013 JADRANSKI KONGRES O DEMENCI"}]},{"@type":"WebSite","@id":"https:\/\/www.demenzkongress.com\/sl\/#website","url":"https:\/\/www.demenzkongress.com\/sl\/","name":"Alpen Adria Demenzkongress","description":"","publisher":{"@id":"https:\/\/www.demenzkongress.com\/sl\/#organization"},"potentialAction":[{"@type":"SearchAction","target":{"@type":"EntryPoint","urlTemplate":"https:\/\/www.demenzkongress.com\/sl\/?s={search_term_string}"},"query-input":{"@type":"PropertyValueSpecification","valueRequired":true,"valueName":"search_term_string"}}],"inLanguage":"sl-SI"},{"@type":"Organization","@id":"https:\/\/www.demenzkongress.com\/sl\/#organization","name":"Alpen Adria Demenkongress","url":"https:\/\/www.demenzkongress.com\/sl\/","logo":{"@type":"ImageObject","inLanguage":"sl-SI","@id":"https:\/\/www.demenzkongress.com\/sl\/#\/schema\/logo\/image\/","url":"https:\/\/www.demenzkongress.com\/wp-content\/uploads\/2018\/07\/tickera_logo.png","contentUrl":"https:\/\/www.demenzkongress.com\/wp-content\/uploads\/2018\/07\/tickera_logo.png","width":392,"height":88,"caption":"Alpen Adria Demenkongress"},"image":{"@id":"https:\/\/www.demenzkongress.com\/sl\/#\/schema\/logo\/image\/"}}]}},"_links":{"self":[{"href":"https:\/\/www.demenzkongress.com\/sl\/wp-json\/wp\/v2\/pages\/6176","targetHints":{"allow":["GET"]}}],"collection":[{"href":"https:\/\/www.demenzkongress.com\/sl\/wp-json\/wp\/v2\/pages"}],"about":[{"href":"https:\/\/www.demenzkongress.com\/sl\/wp-json\/wp\/v2\/types\/page"}],"author":[{"embeddable":true,"href":"https:\/\/www.demenzkongress.com\/sl\/wp-json\/wp\/v2\/users\/1"}],"replies":[{"embeddable":true,"href":"https:\/\/www.demenzkongress.com\/sl\/wp-json\/wp\/v2\/comments?post=6176"}],"version-history":[{"count":19,"href":"https:\/\/www.demenzkongress.com\/sl\/wp-json\/wp\/v2\/pages\/6176\/revisions"}],"predecessor-version":[{"id":7091,"href":"https:\/\/www.demenzkongress.com\/sl\/wp-json\/wp\/v2\/pages\/6176\/revisions\/7091"}],"wp:attachment":[{"href":"https:\/\/www.demenzkongress.com\/sl\/wp-json\/wp\/v2\/media?parent=6176"}],"curies":[{"name":"wp","href":"https:\/\/api.w.org\/{rel}","templated":true}]}}